{"id":16259,"date":"2018-10-24T13:58:03","date_gmt":"2018-10-24T11:58:03","guid":{"rendered":"https:\/\/www.alpha-b.fr\/politica-de-confidencialidad\/"},"modified":"2025-02-07T14:19:00","modified_gmt":"2025-02-07T13:19:00","slug":"politica-de-confidencialidad","status":"publish","type":"page","link":"https:\/\/www.alpha-b.fr\/es\/politica-de-confidencialidad\/","title":{"rendered":"Politica de confidencialidad"},"content":{"rendered":"<div class=\"flex max-w-full flex-col flex-grow\">\n<div class=\"min-h-8 text-message flex w-full flex-col items-end gap-2 whitespace-normal break-words text-start [.text-message+&amp;]:mt-5\" dir=\"auto\" data-message-author-role=\"assistant\" data-message-id=\"07104421-3304-466c-aeb0-5f6ea448fa06\" data-message-model-slug=\"gpt-4o\">\n<div class=\"flex w-full flex-col gap-1 empty:hidden first:pt-[3px]\">\n<div class=\"markdown prose w-full break-words dark:prose-invert light\">\n<h3>Pol\u00edtica de privacidad y RGPD \u2013 alpha.b (2025)<\/h3>\n<h4>\u00bfQui\u00e9nes somos?<\/h4>\n<p>Somos el <strong>Institut Linguistique alpha.b<\/strong>, ubicado en <strong>2 rue d\u2019Angleterre, 06000 Niza, Francia<\/strong>.<\/p>\n<ul>\n<li><strong>Sitio web<\/strong>: <a href=\"https:\/\/www.alpha-b.fr\" target=\"_new\" rel=\"noopener\">https:\/\/www.alpha-b.fr<\/a><\/li>\n<li><strong>Correo electr\u00f3nico<\/strong>: <a rel=\"noopener\">office@alpha-b.fr<\/a><\/li>\n<li><strong>Tel\u00e9fono<\/strong>: +33 493 160 036<\/li>\n<li><strong>SARL alpha.b \u2013 N\u00famero de SIRET<\/strong>: 410 542 328 00027<\/li>\n<\/ul>\n<h3>Recopilaci\u00f3n y uso de datos personales<\/h3>\n<h4>1. Comentarios<\/h4>\n<p>Cuando deja un comentario:<\/p>\n<ul>\n<li>Recopilamos los datos ingresados en el formulario, su direcci\u00f3n IP y el agente de usuario de su navegador para detectar comentarios no deseados.<\/li>\n<li>Se puede enviar una cadena anonimizada creada a partir de su direcci\u00f3n de correo electr\u00f3nico al servicio Gravatar (consulte su pol\u00edtica de privacidad).<\/li>\n<\/ul>\n<h4>2. Medios<\/h4>\n<p>Evite subir im\u00e1genes que contengan <strong>metadatos EXIF de localizaci\u00f3n<\/strong>, ya que los visitantes del sitio podr\u00edan extraerlos.<\/p>\n<h4>3. Formularios de contacto<\/h4>\n<p>Los datos que proporciona (nombre, correo electr\u00f3nico, n\u00famero de tel\u00e9fono, etc.) se utilizan \u00fanicamente para procesar su solicitud.<\/p>\n<h4>4. Cookies<\/h4>\n<p>Utilizamos cookies para:<\/p>\n<ul>\n<li>Guardar sus preferencias de navegaci\u00f3n.<\/li>\n<li>Mejorar su experiencia de usuario.<\/li>\n<\/ul>\n<p>Puede gestionar sus preferencias o desactivar las cookies en la configuraci\u00f3n de su navegador. Consulte nuestra <strong>pol\u00edtica de gesti\u00f3n de cookies<\/strong>.<\/p>\n<h4>5. Contenido integrado<\/h4>\n<p>Algunos art\u00edculos pueden incluir <strong>contenido integrado<\/strong> (v\u00eddeos, art\u00edculos, etc.). Estos contenidos funcionan como si visitara directamente los sitios de terceros. Consulte sus pol\u00edticas de privacidad.<\/p>\n<h4>6. Estad\u00edsticas y medici\u00f3n de audiencia<\/h4>\n<p>Utilizamos <strong>Google Analytics<\/strong> para analizar la audiencia del sitio. Los datos recopilados son anonimizados conforme a la normativa. Para m\u00e1s informaci\u00f3n, consulte <strong>Google Analytics Privacy Policy<\/strong>.<\/p>\n<h3>Transmisi\u00f3n y conservaci\u00f3n de datos<\/h3>\n<h4><strong>Duraci\u00f3n de conservaci\u00f3n<\/strong><\/h4>\n<ul>\n<li><strong>Comentarios<\/strong>: Se conservan indefinidamente para reconocer y aprobar autom\u00e1ticamente futuros comentarios.<\/li>\n<li><strong>Cuentas de usuario<\/strong>: Los datos personales de las cuentas se conservan mientras la cuenta est\u00e9 activa.<\/li>\n<\/ul>\n<h3><strong>Sus derechos<\/strong><\/h3>\n<p>De acuerdo con el <strong>RGPD<\/strong>, usted tiene derecho a:<\/p>\n<ul>\n<li>Acceder a sus datos personales.<\/li>\n<li>Solicitar su <strong>rectificaci\u00f3n, eliminaci\u00f3n o portabilidad<\/strong>.<\/li>\n<li>Limitar u oponerse a su tratamiento en determinadas condiciones.<\/li>\n<\/ul>\n<p>Para ejercer sus derechos, cont\u00e1ctenos en <strong><a rel=\"noopener\">office@alpha-b.fr<\/a><\/strong>.<\/p>\n<h3><strong>Transferencia de datos fuera de la UE<\/strong><\/h3>\n<p>Algunos datos pueden ser transferidos a <strong>proveedores fuera de la Uni\u00f3n Europea<\/strong>. Estas transferencias est\u00e1n reguladas mediante <strong>cl\u00e1usulas contractuales conformes al RGPD<\/strong>.<\/p>\n<h3><strong>Seguridad y gesti\u00f3n de incidentes<\/strong><\/h3>\n<p>Hemos implementado medidas <strong>t\u00e9cnicas y organizativas<\/strong> para proteger sus datos contra accesos no autorizados, p\u00e9rdida o destrucci\u00f3n accidental.<\/p>\n<p>En caso de <strong>violaci\u00f3n de datos<\/strong>, le informaremos en un plazo de <strong>72 horas<\/strong>, tal como exige la normativa.<\/p>\n<h3><strong>Servicios de terceros<\/strong><\/h3>\n<ul>\n<li><strong>Pagos en l\u00ednea<\/strong>: Seguros a trav\u00e9s de <strong>PayPal y Stripe<\/strong>.<\/li>\n<li><strong>Software de gesti\u00f3n<\/strong>: <strong>Fidelo<\/strong> para la administraci\u00f3n de inscripciones.<\/li>\n<li><strong>Marketing<\/strong>: <strong>Podia<\/strong> para la gesti\u00f3n de recursos pedag\u00f3gicos.<\/li>\n<\/ul>\n<h3><strong>Limitaci\u00f3n de responsabilidad<\/strong><\/h3>\n<p>En ning\u00fan caso los compromisos mencionados anteriormente sobre la notificaci\u00f3n de fallos de seguridad pueden interpretarse como un <strong>reconocimiento de culpa o responsabilidad<\/strong> sobre el incidente en cuesti\u00f3n.<\/p>\n<h3><strong>Jurisdicci\u00f3n y legislaci\u00f3n aplicable<\/strong><\/h3>\n<p>Esta pol\u00edtica se rige por el <strong>derecho franc\u00e9s<\/strong>. En caso de litigio, el tribunal competente ser\u00e1 el <strong>Tribunal de Niza<\/strong>.<\/p>\n<p>Solo la versi\u00f3n en <strong>franc\u00e9s<\/strong> de este documento tiene validez legal.<\/p>\n<p><em>Texto redactado el 15 de mayo de 2018 \u2013 \u00daltima actualizaci\u00f3n: 8 de enero de 2025<\/em><\/p>\n<\/div>\n<\/div>\n<\/div>\n<\/div>\n<div class=\"mb-2 flex gap-3 empty:hidden -ml-2\">\n<div class=\"items-center justify-start rounded-xl p-1 flex\">\n<div class=\"flex items-center\"><\/div>\n<\/div>\n<\/div>\n","protected":false},"excerpt":{"rendered":"<p>Pol\u00edtica de privacidad y RGPD \u2013 alpha.b (2025) \u00bfQui\u00e9nes somos? Somos el Institut Linguistique alpha.b, ubicado en 2 rue d\u2019Angleterre, 06000 Niza, Francia. Sitio web: https:\/\/www.alpha-b.fr Correo electr\u00f3nico: office@alpha-b.fr Tel\u00e9fono: +33 493 160 036 SARL alpha.b \u2013 N\u00famero de SIRET: 410 542 328 00027 Recopilaci\u00f3n y uso de datos personales 1. Comentarios Cuando deja un [&hellip;]<\/p>\n","protected":false},"author":2,"featured_media":0,"parent":0,"menu_order":0,"comment_status":"closed","ping_status":"closed","template":"","meta":{"_exactmetrics_skip_tracking":false,"_exactmetrics_sitenote_active":false,"_exactmetrics_sitenote_note":"","_exactmetrics_sitenote_category":0,"footnotes":""},"class_list":["post-16259","page","type-page","status-publish","hentry"],"yoast_head":"<!-- This site is optimized with the Yoast SEO plugin v27.5 - https:\/\/yoast.com\/product\/yoast-seo-wordpress\/ -->\n<title>Politica de confidencialidad | Alphab French school in France<\/title>\n<meta name=\"robots\" content=\"noindex, nofollow\" \/>\n<meta property=\"og:locale\" content=\"es_ES\" \/>\n<meta property=\"og:type\" content=\"article\" \/>\n<meta property=\"og:title\" content=\"Politica de confidencialidad | Alphab French school in France\" \/>\n<meta property=\"og:description\" content=\"Pol\u00edtica de privacidad y RGPD \u2013 alpha.b (2025) \u00bfQui\u00e9nes somos? Somos el Institut Linguistique alpha.b, ubicado en 2 rue d\u2019Angleterre, 06000 Niza, Francia. Sitio web: https:\/\/www.alpha-b.fr Correo electr\u00f3nico: office@alpha-b.fr Tel\u00e9fono: +33 493 160 036 SARL alpha.b \u2013 N\u00famero de SIRET: 410 542 328 00027 Recopilaci\u00f3n y uso de datos personales 1. Comentarios Cuando deja un [&hellip;]\" \/>\n<meta property=\"og:url\" content=\"https:\/\/www.alpha-b.fr\/es\/politica-de-confidencialidad\/\" \/>\n<meta property=\"og:site_name\" content=\"Alphab French school in France\" \/>\n<meta property=\"article:publisher\" content=\"https:\/\/www.facebook.com\/AlphabCoursDeFrancais\/\" \/>\n<meta property=\"article:modified_time\" content=\"2025-02-07T13:19:00+00:00\" \/>\n<meta name=\"twitter:card\" content=\"summary_large_image\" \/>\n<meta name=\"twitter:site\" content=\"@alphab_Live\" \/>\n<meta name=\"twitter:label1\" content=\"Est. reading time\" \/>\n\t<meta name=\"twitter:data1\" content=\"3 minutes\" \/>\n<script type=\"application\/ld+json\" class=\"yoast-schema-graph\">{\"@context\":\"https:\\\/\\\/schema.org\",\"@graph\":[{\"@type\":\"WebPage\",\"@id\":\"https:\\\/\\\/www.alpha-b.fr\\\/es\\\/politica-de-confidencialidad\\\/\",\"url\":\"https:\\\/\\\/www.alpha-b.fr\\\/es\\\/politica-de-confidencialidad\\\/\",\"name\":\"Politica de confidencialidad | Alphab French school in France\",\"isPartOf\":{\"@id\":\"https:\\\/\\\/www.alpha-b.fr\\\/es\\\/#website\"},\"datePublished\":\"2018-10-24T11:58:03+00:00\",\"dateModified\":\"2025-02-07T13:19:00+00:00\",\"breadcrumb\":{\"@id\":\"https:\\\/\\\/www.alpha-b.fr\\\/es\\\/politica-de-confidencialidad\\\/#breadcrumb\"},\"inLanguage\":\"es-ES\",\"potentialAction\":[{\"@type\":\"ReadAction\",\"target\":[\"https:\\\/\\\/www.alpha-b.fr\\\/es\\\/politica-de-confidencialidad\\\/\"]}]},{\"@type\":\"BreadcrumbList\",\"@id\":\"https:\\\/\\\/www.alpha-b.fr\\\/es\\\/politica-de-confidencialidad\\\/#breadcrumb\",\"itemListElement\":[{\"@type\":\"ListItem\",\"position\":1,\"name\":\"Accueil\",\"item\":\"https:\\\/\\\/www.alpha-b.fr\\\/es\\\/ecole-de-francais\\\/\"},{\"@type\":\"ListItem\",\"position\":2,\"name\":\"Politica de confidencialidad\"}]},{\"@type\":\"WebSite\",\"@id\":\"https:\\\/\\\/www.alpha-b.fr\\\/es\\\/#website\",\"url\":\"https:\\\/\\\/www.alpha-b.fr\\\/es\\\/\",\"name\":\"Alphab French school in France\",\"description\":\"Le fran\u00e7ais autrement \ud83c\uddeb\ud83c\uddf7\",\"publisher\":{\"@id\":\"https:\\\/\\\/www.alpha-b.fr\\\/es\\\/#organization\"},\"potentialAction\":[{\"@type\":\"SearchAction\",\"target\":{\"@type\":\"EntryPoint\",\"urlTemplate\":\"https:\\\/\\\/www.alpha-b.fr\\\/es\\\/?s={search_term_string}\"},\"query-input\":{\"@type\":\"PropertyValueSpecification\",\"valueRequired\":true,\"valueName\":\"search_term_string\"}}],\"inLanguage\":\"es-ES\"},{\"@type\":\"Organization\",\"@id\":\"https:\\\/\\\/www.alpha-b.fr\\\/es\\\/#organization\",\"name\":\"Institut linguistique alpha-b\",\"url\":\"https:\\\/\\\/www.alpha-b.fr\\\/es\\\/\",\"logo\":{\"@type\":\"ImageObject\",\"inLanguage\":\"es-ES\",\"@id\":\"https:\\\/\\\/www.alpha-b.fr\\\/es\\\/#\\\/schema\\\/logo\\\/image\\\/\",\"url\":\"https:\\\/\\\/www.alpha-b.fr\\\/wp-content\\\/uploads\\\/2017\\\/05\\\/logoalphab.png\",\"contentUrl\":\"https:\\\/\\\/www.alpha-b.fr\\\/wp-content\\\/uploads\\\/2017\\\/05\\\/logoalphab.png\",\"width\":157,\"height\":92,\"caption\":\"Institut linguistique alpha-b\"},\"image\":{\"@id\":\"https:\\\/\\\/www.alpha-b.fr\\\/es\\\/#\\\/schema\\\/logo\\\/image\\\/\"},\"sameAs\":[\"https:\\\/\\\/www.facebook.com\\\/AlphabCoursDeFrancais\\\/\",\"https:\\\/\\\/x.com\\\/alphab_Live\",\"https:\\\/\\\/www.instagram.com\\\/alphabfrenchschool\\\/\",\"https:\\\/\\\/www.tiktok.com\\\/@alphabfrenchschool\"]}]}<\/script>\n<!-- \/ Yoast SEO plugin. -->","yoast_head_json":{"title":"Politica de confidencialidad | Alphab French school in France","robots":{"index":"noindex","follow":"nofollow"},"og_locale":"es_ES","og_type":"article","og_title":"Politica de confidencialidad | Alphab French school in France","og_description":"Pol\u00edtica de privacidad y RGPD \u2013 alpha.b (2025) \u00bfQui\u00e9nes somos? Somos el Institut Linguistique alpha.b, ubicado en 2 rue d\u2019Angleterre, 06000 Niza, Francia. Sitio web: https:\/\/www.alpha-b.fr Correo electr\u00f3nico: office@alpha-b.fr Tel\u00e9fono: +33 493 160 036 SARL alpha.b \u2013 N\u00famero de SIRET: 410 542 328 00027 Recopilaci\u00f3n y uso de datos personales 1. Comentarios Cuando deja un [&hellip;]","og_url":"https:\/\/www.alpha-b.fr\/es\/politica-de-confidencialidad\/","og_site_name":"Alphab French school in France","article_publisher":"https:\/\/www.facebook.com\/AlphabCoursDeFrancais\/","article_modified_time":"2025-02-07T13:19:00+00:00","twitter_card":"summary_large_image","twitter_site":"@alphab_Live","twitter_misc":{"Est. reading time":"3 minutes"},"schema":{"@context":"https:\/\/schema.org","@graph":[{"@type":"WebPage","@id":"https:\/\/www.alpha-b.fr\/es\/politica-de-confidencialidad\/","url":"https:\/\/www.alpha-b.fr\/es\/politica-de-confidencialidad\/","name":"Politica de confidencialidad | Alphab French school in France","isPartOf":{"@id":"https:\/\/www.alpha-b.fr\/es\/#website"},"datePublished":"2018-10-24T11:58:03+00:00","dateModified":"2025-02-07T13:19:00+00:00","breadcrumb":{"@id":"https:\/\/www.alpha-b.fr\/es\/politica-de-confidencialidad\/#breadcrumb"},"inLanguage":"es-ES","potentialAction":[{"@type":"ReadAction","target":["https:\/\/www.alpha-b.fr\/es\/politica-de-confidencialidad\/"]}]},{"@type":"BreadcrumbList","@id":"https:\/\/www.alpha-b.fr\/es\/politica-de-confidencialidad\/#breadcrumb","itemListElement":[{"@type":"ListItem","position":1,"name":"Accueil","item":"https:\/\/www.alpha-b.fr\/es\/ecole-de-francais\/"},{"@type":"ListItem","position":2,"name":"Politica de confidencialidad"}]},{"@type":"WebSite","@id":"https:\/\/www.alpha-b.fr\/es\/#website","url":"https:\/\/www.alpha-b.fr\/es\/","name":"Alphab French school in France","description":"Le fran\u00e7ais autrement \ud83c\uddeb\ud83c\uddf7","publisher":{"@id":"https:\/\/www.alpha-b.fr\/es\/#organization"},"potentialAction":[{"@type":"SearchAction","target":{"@type":"EntryPoint","urlTemplate":"https:\/\/www.alpha-b.fr\/es\/?s={search_term_string}"},"query-input":{"@type":"PropertyValueSpecification","valueRequired":true,"valueName":"search_term_string"}}],"inLanguage":"es-ES"},{"@type":"Organization","@id":"https:\/\/www.alpha-b.fr\/es\/#organization","name":"Institut linguistique alpha-b","url":"https:\/\/www.alpha-b.fr\/es\/","logo":{"@type":"ImageObject","inLanguage":"es-ES","@id":"https:\/\/www.alpha-b.fr\/es\/#\/schema\/logo\/image\/","url":"https:\/\/www.alpha-b.fr\/wp-content\/uploads\/2017\/05\/logoalphab.png","contentUrl":"https:\/\/www.alpha-b.fr\/wp-content\/uploads\/2017\/05\/logoalphab.png","width":157,"height":92,"caption":"Institut linguistique alpha-b"},"image":{"@id":"https:\/\/www.alpha-b.fr\/es\/#\/schema\/logo\/image\/"},"sameAs":["https:\/\/www.facebook.com\/AlphabCoursDeFrancais\/","https:\/\/x.com\/alphab_Live","https:\/\/www.instagram.com\/alphabfrenchschool\/","https:\/\/www.tiktok.com\/@alphabfrenchschool"]}]}},"_links":{"self":[{"href":"https:\/\/www.alpha-b.fr\/es\/wp-json\/wp\/v2\/pages\/16259","targetHints":{"allow":["GET"]}}],"collection":[{"href":"https:\/\/www.alpha-b.fr\/es\/wp-json\/wp\/v2\/pages"}],"about":[{"href":"https:\/\/www.alpha-b.fr\/es\/wp-json\/wp\/v2\/types\/page"}],"author":[{"embeddable":true,"href":"https:\/\/www.alpha-b.fr\/es\/wp-json\/wp\/v2\/users\/2"}],"replies":[{"embeddable":true,"href":"https:\/\/www.alpha-b.fr\/es\/wp-json\/wp\/v2\/comments?post=16259"}],"version-history":[{"count":0,"href":"https:\/\/www.alpha-b.fr\/es\/wp-json\/wp\/v2\/pages\/16259\/revisions"}],"wp:attachment":[{"href":"https:\/\/www.alpha-b.fr\/es\/wp-json\/wp\/v2\/media?parent=16259"}],"curies":[{"name":"wp","href":"https:\/\/api.w.org\/{rel}","templated":true}]}}