{"id":15397,"date":"2018-09-27T14:38:49","date_gmt":"2018-09-27T12:38:49","guid":{"rendered":"https:\/\/www.alpha-b.fr\/fqa\/"},"modified":"2025-01-27T14:18:46","modified_gmt":"2025-01-27T13:18:46","slug":"fqa","status":"publish","type":"page","link":"https:\/\/www.alpha-b.fr\/es\/fqa\/","title":{"rendered":"FQA"},"content":{"rendered":"<div id='full_slider_1'  class='avia-fullwidth-slider main_color avia-shadow   avia-builder-el-0  el_before_av_heading  avia-builder-el-first   container_wrap sidebar_right'  >\n<style type=\"text\/css\" data-created_by=\"avia_inline_auto\" id=\"style-css-av-1u1xcxn-6319a2a1451b4c4fd7c2b8f96b5a7847\">\n#top #wrap_all .avia-slideshow .av-slideshow-caption.av-1u1xcxn-6319a2a1451b4c4fd7c2b8f96b5a7847__0 .avia-caption-title{\nfont-size:60px;\n}\n\n@media only screen and (max-width: 479px){ \n#top #wrap_all .avia-slideshow .av-slideshow-caption.av-1u1xcxn-6319a2a1451b4c4fd7c2b8f96b5a7847__0 .avia-caption-title{\nfont-size:20px;\n}\n}\n<\/style>\n<div  class='avia-slideshow av-1u1xcxn-6319a2a1451b4c4fd7c2b8f96b5a7847 avia-slideshow-featured_large av_slideshow_full avia-slide-slider av-slideshow-ui av-control-default av-slideshow-manual av-loop-once av-loop-manual-endless av-default-height-applied   avia-slideshow-1' data-slideshow-options=\"{&quot;animation&quot;:&quot;slide&quot;,&quot;autoplay&quot;:false,&quot;loop_autoplay&quot;:&quot;once&quot;,&quot;interval&quot;:5,&quot;loop_manual&quot;:&quot;manual-endless&quot;,&quot;autoplay_stopper&quot;:false,&quot;noNavigation&quot;:false,&quot;bg_slider&quot;:false,&quot;keep_padding&quot;:false,&quot;hoverpause&quot;:false,&quot;show_slide_delay&quot;:0}\"  itemprop=\"image\" itemscope=\"itemscope\" itemtype=\"https:\/\/schema.org\/ImageObject\" ><ul class='avia-slideshow-inner ' style='padding-bottom: 42%;'><li  class='avia-slideshow-slide av-1u1xcxn-6319a2a1451b4c4fd7c2b8f96b5a7847__0  av-single-slide slide-1 slide-odd'><div data-rel='slideshow-1' class='avia-slide-wrap '   ><div class='av-slideshow-caption av-1u1xcxn-6319a2a1451b4c4fd7c2b8f96b5a7847__0 caption_fullwidth caption_left caption_left_framed caption_framed'><div class=\"container caption_container\"><div class=\"slideshow_caption\"><div class=\"slideshow_inner_caption\"><div class=\"slideshow_align_caption\"><h2 class='avia-caption-title '  itemprop=\"name\" >FQA<\/h2><\/div><\/div><\/div><\/div><\/div><img decoding=\"async\" fetchpriority=\"high\" class=\"wp-image-31284 avia-img-lazy-loading-not-31284\"  src=\"https:\/\/www.alpha-b.fr\/wp-content\/uploads\/2024\/11\/best-french-language-school-1500x630.webp\" width=\"1500\" height=\"630\" title='best-french-language-school' alt='Best French language school in Nice '  itemprop=\"thumbnailUrl\"   \/><\/div><\/li><\/ul><\/div><\/div><div id='after_full_slider_1'  class='main_color av_default_container_wrap container_wrap sidebar_right'  ><div class='container av-section-cont-open' ><div class='template-page content  av-content-small alpha units'><div class='post-entry post-entry-type-page post-entry-15397'><div class='entry-content-wrapper clearfix'>\n\n<style type=\"text\/css\" data-created_by=\"avia_inline_auto\" id=\"style-css-av-7g8pp7-fa204b723f28e14174793995a4555b09\">\n#top .av-special-heading.av-7g8pp7-fa204b723f28e14174793995a4555b09{\npadding-bottom:0;\nfont-size:30px;\n}\nbody .av-special-heading.av-7g8pp7-fa204b723f28e14174793995a4555b09 .av-special-heading-tag .heading-char{\nfont-size:25px;\n}\n#top #wrap_all .av-special-heading.av-7g8pp7-fa204b723f28e14174793995a4555b09 .av-special-heading-tag{\nfont-size:30px;\n}\n.av-special-heading.av-7g8pp7-fa204b723f28e14174793995a4555b09 .av-subheading{\nfont-size:10px;\n}\n\n@media only screen and (min-width: 480px) and (max-width: 767px){ \n#top #wrap_all .av-special-heading.av-7g8pp7-fa204b723f28e14174793995a4555b09 .av-special-heading-tag{\nfont-size:0.8em;\n}\n}\n\n@media only screen and (max-width: 479px){ \n#top #wrap_all .av-special-heading.av-7g8pp7-fa204b723f28e14174793995a4555b09 .av-special-heading-tag{\nfont-size:0.8em;\n}\n}\n<\/style>\n<div  class='av-special-heading av-7g8pp7-fa204b723f28e14174793995a4555b09 av-special-heading-h2 blockquote modern-quote  avia-builder-el-1  el_after_av_slideshow_full  el_before_av_toggle_container  avia-builder-el-first  av-inherit-size'><h2 class='av-special-heading-tag '  itemprop=\"headline\"  >A prop\u00f3sito de la escuela <\/h2><div class=\"special-heading-border\"><div class=\"special-heading-inner-border\"><\/div><\/div><\/div>\n<div  class='togglecontainer av-1kvwkln-ad4cddfba511dda989b125ccc5ae7d70  avia-builder-el-2  el_after_av_heading  el_before_av_heading  toggle_close_all' >\n<section class='av_toggle_section av-1k0eqp7-f11d6b6ae311dec8ce46032d726147ea'  itemscope=\"itemscope\" itemtype=\"https:\/\/schema.org\/CreativeWork\" ><div role=\"tablist\" class=\"single_toggle\" data-tags=\"{Todo} {Instalaci\u00f3n} {Misc} \"  ><p id='toggle-toggle-id-1' data-fake-id='#toggle-id-1' class='toggler  av-title-above '  itemprop=\"headline\"  role='tab' tabindex='0' aria-controls='toggle-id-1' data-slide-speed=\"200\" data-title=\"\u00bfA qu\u00e9 hora comienza el curso el primer dia ?\" data-title-open=\"\" data-aria_collapsed=\"Click to expand: \u00bfA qu\u00e9 hora comienza el curso el primer dia ?\" data-aria_expanded=\"Click to collapse: \u00bfA qu\u00e9 hora comienza el curso el primer dia ?\">\u00bfA qu\u00e9 hora comienza el curso el primer dia ?<span class=\"toggle_icon\"><span class=\"vert_icon\"><\/span><span class=\"hor_icon\"><\/span><\/span><\/p><div id='toggle-id-1' aria-labelledby='toggle-toggle-id-1' role='region' class='toggle_wrap  av-title-above'  ><div class='toggle_content invers-color '  itemprop=\"text\" ><p>El primer d\u00eda, tu prueba de nivel comienza a las 8:45. Puedes llegar a la escuela a partir de las 8:30.<\/p>\n<\/div><\/div><\/div><\/section>\n<section class='av_toggle_section av-1h8j297-fb213665194d84f6e6a1d0e3c216087e'  itemscope=\"itemscope\" itemtype=\"https:\/\/schema.org\/CreativeWork\" ><div role=\"tablist\" class=\"single_toggle\" data-tags=\"{Todo} {Instalaci\u00f3n} \"  ><p id='toggle-toggle-id-2' data-fake-id='#toggle-id-2' class='toggler  av-title-above '  itemprop=\"headline\"  role='tab' tabindex='0' aria-controls='toggle-id-2' data-slide-speed=\"200\" data-title=\"\u00bf Como llegar a la escuela el primer dia ?\" data-title-open=\"\" data-aria_collapsed=\"Click to expand: \u00bf Como llegar a la escuela el primer dia ?\" data-aria_expanded=\"Click to collapse: \u00bf Como llegar a la escuela el primer dia ?\">\u00bf Como llegar a la escuela el primer dia ?<span class=\"toggle_icon\"><span class=\"vert_icon\"><\/span><span class=\"hor_icon\"><\/span><\/span><\/p><div id='toggle-id-2' aria-labelledby='toggle-toggle-id-2' role='region' class='toggle_wrap  av-title-above'  ><div class='toggle_content invers-color '  itemprop=\"text\" ><p>Para llegar a la escuela, consulta los documentos que te habr\u00e1n sido enviados por la oficina de inscripciones del Instituto Alpha.b. En caso de duda, no dudes en preguntar a tu familia de acogida o en tu residencia hotelera, quienes podr\u00e1n orientarte. En cualquier caso, debes saber que el Instituto es muy f\u00e1cilmente accesible en autob\u00fas, tranv\u00eda o a pie.<\/p>\n\n<\/div><\/div><\/div><\/section>\n<section class='av_toggle_section av-1g61dzv-53f61cc6caf4e5c005d42f17f1693152'  itemscope=\"itemscope\" itemtype=\"https:\/\/schema.org\/CreativeWork\" ><div role=\"tablist\" class=\"single_toggle\" data-tags=\"{Todo} {Pricing} {Misc} \"  ><p id='toggle-toggle-id-3' data-fake-id='#toggle-id-3' class='toggler  av-title-above '  itemprop=\"headline\"  role='tab' tabindex='0' aria-controls='toggle-id-3' data-slide-speed=\"200\" data-title=\"\u00bf Cual es el horario de la escuela ?\" data-title-open=\"\" data-aria_collapsed=\"Click to expand: \u00bf Cual es el horario de la escuela ?\" data-aria_expanded=\"Click to collapse: \u00bf Cual es el horario de la escuela ?\">\u00bf Cual es el horario de la escuela ?<span class=\"toggle_icon\"><span class=\"vert_icon\"><\/span><span class=\"hor_icon\"><\/span><\/span><\/p><div id='toggle-id-3' aria-labelledby='toggle-toggle-id-3' role='region' class='toggle_wrap  av-title-above'  ><div class='toggle_content invers-color '  itemprop=\"text\" ><p>Nuestros cursos continuos se llevan a cabo de lunes a viernes de 8:45 a 12:00 o de 15:30 a 18:45 en temporada alta.<\/p>\n<p>Los cursos intensivos o individuales comienzan a las 13:15 por la tarde.<\/p>\n<\/div><\/div><\/div><\/section>\n<section class='av_toggle_section av-1ekz7dn-3819a74e754f43884de20d35889c6d7d'  itemscope=\"itemscope\" itemtype=\"https:\/\/schema.org\/CreativeWork\" ><div role=\"tablist\" class=\"single_toggle\" data-tags=\"{Todo} {Pricing} \"  ><p id='toggle-toggle-id-4' data-fake-id='#toggle-id-4' class='toggler  av-title-above '  itemprop=\"headline\"  role='tab' tabindex='0' aria-controls='toggle-id-4' data-slide-speed=\"200\" data-title=\"\u00bf Puedo elegir entre el curso de la ma\u00f1ana o de la tarde ?\" data-title-open=\"\" data-aria_collapsed=\"Click to expand: \u00bf Puedo elegir entre el curso de la ma\u00f1ana o de la tarde ?\" data-aria_expanded=\"Click to collapse: \u00bf Puedo elegir entre el curso de la ma\u00f1ana o de la tarde ?\">\u00bf Puedo elegir entre el curso de la ma\u00f1ana o de la tarde ?<span class=\"toggle_icon\"><span class=\"vert_icon\"><\/span><span class=\"hor_icon\"><\/span><\/span><\/p><div id='toggle-id-4' aria-labelledby='toggle-toggle-id-4' role='region' class='toggle_wrap  av-title-above'  ><div class='toggle_content invers-color '  itemprop=\"text\" ><p>Durante la temporada alta, el curso continuo puede realizarse de 15:30 a 18:45. Seg\u00fan tu prueba al llegar, ser\u00e1s asignado a una clase de tu nivel, ya sea por la ma\u00f1ana o por la tarde.<\/p>\n<p>Para tus clases individuales, puedes comunicarnos tus preferencias y haremos lo posible por satisfacerlas.<\/p>\n<\/div><\/div><\/div><\/section>\n<section class='av_toggle_section av-1dhkiuj-fc3d49e12bdde8157d8c78e2e7ef2a6c'  itemscope=\"itemscope\" itemtype=\"https:\/\/schema.org\/CreativeWork\" ><div role=\"tablist\" class=\"single_toggle\" data-tags=\"{Todo} {Instalaci\u00f3n} {Misc} \"  ><p id='toggle-toggle-id-5' data-fake-id='#toggle-id-5' class='toggler  av-title-above '  itemprop=\"headline\"  role='tab' tabindex='0' aria-controls='toggle-id-5' data-slide-speed=\"200\" data-title=\"Una vez en la escuela, \u00bfPuedo cambiar el tipo de Curso ?\" data-title-open=\"\" data-aria_collapsed=\"Click to expand: Una vez en la escuela, \u00bfPuedo cambiar el tipo de Curso ?\" data-aria_expanded=\"Click to collapse: Una vez en la escuela, \u00bfPuedo cambiar el tipo de Curso ?\">Una vez en la escuela, \u00bfPuedo cambiar el tipo de Curso ?<span class=\"toggle_icon\"><span class=\"vert_icon\"><\/span><span class=\"hor_icon\"><\/span><\/span><\/p><div id='toggle-id-5' aria-labelledby='toggle-toggle-id-5' role='region' class='toggle_wrap  av-title-above'  ><div class='toggle_content invers-color '  itemprop=\"text\" ><p>Cuando reservas y comienzas un Curso Continuo (20 lecciones\/semana), puedes cambiar a un curso intensivo (28 lecciones\/semana) o combinado (20+4 o 20+8 lecciones\/semana) seg\u00fan disponibilidad y abonando la diferencia de precio.<\/p>\n<\/div><\/div><\/div><\/section>\n<section class='av_toggle_section av-7ohcpn-676efd8c65b6ec327151425d5b14bced'  itemscope=\"itemscope\" itemtype=\"https:\/\/schema.org\/CreativeWork\" ><div role=\"tablist\" class=\"single_toggle\" data-tags=\"{Todo} {Pre Sales} \"  ><p id='toggle-toggle-id-6' data-fake-id='#toggle-id-6' class='toggler  av-title-above '  itemprop=\"headline\"  role='tab' tabindex='0' aria-controls='toggle-id-6' data-slide-speed=\"200\" data-title=\"\u00bfQu\u00e9 material debo llevar para hacer el curso?\" data-title-open=\"\" data-aria_collapsed=\"Click to expand: \u00bfQu\u00e9 material debo llevar para hacer el curso?\" data-aria_expanded=\"Click to collapse: \u00bfQu\u00e9 material debo llevar para hacer el curso?\">\u00bfQu\u00e9 material debo llevar para hacer el curso?<span class=\"toggle_icon\"><span class=\"vert_icon\"><\/span><span class=\"hor_icon\"><\/span><\/span><\/p><div id='toggle-id-6' aria-labelledby='toggle-toggle-id-6' role='region' class='toggle_wrap  av-title-above'  ><div class='toggle_content invers-color '  itemprop=\"text\" ><p><strong>Material necesario<\/strong><br \/>\n\u00a1Papel y un bol\u00edgrafo! Un diccionario tambi\u00e9n puede ser \u00fatil.<br \/>\nPara tu primer d\u00eda de clases, te ofrecemos acceso a nuestro <strong>alpha.book<\/strong>, el libro de gram\u00e1tica creado por nuestros profesores, en su versi\u00f3n digital.<\/p>\n<p>Todos los dem\u00e1s documentos son proporcionados por la escuela: copias de documentos aut\u00e9nticos*, peri\u00f3dicos, etc.<br \/>\n<em>(*El Instituto Linguistique Alpha.b paga un derecho de copia al C.F.C. \u2013 Centro Franc\u00e9s de Explotaci\u00f3n del Derecho de Copia).<\/em><\/p>\n<p>Tambi\u00e9n puedes traer tu ordenador port\u00e1til y conectarte gratuitamente a nuestra red WIFI.<\/p>\n<\/div><\/div><\/div><\/section>\n<section class='av_toggle_section av-6amq8b-c7ca1952b4556a52642c6d887173392b'  itemscope=\"itemscope\" itemtype=\"https:\/\/schema.org\/CreativeWork\" ><div role=\"tablist\" class=\"single_toggle\" data-tags=\"{Todo} {Instalaci\u00f3n} {Pre Sales} \"  ><p id='toggle-toggle-id-7' data-fake-id='#toggle-id-7' class='toggler  av-title-above '  itemprop=\"headline\"  role='tab' tabindex='0' aria-controls='toggle-id-7' data-slide-speed=\"200\" data-title=\"\u00bfQu\u00e9 tipo de certificado voy a recibir al final de mi estancia ?\" data-title-open=\"\" data-aria_collapsed=\"Click to expand: \u00bfQu\u00e9 tipo de certificado voy a recibir al final de mi estancia ?\" data-aria_expanded=\"Click to collapse: \u00bfQu\u00e9 tipo de certificado voy a recibir al final de mi estancia ?\">\u00bfQu\u00e9 tipo de certificado voy a recibir al final de mi estancia ?<span class=\"toggle_icon\"><span class=\"vert_icon\"><\/span><span class=\"hor_icon\"><\/span><\/span><\/p><div id='toggle-id-7' aria-labelledby='toggle-toggle-id-7' role='region' class='toggle_wrap  av-title-above'  ><div class='toggle_content invers-color '  itemprop=\"text\" ><p><strong>Alpha.b proporciona a todos sus estudiantes un certificado de escolaridad<\/strong> que incluye la duraci\u00f3n de su estancia, el n\u00famero de cursos realizados y su nivel.<\/p>\n<p>Los estudiantes menores de edad reciben un certificado de asistencia.<\/p>\n<\/div><\/div><\/div><\/section>\n<\/div>\n\n<style type=\"text\/css\" data-created_by=\"avia_inline_auto\" id=\"style-css-av-6hwfiz-e44c3a0e531ee248f41d2fba338e5729\">\n#top .av-special-heading.av-6hwfiz-e44c3a0e531ee248f41d2fba338e5729{\npadding-bottom:0;\nfont-size:30px;\n}\nbody .av-special-heading.av-6hwfiz-e44c3a0e531ee248f41d2fba338e5729 .av-special-heading-tag .heading-char{\nfont-size:25px;\n}\n#top #wrap_all .av-special-heading.av-6hwfiz-e44c3a0e531ee248f41d2fba338e5729 .av-special-heading-tag{\nfont-size:30px;\n}\n.av-special-heading.av-6hwfiz-e44c3a0e531ee248f41d2fba338e5729 .av-subheading{\nfont-size:10px;\n}\n\n@media only screen and (min-width: 480px) and (max-width: 767px){ \n#top #wrap_all .av-special-heading.av-6hwfiz-e44c3a0e531ee248f41d2fba338e5729 .av-special-heading-tag{\nfont-size:0.8em;\n}\n}\n\n@media only screen and (max-width: 479px){ \n#top #wrap_all .av-special-heading.av-6hwfiz-e44c3a0e531ee248f41d2fba338e5729 .av-special-heading-tag{\nfont-size:0.8em;\n}\n}\n<\/style>\n<div  class='av-special-heading av-6hwfiz-e44c3a0e531ee248f41d2fba338e5729 av-special-heading-h2 blockquote modern-quote  avia-builder-el-3  el_after_av_toggle_container  el_before_av_toggle_container  av-inherit-size'><h2 class='av-special-heading-tag '  itemprop=\"headline\"  >A proposito del alojamiento<\/h2><div class=\"special-heading-border\"><div class=\"special-heading-inner-border\"><\/div><\/div><\/div>\n<div  class='togglecontainer av-12uyaxn-6139a1f2f90bb89f42cdfeabbfe37a54  avia-builder-el-4  el_after_av_heading  el_before_av_heading  toggle_close_all' >\n<section class='av_toggle_section av-10qztkr-931c61761bd544a03865d4f3a1b8188d'  itemscope=\"itemscope\" itemtype=\"https:\/\/schema.org\/CreativeWork\" ><div role=\"tablist\" class=\"single_toggle\" data-tags=\"{Todo} {Instalaci\u00f3n} {Misc} \"  ><p id='toggle-toggle-id-8' data-fake-id='#toggle-id-8' class='toggler  av-title-above '  itemprop=\"headline\"  role='tab' tabindex='0' aria-controls='toggle-id-8' data-slide-speed=\"200\" data-title=\"\u00bfCuando debo reservar mi alojamiento ?\" data-title-open=\"\" data-aria_collapsed=\"Click to expand: \u00bfCuando debo reservar mi alojamiento ?\" data-aria_expanded=\"Click to collapse: \u00bfCuando debo reservar mi alojamiento ?\">\u00bfCuando debo reservar mi alojamiento ?<span class=\"toggle_icon\"><span class=\"vert_icon\"><\/span><span class=\"hor_icon\"><\/span><\/span><\/p><div id='toggle-id-8' aria-labelledby='toggle-toggle-id-8' role='region' class='toggle_wrap  av-title-above'  ><div class='toggle_content invers-color '  itemprop=\"text\" ><p>Nuestro consejo es reservar lo antes posible, ya que, seg\u00fan la f\u00f3rmula elegida, las plazas disponibles se reducen entre 3 y 4 semanas antes del inicio de la estancia.<\/p>\n<\/div><\/div><\/div><\/section>\n<section class='av_toggle_section av-zcpz97-53dd137df7775d20f9768c2befc8f5cb'  itemscope=\"itemscope\" itemtype=\"https:\/\/schema.org\/CreativeWork\" ><div role=\"tablist\" class=\"single_toggle\" data-tags=\"{Todo} {Instalaci\u00f3n} \"  ><p id='toggle-toggle-id-9' data-fake-id='#toggle-id-9' class='toggler  av-title-above '  itemprop=\"headline\"  role='tab' tabindex='0' aria-controls='toggle-id-9' data-slide-speed=\"200\" data-title=\"En Familia de acogida, \u00bfest\u00e1 incluida la comida?\" data-title-open=\"\" data-aria_collapsed=\"Click to expand: En Familia de acogida, \u00bfest\u00e1 incluida la comida?\" data-aria_expanded=\"Click to collapse: En Familia de acogida, \u00bfest\u00e1 incluida la comida?\">En Familia de acogida, \u00bfest\u00e1 incluida la comida?<span class=\"toggle_icon\"><span class=\"vert_icon\"><\/span><span class=\"hor_icon\"><\/span><\/span><\/p><div id='toggle-id-9' aria-labelledby='toggle-toggle-id-9' role='region' class='toggle_wrap  av-title-above'  ><div class='toggle_content invers-color '  itemprop=\"text\" ><p>No, y tampoco est\u00e1 previsto en las condiciones generales que el estudiante utilice la cocina. Puedes comprar bebidas fr\u00edas y calientes en el instituto Alpha.b, adem\u00e1s de comer en los bares y restaurantes cercanos a la escuela, con precios entre 5 y 15 \u20ac. Te proporcionaremos toda la informaci\u00f3n el d\u00eda de tu llegada y durante nuestra visita gratuita por Niza.<\/p>\n<\/div><\/div><\/div><\/section>\n<section class='av_toggle_section av-y77myj-69a992714070ee6003948e3a8f8a3669'  itemscope=\"itemscope\" itemtype=\"https:\/\/schema.org\/CreativeWork\" ><div role=\"tablist\" class=\"single_toggle\" data-tags=\"{Todo} {Pricing} {Misc} \"  ><p id='toggle-toggle-id-10' data-fake-id='#toggle-id-10' class='toggler  av-title-above '  itemprop=\"headline\"  role='tab' tabindex='0' aria-controls='toggle-id-10' data-slide-speed=\"200\" data-title=\"\u00bfLa familia de acogida toma el desayuno conmigo ?\" data-title-open=\"\" data-aria_collapsed=\"Click to expand: \u00bfLa familia de acogida toma el desayuno conmigo ?\" data-aria_expanded=\"Click to collapse: \u00bfLa familia de acogida toma el desayuno conmigo ?\">\u00bfLa familia de acogida toma el desayuno conmigo ?<span class=\"toggle_icon\"><span class=\"vert_icon\"><\/span><span class=\"hor_icon\"><\/span><\/span><\/p><div id='toggle-id-10' aria-labelledby='toggle-toggle-id-10' role='region' class='toggle_wrap  av-title-above'  ><div class='toggle_content invers-color '  itemprop=\"text\" ><p>Dependiendo del horario de cada uno (trabajo, hijos, etc.), el desayuno puede tomarse de manera individual. Sin embargo, la cena se toma en familia.<\/p>\n<\/div><\/div><\/div><\/section>\n<section class='av_toggle_section av-2rktqj-56e5449f5a8956fd508eb50143711c66'  itemscope=\"itemscope\" itemtype=\"https:\/\/schema.org\/CreativeWork\" ><div role=\"tablist\" class=\"single_toggle\" data-tags=\"{Todo} {Instalaci\u00f3n} {Pre Sales} \"  ><p id='toggle-toggle-id-11' data-fake-id='#toggle-id-11' class='toggler  av-title-above '  itemprop=\"headline\"  role='tab' tabindex='0' aria-controls='toggle-id-11' data-slide-speed=\"200\" data-title=\"\u00bf Puedo ir a una familia de acogida si soy vegetariano, vegano o sin gluten ?\" data-title-open=\"\" data-aria_collapsed=\"Click to expand: \u00bf Puedo ir a una familia de acogida si soy vegetariano, vegano o sin gluten ?\" data-aria_expanded=\"Click to collapse: \u00bf Puedo ir a una familia de acogida si soy vegetariano, vegano o sin gluten ?\">\u00bf Puedo ir a una familia de acogida si soy vegetariano, vegano o sin gluten ?<span class=\"toggle_icon\"><span class=\"vert_icon\"><\/span><span class=\"hor_icon\"><\/span><\/span><\/p><div id='toggle-id-11' aria-labelledby='toggle-toggle-id-11' role='region' class='toggle_wrap  av-title-above'  ><div class='toggle_content invers-color '  itemprop=\"text\" ><p>En Alpha.b, consideramos todas tus alergias alimentarias y solicitudes espec\u00edficas para asignarte la familia de acogida m\u00e1s adecuada. Recibimos regularmente estudiantes vegetarianos, veganos y sin gluten, y nuestras familias de acogida est\u00e1n sensibilizadas a los diferentes reg\u00edmenes alimenticios.<\/p>\n<p>Cuando realices tu inscripci\u00f3n, inf\u00f3rmanos detalladamente sobre tus alergias o elecciones alimentarias. De esta manera, no habr\u00e1 ning\u00fan problema para que puedas vivir en una familia francesa con media pensi\u00f3n. Si tienes cualquier duda, no dudes en hablar con el equipo administrativo, que estar\u00e1 siempre a tu disposici\u00f3n.<\/p>\n<p><strong>Suplemento para dietas especiales<\/strong><br \/>\n(Vegana, sin gluten, sin lactosa): <strong>45 euros\/semana<\/strong><\/p>\n<\/div><\/div><\/div><\/section>\n<section class='av_toggle_section av-w0vf6j-cba59787d511f66cbed6a1748981cf0d'  itemscope=\"itemscope\" itemtype=\"https:\/\/schema.org\/CreativeWork\" ><div role=\"tablist\" class=\"single_toggle\" data-tags=\"{Todo} {Pricing} \"  ><p id='toggle-toggle-id-12' data-fake-id='#toggle-id-12' class='toggler  av-title-above '  itemprop=\"headline\"  role='tab' tabindex='0' aria-controls='toggle-id-12' data-slide-speed=\"200\" data-title=\"\u00bfCual es la composici\u00f3n de las familias de acogida ?\" data-title-open=\"\" data-aria_collapsed=\"Click to expand: \u00bfCual es la composici\u00f3n de las familias de acogida ?\" data-aria_expanded=\"Click to collapse: \u00bfCual es la composici\u00f3n de las familias de acogida ?\">\u00bfCual es la composici\u00f3n de las familias de acogida ?<span class=\"toggle_icon\"><span class=\"vert_icon\"><\/span><span class=\"hor_icon\"><\/span><\/span><\/p><div id='toggle-id-12' aria-labelledby='toggle-toggle-id-12' role='region' class='toggle_wrap  av-title-above'  ><div class='toggle_content invers-color '  itemprop=\"text\" ><p>Es cada vez m\u00e1s dif\u00edcil encontrar familias de acogida con una estructura familiar \u201ccompleta\u201d (padre, madre, hijos). Muchas de nuestras familias son monoparentales.<\/p>\n<\/div><\/div><\/div><\/section>\n<section class='av_toggle_section av-typvsb-ec81a844f49e29816859867d42ffe6a1'  itemscope=\"itemscope\" itemtype=\"https:\/\/schema.org\/CreativeWork\" ><div role=\"tablist\" class=\"single_toggle\" data-tags=\"{Todo} {Instalaci\u00f3n} {Misc} \"  ><p id='toggle-toggle-id-13' data-fake-id='#toggle-id-13' class='toggler  av-title-above '  itemprop=\"headline\"  role='tab' tabindex='0' aria-controls='toggle-id-13' data-slide-speed=\"200\" data-title=\"\u00bfPuedo invitar en mi familia de acogida a amigos o parientes ?\" data-title-open=\"\" data-aria_collapsed=\"Click to expand: \u00bfPuedo invitar en mi familia de acogida a amigos o parientes ?\" data-aria_expanded=\"Click to collapse: \u00bfPuedo invitar en mi familia de acogida a amigos o parientes ?\">\u00bfPuedo invitar en mi familia de acogida a amigos o parientes ?<span class=\"toggle_icon\"><span class=\"vert_icon\"><\/span><span class=\"hor_icon\"><\/span><\/span><\/p><div id='toggle-id-13' aria-labelledby='toggle-toggle-id-13' role='region' class='toggle_wrap  av-title-above'  ><div class='toggle_content invers-color '  itemprop=\"text\" ><p><strong>Esta disposici\u00f3n queda a discreci\u00f3n de tu familia de acogida o de tu anfitri\u00f3n franc\u00e9s.<\/strong> Algunos no la aceptan, otros de manera excepcional y algunos m\u00e1s a cambio de un pago. En cualquier caso, por favor, disc\u00fatelo directamente con ellos.<\/p>\n<\/div><\/div><\/div><\/section>\n<section class='av_toggle_section av-4yg48r-f459690b0d3322d2b17205f7455e466f'  itemscope=\"itemscope\" itemtype=\"https:\/\/schema.org\/CreativeWork\" ><div role=\"tablist\" class=\"single_toggle\" data-tags=\"{Todo} {Pre Sales} \"  ><p id='toggle-toggle-id-14' data-fake-id='#toggle-id-14' class='toggler  av-title-above '  itemprop=\"headline\"  role='tab' tabindex='0' aria-controls='toggle-id-14' data-slide-speed=\"200\" data-title=\"\u00bfMi familia lavara mi ropa ?\" data-title-open=\"\" data-aria_collapsed=\"Click to expand: \u00bfMi familia lavara mi ropa ?\" data-aria_expanded=\"Click to collapse: \u00bfMi familia lavara mi ropa ?\">\u00bfMi familia lavara mi ropa ?<span class=\"toggle_icon\"><span class=\"vert_icon\"><\/span><span class=\"hor_icon\"><\/span><\/span><\/p><div id='toggle-id-14' aria-labelledby='toggle-toggle-id-14' role='region' class='toggle_wrap  av-title-above'  ><div class='toggle_content invers-color '  itemprop=\"text\" ><p><strong>Para estudiantes menores de edad cuya estancia supere 1 semana<\/strong>, se incluye una colada por semana de forma gratuita. Solo tienes que solicitarlo a tu familia.<\/p>\n<p><strong>Para estudiantes mayores de edad<\/strong>, no est\u00e1 previsto en nuestras condiciones generales, pero muchas familias ofrecen lavar la ropa de forma gratuita o con un coste adicional. En cualquier caso, dispones de lavander\u00edas autom\u00e1ticas en todos los barrios.<\/p>\n<\/div><\/div><\/div><\/section>\n<section class='av_toggle_section av-qopror-3a58aee1b46a5b1c71d0dfae4cf54c5c'  itemscope=\"itemscope\" itemtype=\"https:\/\/schema.org\/CreativeWork\" ><div role=\"tablist\" class=\"single_toggle\" data-tags=\"{Todo} {Instalaci\u00f3n} {Pre Sales} \"  ><p id='toggle-toggle-id-15' data-fake-id='#toggle-id-15' class='toggler  av-title-above '  itemprop=\"headline\"  role='tab' tabindex='0' aria-controls='toggle-id-15' data-slide-speed=\"200\" data-title=\"\u00bfQuien hace la limpieza ?\" data-title-open=\"\" data-aria_collapsed=\"Click to expand: \u00bfQuien hace la limpieza ?\" data-aria_expanded=\"Click to collapse: \u00bfQuien hace la limpieza ?\">\u00bfQuien hace la limpieza ?<span class=\"toggle_icon\"><span class=\"vert_icon\"><\/span><span class=\"hor_icon\"><\/span><\/span><\/p><div id='toggle-id-15' aria-labelledby='toggle-toggle-id-15' role='region' class='toggle_wrap  av-title-above'  ><div class='toggle_content invers-color '  itemprop=\"text\" ><p><strong>En una familia de acogida<\/strong>, cada uno debe ordenar su habitaci\u00f3n diariamente para que tu anfitri\u00f3n o anfitriona pueda acceder y mantener el lugar limpio. Tambi\u00e9n ten en cuenta que siempre se agradece una peque\u00f1a ayuda en las tareas dom\u00e9sticas.<\/p>\n<p><strong>En la f\u00f3rmula &#8220;anfitri\u00f3n franc\u00e9s&#8221;<\/strong>, eres responsable de la limpieza de tu habitaci\u00f3n y de las \u00e1reas comunes (cocina y ba\u00f1o) que utilices. Tu anfitri\u00f3n te proporcionar\u00e1 los productos y materiales necesarios.<\/p>\n<\/div><\/div><\/div><\/section>\n<\/div>\n\n<style type=\"text\/css\" data-created_by=\"avia_inline_auto\" id=\"style-css-av-1wahwb-ea6f4b67064ad46ba0ba78ce08f5dc4a\">\n#top .av-special-heading.av-1wahwb-ea6f4b67064ad46ba0ba78ce08f5dc4a{\npadding-bottom:0;\nfont-size:30px;\n}\nbody .av-special-heading.av-1wahwb-ea6f4b67064ad46ba0ba78ce08f5dc4a .av-special-heading-tag .heading-char{\nfont-size:25px;\n}\n#top #wrap_all .av-special-heading.av-1wahwb-ea6f4b67064ad46ba0ba78ce08f5dc4a .av-special-heading-tag{\nfont-size:30px;\n}\n.av-special-heading.av-1wahwb-ea6f4b67064ad46ba0ba78ce08f5dc4a .av-subheading{\nfont-size:10px;\n}\n\n@media only screen and (min-width: 480px) and (max-width: 767px){ \n#top #wrap_all .av-special-heading.av-1wahwb-ea6f4b67064ad46ba0ba78ce08f5dc4a .av-special-heading-tag{\nfont-size:0.8em;\n}\n}\n\n@media only screen and (max-width: 479px){ \n#top #wrap_all .av-special-heading.av-1wahwb-ea6f4b67064ad46ba0ba78ce08f5dc4a .av-special-heading-tag{\nfont-size:0.8em;\n}\n}\n<\/style>\n<div  class='av-special-heading av-1wahwb-ea6f4b67064ad46ba0ba78ce08f5dc4a av-special-heading-h2 blockquote modern-quote  avia-builder-el-5  el_after_av_toggle_container  el_before_av_toggle_container  av-inherit-size'><h2 class='av-special-heading-tag '  itemprop=\"headline\"  >A proposito de la vida en Niza<\/h2><div class=\"special-heading-border\"><div class=\"special-heading-inner-border\"><\/div><\/div><\/div>\n<div  class='togglecontainer av-kjy0uz-e34ea13a363fc5085c9f3629fbf86b55  avia-builder-el-6  el_after_av_heading  el_before_av_section  avia-builder-el-last  toggle_close_all' >\n<section class='av_toggle_section av-4m70m3-80980840e63770bde455fd5453ef64a7'  itemscope=\"itemscope\" itemtype=\"https:\/\/schema.org\/CreativeWork\" ><div role=\"tablist\" class=\"single_toggle\" data-tags=\"{Todo} {Instalaci\u00f3n} {Misc} \"  ><p id='toggle-toggle-id-16' data-fake-id='#toggle-id-16' class='toggler  av-title-above '  itemprop=\"headline\"  role='tab' tabindex='0' aria-controls='toggle-id-16' data-slide-speed=\"200\" data-title=\"\u00bfTengo que tener una Visa para ir a Niza?\" data-title-open=\"\" data-aria_collapsed=\"Click to expand: \u00bfTengo que tener una Visa para ir a Niza?\" data-aria_expanded=\"Click to collapse: \u00bfTengo que tener una Visa para ir a Niza?\">\u00bfTengo que tener una Visa para ir a Niza?<span class=\"toggle_icon\"><span class=\"vert_icon\"><\/span><span class=\"hor_icon\"><\/span><\/span><\/p><div id='toggle-id-16' aria-labelledby='toggle-toggle-id-16' role='region' class='toggle_wrap  av-title-above'  ><div class='toggle_content invers-color '  itemprop=\"text\" ><p><strong>Visas para Francia<\/strong><br \/>\nTodos los ciudadanos de la Uni\u00f3n Europea no necesitan visa. Existen acuerdos especiales con algunos pa\u00edses fuera de la UE que eximen de la obligaci\u00f3n de visa.<br \/>\nPara m\u00e1s informaci\u00f3n, consulta este sitio web: <a href=\"https:\/\/www.diplomatie.gouv.fr\/fr\/venir-en-france\/\" target=\"_new\" rel=\"noopener\">https:\/\/www.diplomatie.gouv.fr\/fr\/venir-en-france\/<\/a><\/p>\n\n<\/div><\/div><\/div><\/section>\n<section class='av_toggle_section av-gtczkb-1361806eaf370184de08b41f1bb80431'  itemscope=\"itemscope\" itemtype=\"https:\/\/schema.org\/CreativeWork\" ><div role=\"tablist\" class=\"single_toggle\" data-tags=\"{Todo} {Instalaci\u00f3n} \"  ><p id='toggle-toggle-id-17' data-fake-id='#toggle-id-17' class='toggler  av-title-above '  itemprop=\"headline\"  role='tab' tabindex='0' aria-controls='toggle-id-17' data-slide-speed=\"200\" data-title=\"\u00bfQuien viene a buscarme a la llegada al aeropuerto o la estaci\u00f3n ?\" data-title-open=\"\" data-aria_collapsed=\"Click to expand: \u00bfQuien viene a buscarme a la llegada al aeropuerto o la estaci\u00f3n ?\" data-aria_expanded=\"Click to collapse: \u00bfQuien viene a buscarme a la llegada al aeropuerto o la estaci\u00f3n ?\">\u00bfQuien viene a buscarme a la llegada al aeropuerto o la estaci\u00f3n ?<span class=\"toggle_icon\"><span class=\"vert_icon\"><\/span><span class=\"hor_icon\"><\/span><\/span><\/p><div id='toggle-id-17' aria-labelledby='toggle-toggle-id-17' role='region' class='toggle_wrap  av-title-above'  ><div class='toggle_content invers-color '  itemprop=\"text\" ><p>En la f\u00f3rmula familia con media pensi\u00f3n, tu anfitri\u00f3n te recoger\u00e1 gratuitamente a tu llegada.<br \/>\nAtenci\u00f3n: <strong>no hay traslados entre las 21:00 y las 8:00<\/strong>, ni para el regreso.<\/p>\n<p>Para las dem\u00e1s f\u00f3rmulas, es muy f\u00e1cil llegar a tu alojamiento al llegar a Niza:<\/p>\n<ul>\n<li>El aeropuerto est\u00e1 a unos <strong>20 minutos en taxi<\/strong> de tu alojamiento (<strong>aproximadamente 50 \u20ac<\/strong>) o <strong>20 minutos en tranv\u00eda<\/strong> (<strong>10 \u20ac<\/strong>).<\/li>\n<li>La estaci\u00f3n de trenes est\u00e1 en el centro de la ciudad, por lo que el tranv\u00eda (<strong>1,70 \u20ac<\/strong>) o un taxi (<strong>20 \u20ac<\/strong>) te llevar\u00e1 en menos de 15 minutos.<\/li>\n<\/ul>\n<p><strong>ndependientemente del tipo de alojamiento elegido<\/strong>, es importante que nos comuniques tu hora de llegada y n\u00famero de tren o vuelo al menos <strong>3 d\u00edas antes<\/strong> de tu llegada para garantizar tu recepci\u00f3n. (Todos estos detalles se especificar\u00e1n en nuestra carta de confirmaci\u00f3n enviada despu\u00e9s de recibir tu formulario de inscripci\u00f3n).<\/p>\n<\/div><\/div><\/div><\/section>\n<section class='av_toggle_section av-fbxc0r-c60ae1929c54a87136759ceb237e25b5'  itemscope=\"itemscope\" itemtype=\"https:\/\/schema.org\/CreativeWork\" ><div role=\"tablist\" class=\"single_toggle\" data-tags=\"{Todo} {Pricing} {Misc} \"  ><p id='toggle-toggle-id-18' data-fake-id='#toggle-id-18' class='toggler  av-title-above '  itemprop=\"headline\"  role='tab' tabindex='0' aria-controls='toggle-id-18' data-slide-speed=\"200\" data-title=\"\u00bfCuanto dinero debo llevar conmigo?\" data-title-open=\"\" data-aria_collapsed=\"Click to expand: \u00bfCuanto dinero debo llevar conmigo?\" data-aria_expanded=\"Click to collapse: \u00bfCuanto dinero debo llevar conmigo?\">\u00bfCuanto dinero debo llevar conmigo?<span class=\"toggle_icon\"><span class=\"vert_icon\"><\/span><span class=\"hor_icon\"><\/span><\/span><\/p><div id='toggle-id-18' aria-labelledby='toggle-toggle-id-18' role='region' class='toggle_wrap  av-title-above'  ><div class='toggle_content invers-color '  itemprop=\"text\" ><p><strong>Moneda en Francia<\/strong><br \/>\nLa moneda en Francia es el Euro. Para que te hagas una idea de tu presupuesto:<\/p>\n<ul>\n<li>1 caf\u00e9: <strong>2 \u20ac<\/strong><\/li>\n<li>1 refresco: <strong>4 \u20ac<\/strong><\/li>\n<li>1 pizza: <strong>12 \u20ac<\/strong><\/li>\n<li>1 s\u00e1ndwich: <strong>6 \u20ac<\/strong><\/li>\n<li>1 comida: <strong>15 \u20ac<\/strong><\/li>\n<li>Entrada a una discoteca con una bebida: <strong>20 \u20ac<\/strong><\/li>\n<li>Alquiler de coche durante un fin de semana: <strong>150 \u20ac<\/strong><\/li>\n<li>Entrada al cine: <strong>13 \u20ac<\/strong><\/li>\n<li>Entrada a un museo: <strong>entre 5 \u20ac y 20 \u20ac<\/strong><\/li>\n<li>Ticket de autob\u00fas o tranv\u00eda: <strong>1,70 \u20ac<\/strong><\/li>\n<\/ul>\n<\/div><\/div><\/div><\/section>\n<section class='av_toggle_section av-es8yh7-1e67b4511edc69ffd439fd98b317ff5f'  itemscope=\"itemscope\" itemtype=\"https:\/\/schema.org\/CreativeWork\" ><div role=\"tablist\" class=\"single_toggle\" data-tags=\"{Todo} {Pricing} \"  ><p id='toggle-toggle-id-19' data-fake-id='#toggle-id-19' class='toggler  av-title-above '  itemprop=\"headline\"  role='tab' tabindex='0' aria-controls='toggle-id-19' data-slide-speed=\"200\" data-title=\"\u00bfNiza es cara ?\" data-title-open=\"\" data-aria_collapsed=\"Click to expand: \u00bfNiza es cara ?\" data-aria_expanded=\"Click to collapse: \u00bfNiza es cara ?\">\u00bfNiza es cara ?<span class=\"toggle_icon\"><span class=\"vert_icon\"><\/span><span class=\"hor_icon\"><\/span><\/span><\/p><div id='toggle-id-19' aria-labelledby='toggle-toggle-id-19' role='region' class='toggle_wrap  av-title-above'  ><div class='toggle_content invers-color '  itemprop=\"text\" ><p><strong>Niza no es m\u00e1s cara que otras ciudades europeas de la misma categor\u00eda.<\/strong> Por supuesto, como en cualquier ciudad con lugares tur\u00edsticos atractivos, si tomas tu caf\u00e9 en un sitio muy popular, pagar\u00e1s por la &#8220;ubicaci\u00f3n&#8221;, entre un 30 % y un 70 % m\u00e1s que si lo hicieras en una cafeter\u00eda de barrio. Lo mismo ocurre con tus comidas, tus salidas nocturnas o tus consumiciones en un pub de moda.<\/p>\n<\/div><\/div><\/div><\/section>\n<section class='av_toggle_section av-2csmsb-5fc0b01d066884381ed5a442968e17f0'  itemscope=\"itemscope\" itemtype=\"https:\/\/schema.org\/CreativeWork\" ><div role=\"tablist\" class=\"single_toggle\" data-tags=\"{Todo} {Instalaci\u00f3n} {Misc} \"  ><p id='toggle-toggle-id-20' data-fake-id='#toggle-id-20' class='toggler  av-title-above '  itemprop=\"headline\"  role='tab' tabindex='0' aria-controls='toggle-id-20' data-slide-speed=\"200\" data-title=\"\u00bfDonde se encuentra mi consulado?\" data-title-open=\"\" data-aria_collapsed=\"Click to expand: \u00bfDonde se encuentra mi consulado?\" data-aria_expanded=\"Click to collapse: \u00bfDonde se encuentra mi consulado?\">\u00bfDonde se encuentra mi consulado?<span class=\"toggle_icon\"><span class=\"vert_icon\"><\/span><span class=\"hor_icon\"><\/span><\/span><\/p><div id='toggle-id-20' aria-labelledby='toggle-toggle-id-20' role='region' class='toggle_wrap  av-title-above'  ><div class='toggle_content invers-color '  itemprop=\"text\" ><p>Para m\u00e1s informaci\u00f3n, puedes contactar al <strong>&#8220;Secretariado General del Cuerpo Consular de los Alpes Mar\u00edtimos&#8221;<\/strong> en Niza.<br \/>\nTel\u00e9fono: <strong>+33 4 93 88 01 49<\/strong><br \/>\n<a href=\"http:\/\/www.nicecotedazur.org\/\" target=\"_new\" rel=\"noopener\">http:\/\/www.nicecotedazur.org\/<\/a><\/p>\n<\/div><\/div><\/div><\/section>\n<\/div>\n<\/div><\/div><\/div><!-- close content main div --><\/div><\/div>\n<style type=\"text\/css\" data-created_by=\"avia_inline_auto\" id=\"style-css-av-14vhhn-2ca603b812b5850ea33e4ceee455fefa\">\n.avia-section.av-14vhhn-2ca603b812b5850ea33e4ceee455fefa{\nbackground-color:#ff7337;\nbackground-image:unset;\n}\n.avia-section.av-14vhhn-2ca603b812b5850ea33e4ceee455fefa .av-section-color-overlay{\nopacity:0.1;\n}\n<\/style>\n<div id='sign-up'  class='avia-section av-14vhhn-2ca603b812b5850ea33e4ceee455fefa main_color avia-section-default avia-no-shadow  avia-builder-el-7  el_after_av_toggle_container  avia-builder-el-last  avia-bg-style-parallax av-section-color-overlay-active container_wrap sidebar_right'  ><div class=\"av-section-color-overlay-wrap\"><div class=\"av-section-color-overlay\"><\/div><div class='container av-section-cont-open' ><div class='template-page content  av-content-small alpha units'><div class='post-entry post-entry-type-page post-entry-15397'><div class='entry-content-wrapper clearfix'>\n\n<style type=\"text\/css\" data-created_by=\"avia_inline_auto\" id=\"style-css-av-2ng2sr-27420180f2d4e5453082918fd1d607b5\">\n#top .av-special-heading.av-2ng2sr-27420180f2d4e5453082918fd1d607b5{\npadding-bottom:10px;\ncolor:#ffffff;\nfont-size:30px;\n}\nbody .av-special-heading.av-2ng2sr-27420180f2d4e5453082918fd1d607b5 .av-special-heading-tag .heading-char{\nfont-size:25px;\n}\n#top #wrap_all .av-special-heading.av-2ng2sr-27420180f2d4e5453082918fd1d607b5 .av-special-heading-tag{\nfont-size:30px;\n}\n.av-special-heading.av-2ng2sr-27420180f2d4e5453082918fd1d607b5 .special-heading-inner-border{\nborder-color:#ffffff;\n}\n.av-special-heading.av-2ng2sr-27420180f2d4e5453082918fd1d607b5 .av-subheading{\nfont-size:15px;\n}\n\n@media only screen and (min-width: 480px) and (max-width: 767px){ \n#top #wrap_all .av-special-heading.av-2ng2sr-27420180f2d4e5453082918fd1d607b5 .av-special-heading-tag{\nfont-size:0.8em;\n}\n}\n\n@media only screen and (max-width: 479px){ \n#top #wrap_all .av-special-heading.av-2ng2sr-27420180f2d4e5453082918fd1d607b5 .av-special-heading-tag{\nfont-size:0.8em;\n}\n}\n<\/style>\n<div  class='av-special-heading av-2ng2sr-27420180f2d4e5453082918fd1d607b5 av-special-heading-h3 custom-color-heading blockquote modern-quote modern-centered  avia-builder-el-8  el_before_av_one_fifth  avia-builder-el-first  av-inherit-size'><h3 class='av-special-heading-tag '  itemprop=\"headline\"  >\u00bfQuiere reservar su estancia ling\u00fc\u00edstica ?<\/h3><div class=\"special-heading-border\"><div class=\"special-heading-inner-border\"><\/div><\/div><\/div>\n<div  class='flex_column av-7wuhrf-391aa4fc6b16dbded32fa8820233f86b av_one_fifth  avia-builder-el-9  el_after_av_heading  el_before_av_three_fifth  first flex_column_div  '     ><\/div>\n<style type=\"text\/css\" data-created_by=\"avia_inline_auto\" id=\"style-css-av-5p7zbf-56b11e13354cc26e42eefad2ffa0bda3\">\n.flex_column.av-5p7zbf-56b11e13354cc26e42eefad2ffa0bda3{\nborder-radius:0px 0px 0px 0px;\npadding:0px 0px 0px 0px;\n}\n<\/style>\n<div  class='flex_column av-5p7zbf-56b11e13354cc26e42eefad2ffa0bda3 av_three_fifth  avia-builder-el-10  el_after_av_one_fifth  el_before_av_one_fifth  flex_column_div av-zero-column-padding  '     ><div  class='avia-button-wrap av-gu02z-c6e456729b37df0d7132a643b24b4a70-wrap avia-button-center  avia-builder-el-11  avia-builder-el-no-sibling '><a href='https:\/\/www.alpha-b.fr\/es\/inscripcion-para-el-curso-de-frances\/'  class='avia-button av-gu02z-c6e456729b37df0d7132a643b24b4a70 av-link-btn avia-icon_select-no avia-size-x-large avia-position-center avia-color-light'   aria-label=\"HAGA CLICK AQUI\"><span class='avia_iconbox_title' >HAGA CLICK AQUI<\/span><\/a><\/div><\/div>\n<style type=\"text\/css\" data-created_by=\"avia_inline_auto\" id=\"style-css-av-2oqdgr-ff0960becc361abc280b8536c5d817ad\">\n.flex_column.av-2oqdgr-ff0960becc361abc280b8536c5d817ad{\nborder-radius:0px 0px 0px 0px;\npadding:0px 0px 0px 0px;\n}\n<\/style>\n<div  class='flex_column av-2oqdgr-ff0960becc361abc280b8536c5d817ad av_one_fifth  avia-builder-el-12  el_after_av_three_fifth  avia-builder-el-last  flex_column_div av-zero-column-padding  '     ><\/div>\n<\/div><\/div><\/div><!-- close content main div --><\/div><\/div><\/div><div id='after_section_1'  class='main_color av_default_container_wrap container_wrap sidebar_right'  ><div class='container av-section-cont-open' ><div class='template-page content  av-content-small alpha units'><div class='post-entry post-entry-type-page post-entry-15397'><div class='entry-content-wrapper clearfix'>\n","protected":false},"excerpt":{"rendered":"","protected":false},"author":2,"featured_media":0,"parent":0,"menu_order":0,"comment_status":"closed","ping_status":"closed","template":"","meta":{"_exactmetrics_skip_tracking":false,"_exactmetrics_sitenote_active":false,"_exactmetrics_sitenote_note":"","_exactmetrics_sitenote_category":0,"footnotes":""},"class_list":["post-15397","page","type-page","status-publish","hentry"],"yoast_head":"<!-- This site is optimized with the Yoast SEO plugin v27.5 - https:\/\/yoast.com\/product\/yoast-seo-wordpress\/ -->\n<title>FAQ - Preguntas frecuentes - Curso de idiomas en Francia<\/title>\n<meta name=\"description\" content=\"FAQ - Preguntas frecuentes - Todas las respuestas a las preguntas sobre su curso de idiomas en Niza en Francia para aprender franc\u00e9s con alpha.b\" \/>\n<meta name=\"robots\" content=\"index, follow, max-snippet:-1, max-image-preview:large, max-video-preview:-1\" \/>\n<link rel=\"canonical\" href=\"https:\/\/www.alpha-b.fr\/es\/fqa\/\" \/>\n<meta property=\"og:locale\" content=\"es_ES\" \/>\n<meta property=\"og:type\" content=\"article\" \/>\n<meta property=\"og:title\" content=\"FAQ - Preguntas frecuentes - Curso de idiomas en Francia\" \/>\n<meta property=\"og:description\" content=\"FAQ - Preguntas frecuentes - Todas las respuestas a las preguntas sobre su curso de idiomas en Niza en Francia para aprender franc\u00e9s con alpha.b\" \/>\n<meta property=\"og:url\" content=\"https:\/\/www.alpha-b.fr\/es\/fqa\/\" \/>\n<meta property=\"og:site_name\" content=\"Alphab French school in France\" \/>\n<meta property=\"article:publisher\" content=\"https:\/\/www.facebook.com\/AlphabCoursDeFrancais\/\" \/>\n<meta property=\"article:modified_time\" content=\"2025-01-27T13:18:46+00:00\" \/>\n<meta name=\"twitter:card\" content=\"summary_large_image\" \/>\n<meta name=\"twitter:site\" content=\"@alphab_Live\" \/>\n<meta name=\"twitter:label1\" content=\"Est. reading time\" \/>\n\t<meta name=\"twitter:data1\" content=\"9 minutes\" \/>\n<script type=\"application\/ld+json\" class=\"yoast-schema-graph\">{\"@context\":\"https:\\\/\\\/schema.org\",\"@graph\":[{\"@type\":\"WebPage\",\"@id\":\"https:\\\/\\\/www.alpha-b.fr\\\/es\\\/fqa\\\/\",\"url\":\"https:\\\/\\\/www.alpha-b.fr\\\/es\\\/fqa\\\/\",\"name\":\"FAQ - Preguntas frecuentes - Curso de idiomas en Francia\",\"isPartOf\":{\"@id\":\"https:\\\/\\\/www.alpha-b.fr\\\/es\\\/#website\"},\"datePublished\":\"2018-09-27T12:38:49+00:00\",\"dateModified\":\"2025-01-27T13:18:46+00:00\",\"description\":\"FAQ - Preguntas frecuentes - Todas las respuestas a las preguntas sobre su curso de idiomas en Niza en Francia para aprender franc\u00e9s con alpha.b\",\"breadcrumb\":{\"@id\":\"https:\\\/\\\/www.alpha-b.fr\\\/es\\\/fqa\\\/#breadcrumb\"},\"inLanguage\":\"es-ES\",\"potentialAction\":[{\"@type\":\"ReadAction\",\"target\":[\"https:\\\/\\\/www.alpha-b.fr\\\/es\\\/fqa\\\/\"]}]},{\"@type\":\"BreadcrumbList\",\"@id\":\"https:\\\/\\\/www.alpha-b.fr\\\/es\\\/fqa\\\/#breadcrumb\",\"itemListElement\":[{\"@type\":\"ListItem\",\"position\":1,\"name\":\"Accueil\",\"item\":\"https:\\\/\\\/www.alpha-b.fr\\\/es\\\/ecole-de-francais\\\/\"},{\"@type\":\"ListItem\",\"position\":2,\"name\":\"FQA\"}]},{\"@type\":\"WebSite\",\"@id\":\"https:\\\/\\\/www.alpha-b.fr\\\/es\\\/#website\",\"url\":\"https:\\\/\\\/www.alpha-b.fr\\\/es\\\/\",\"name\":\"Alphab French school in France\",\"description\":\"Le fran\u00e7ais autrement \ud83c\uddeb\ud83c\uddf7\",\"publisher\":{\"@id\":\"https:\\\/\\\/www.alpha-b.fr\\\/es\\\/#organization\"},\"potentialAction\":[{\"@type\":\"SearchAction\",\"target\":{\"@type\":\"EntryPoint\",\"urlTemplate\":\"https:\\\/\\\/www.alpha-b.fr\\\/es\\\/?s={search_term_string}\"},\"query-input\":{\"@type\":\"PropertyValueSpecification\",\"valueRequired\":true,\"valueName\":\"search_term_string\"}}],\"inLanguage\":\"es-ES\"},{\"@type\":\"Organization\",\"@id\":\"https:\\\/\\\/www.alpha-b.fr\\\/es\\\/#organization\",\"name\":\"Institut linguistique alpha-b\",\"url\":\"https:\\\/\\\/www.alpha-b.fr\\\/es\\\/\",\"logo\":{\"@type\":\"ImageObject\",\"inLanguage\":\"es-ES\",\"@id\":\"https:\\\/\\\/www.alpha-b.fr\\\/es\\\/#\\\/schema\\\/logo\\\/image\\\/\",\"url\":\"https:\\\/\\\/www.alpha-b.fr\\\/wp-content\\\/uploads\\\/2017\\\/05\\\/logoalphab.png\",\"contentUrl\":\"https:\\\/\\\/www.alpha-b.fr\\\/wp-content\\\/uploads\\\/2017\\\/05\\\/logoalphab.png\",\"width\":157,\"height\":92,\"caption\":\"Institut linguistique alpha-b\"},\"image\":{\"@id\":\"https:\\\/\\\/www.alpha-b.fr\\\/es\\\/#\\\/schema\\\/logo\\\/image\\\/\"},\"sameAs\":[\"https:\\\/\\\/www.facebook.com\\\/AlphabCoursDeFrancais\\\/\",\"https:\\\/\\\/x.com\\\/alphab_Live\",\"https:\\\/\\\/www.instagram.com\\\/alphabfrenchschool\\\/\",\"https:\\\/\\\/www.tiktok.com\\\/@alphabfrenchschool\"]}]}<\/script>\n<!-- \/ Yoast SEO plugin. -->","yoast_head_json":{"title":"FAQ - Preguntas frecuentes - Curso de idiomas en Francia","description":"FAQ - Preguntas frecuentes - Todas las respuestas a las preguntas sobre su curso de idiomas en Niza en Francia para aprender franc\u00e9s con alpha.b","robots":{"index":"index","follow":"follow","max-snippet":"max-snippet:-1","max-image-preview":"max-image-preview:large","max-video-preview":"max-video-preview:-1"},"canonical":"https:\/\/www.alpha-b.fr\/es\/fqa\/","og_locale":"es_ES","og_type":"article","og_title":"FAQ - Preguntas frecuentes - Curso de idiomas en Francia","og_description":"FAQ - Preguntas frecuentes - Todas las respuestas a las preguntas sobre su curso de idiomas en Niza en Francia para aprender franc\u00e9s con alpha.b","og_url":"https:\/\/www.alpha-b.fr\/es\/fqa\/","og_site_name":"Alphab French school in France","article_publisher":"https:\/\/www.facebook.com\/AlphabCoursDeFrancais\/","article_modified_time":"2025-01-27T13:18:46+00:00","twitter_card":"summary_large_image","twitter_site":"@alphab_Live","twitter_misc":{"Est. reading time":"9 minutes"},"schema":{"@context":"https:\/\/schema.org","@graph":[{"@type":"WebPage","@id":"https:\/\/www.alpha-b.fr\/es\/fqa\/","url":"https:\/\/www.alpha-b.fr\/es\/fqa\/","name":"FAQ - Preguntas frecuentes - Curso de idiomas en Francia","isPartOf":{"@id":"https:\/\/www.alpha-b.fr\/es\/#website"},"datePublished":"2018-09-27T12:38:49+00:00","dateModified":"2025-01-27T13:18:46+00:00","description":"FAQ - Preguntas frecuentes - Todas las respuestas a las preguntas sobre su curso de idiomas en Niza en Francia para aprender franc\u00e9s con alpha.b","breadcrumb":{"@id":"https:\/\/www.alpha-b.fr\/es\/fqa\/#breadcrumb"},"inLanguage":"es-ES","potentialAction":[{"@type":"ReadAction","target":["https:\/\/www.alpha-b.fr\/es\/fqa\/"]}]},{"@type":"BreadcrumbList","@id":"https:\/\/www.alpha-b.fr\/es\/fqa\/#breadcrumb","itemListElement":[{"@type":"ListItem","position":1,"name":"Accueil","item":"https:\/\/www.alpha-b.fr\/es\/ecole-de-francais\/"},{"@type":"ListItem","position":2,"name":"FQA"}]},{"@type":"WebSite","@id":"https:\/\/www.alpha-b.fr\/es\/#website","url":"https:\/\/www.alpha-b.fr\/es\/","name":"Alphab French school in France","description":"Le fran\u00e7ais autrement \ud83c\uddeb\ud83c\uddf7","publisher":{"@id":"https:\/\/www.alpha-b.fr\/es\/#organization"},"potentialAction":[{"@type":"SearchAction","target":{"@type":"EntryPoint","urlTemplate":"https:\/\/www.alpha-b.fr\/es\/?s={search_term_string}"},"query-input":{"@type":"PropertyValueSpecification","valueRequired":true,"valueName":"search_term_string"}}],"inLanguage":"es-ES"},{"@type":"Organization","@id":"https:\/\/www.alpha-b.fr\/es\/#organization","name":"Institut linguistique alpha-b","url":"https:\/\/www.alpha-b.fr\/es\/","logo":{"@type":"ImageObject","inLanguage":"es-ES","@id":"https:\/\/www.alpha-b.fr\/es\/#\/schema\/logo\/image\/","url":"https:\/\/www.alpha-b.fr\/wp-content\/uploads\/2017\/05\/logoalphab.png","contentUrl":"https:\/\/www.alpha-b.fr\/wp-content\/uploads\/2017\/05\/logoalphab.png","width":157,"height":92,"caption":"Institut linguistique alpha-b"},"image":{"@id":"https:\/\/www.alpha-b.fr\/es\/#\/schema\/logo\/image\/"},"sameAs":["https:\/\/www.facebook.com\/AlphabCoursDeFrancais\/","https:\/\/x.com\/alphab_Live","https:\/\/www.instagram.com\/alphabfrenchschool\/","https:\/\/www.tiktok.com\/@alphabfrenchschool"]}]}},"_links":{"self":[{"href":"https:\/\/www.alpha-b.fr\/es\/wp-json\/wp\/v2\/pages\/15397","targetHints":{"allow":["GET"]}}],"collection":[{"href":"https:\/\/www.alpha-b.fr\/es\/wp-json\/wp\/v2\/pages"}],"about":[{"href":"https:\/\/www.alpha-b.fr\/es\/wp-json\/wp\/v2\/types\/page"}],"author":[{"embeddable":true,"href":"https:\/\/www.alpha-b.fr\/es\/wp-json\/wp\/v2\/users\/2"}],"replies":[{"embeddable":true,"href":"https:\/\/www.alpha-b.fr\/es\/wp-json\/wp\/v2\/comments?post=15397"}],"version-history":[{"count":0,"href":"https:\/\/www.alpha-b.fr\/es\/wp-json\/wp\/v2\/pages\/15397\/revisions"}],"wp:attachment":[{"href":"https:\/\/www.alpha-b.fr\/es\/wp-json\/wp\/v2\/media?parent=15397"}],"curies":[{"name":"wp","href":"https:\/\/api.w.org\/{rel}","templated":true}]}}