{"id":13126,"date":"2018-07-02T15:04:29","date_gmt":"2018-07-02T13:04:29","guid":{"rendered":"https:\/\/www.alpha-b.fr\/acreditaciones-y-etiquetas-de-calidad\/"},"modified":"2026-03-16T14:43:19","modified_gmt":"2026-03-16T13:43:19","slug":"acreditaciones-y-etiquetas-de-calidad","status":"publish","type":"page","link":"https:\/\/www.alpha-b.fr\/es\/acreditaciones-y-etiquetas-de-calidad\/","title":{"rendered":"Acreditaciones y etiquetas de calidad"},"content":{"rendered":"<div id='full_slider_1'  class='avia-fullwidth-slider main_color avia-shadow   avia-builder-el-0  el_before_av_layout_row  avia-builder-el-first   container_wrap sidebar_right'  >\n<style type=\"text\/css\" data-created_by=\"avia_inline_auto\" id=\"style-css-av-3f281c5-7c67397de6a72028b25af587eeaa8fdc\">\n#top #wrap_all .avia-slideshow .av-slideshow-caption.av-3f281c5-7c67397de6a72028b25af587eeaa8fdc__0 .avia-caption-title{\nfont-size:40px;\ncolor:#ffffff;\n}\n<\/style>\n<div  class='avia-slideshow av-3f281c5-7c67397de6a72028b25af587eeaa8fdc avia-slideshow-featured_large av_slideshow_full avia-slide-slider av-slideshow-ui av-control-default av-slideshow-manual av-loop-once av-loop-manual-endless av-default-height-applied   avia-slideshow-1' data-slideshow-options=\"{&quot;animation&quot;:&quot;slide&quot;,&quot;autoplay&quot;:false,&quot;loop_autoplay&quot;:&quot;once&quot;,&quot;interval&quot;:5,&quot;loop_manual&quot;:&quot;manual-endless&quot;,&quot;autoplay_stopper&quot;:false,&quot;noNavigation&quot;:false,&quot;bg_slider&quot;:false,&quot;keep_padding&quot;:false,&quot;hoverpause&quot;:false,&quot;show_slide_delay&quot;:0}\"  itemprop=\"image\" itemscope=\"itemscope\" itemtype=\"https:\/\/schema.org\/ImageObject\" ><ul class='avia-slideshow-inner ' style='padding-bottom: 42%;'><li  class='avia-slideshow-slide av-3f281c5-7c67397de6a72028b25af587eeaa8fdc__0  av-single-slide slide-1 slide-odd'><div data-rel='slideshow-1' class='avia-slide-wrap '   ><div class='av-slideshow-caption av-3f281c5-7c67397de6a72028b25af587eeaa8fdc__0 caption_fullwidth caption_left caption_left_framed caption_framed'><div class=\"container caption_container\"><div class=\"slideshow_caption\"><div class=\"slideshow_inner_caption\"><div class=\"slideshow_align_caption\"><h2 class='avia-caption-title '  itemprop=\"name\" >ACREDITACIONES & ETIQUETA DE CALIDAD<\/h2><\/div><\/div><\/div><\/div><\/div><img decoding=\"async\" fetchpriority=\"high\" class=\"wp-image-31284 avia-img-lazy-loading-not-31284\"  src=\"https:\/\/www.alpha-b.fr\/wp-content\/uploads\/2024\/11\/best-french-language-school-1500x630.webp\" width=\"1500\" height=\"630\" title='best-french-language-school' alt='Best French language school in Nice '  itemprop=\"thumbnailUrl\"   \/><\/div><\/li><\/ul><\/div><\/div>\n<div id='av-layout-grid-1'  class='av-layout-grid-container av-3bylwk5-67f634ed38698b441bf0b0521bde5a5a entry-content-wrapper main_color av-flex-cells  avia-builder-el-1  el_after_av_slideshow_full  el_before_av_one_full  grid-row-not-first  container_wrap sidebar_right'  >\n\n<style type=\"text\/css\" data-created_by=\"avia_inline_auto\" id=\"style-css-av-3axbqnp-5e444b81a53d6aff0a39d540086cbf49\">\n.flex_cell.av-3axbqnp-5e444b81a53d6aff0a39d540086cbf49{\nvertical-align:top;\n}\n.responsive #top #wrap_all .flex_cell.av-3axbqnp-5e444b81a53d6aff0a39d540086cbf49{\npadding:30px 50px 30px 50px !important;\n}\n<\/style>\n<div class='flex_cell av-3axbqnp-5e444b81a53d6aff0a39d540086cbf49 av-gridrow-cell av_one_full no_margin  avia-builder-el-2  avia-builder-el-no-sibling  content-align-top'  ><div class='flex_cell_inner'><p>\n<style type=\"text\/css\" data-created_by=\"avia_inline_auto\" id=\"style-css-av-38yy38l-2ee048e3508e8aeb3daff3b1cfce150b\">\n.flex_column.av-38yy38l-2ee048e3508e8aeb3daff3b1cfce150b{\nborder-radius:0px 0px 0px 0px;\npadding:0px 0px 0px 0px;\n}\n<\/style>\n<div  class='flex_column av-38yy38l-2ee048e3508e8aeb3daff3b1cfce150b av_one_fourth  avia-builder-el-3  el_before_av_one_half  avia-builder-el-first  first flex_column_div av-zero-column-padding  '     ><\/div>\n<style type=\"text\/css\" data-created_by=\"avia_inline_auto\" id=\"style-css-av-bfn6mt-c7d56f166d1eb3918e03db0c0fb2f70a\">\n.flex_column.av-bfn6mt-c7d56f166d1eb3918e03db0c0fb2f70a{\nborder-radius:0px 0px 0px 0px;\npadding:30px 30px 0px 30px;\n}\n<\/style>\n<div  class='flex_column av-bfn6mt-c7d56f166d1eb3918e03db0c0fb2f70a av_one_half  avia-builder-el-4  el_after_av_one_fourth  el_before_av_one_fourth  flex_column_div  '     ><style type=\"text\/css\" data-created_by=\"avia_inline_auto\" id=\"style-css-av-2sw75h-16a7b3bc2ed425ed10074249f3a57cb7\">\n#top .av-special-heading.av-2sw75h-16a7b3bc2ed425ed10074249f3a57cb7{\npadding-bottom:25px;\ncolor:#ed7366;\n}\nbody .av-special-heading.av-2sw75h-16a7b3bc2ed425ed10074249f3a57cb7 .av-special-heading-tag .heading-char{\nfont-size:25px;\n}\n.av-special-heading.av-2sw75h-16a7b3bc2ed425ed10074249f3a57cb7 .special-heading-inner-border{\nborder-color:#ed7366;\n}\n.av-special-heading.av-2sw75h-16a7b3bc2ed425ed10074249f3a57cb7 .av-subheading{\nfont-size:15px;\n}\n<\/style>\n<div  class='av-special-heading av-2sw75h-16a7b3bc2ed425ed10074249f3a57cb7 av-special-heading-h1 custom-color-heading blockquote modern-quote modern-centered  avia-builder-el-5  avia-builder-el-no-sibling '><h1 class='av-special-heading-tag '  itemprop=\"headline\"  >NUESTRAS ACREDITACIONES Y ETIQUETAS DE CALIDAD<\/h1><div class=\"special-heading-border\"><div class=\"special-heading-inner-border\"><\/div><\/div><\/div><\/div>\n<style type=\"text\/css\" data-created_by=\"avia_inline_auto\" id=\"style-css-av-33ckfad-1ec54149c63b6c306d58d0a41c6cbfbe\">\n.flex_column.av-33ckfad-1ec54149c63b6c306d58d0a41c6cbfbe{\nborder-radius:0px 0px 0px 0px;\npadding:0px 0px 0px 0px;\n}\n<\/style>\n<div  class='flex_column av-33ckfad-1ec54149c63b6c306d58d0a41c6cbfbe av_one_fourth  avia-builder-el-6  el_after_av_one_half  el_before_av_one_fifth  flex_column_div av-zero-column-padding  '     ><\/div>\n<style type=\"text\/css\" data-created_by=\"avia_inline_auto\" id=\"style-css-av-326tq2d-99825c0e708c77e40679e79f757da6b2\">\n.flex_column.av-326tq2d-99825c0e708c77e40679e79f757da6b2{\nborder-radius:0px 0px 0px 0px;\npadding:0px 50px 0px 0px;\n}\n<\/style>\n<div  class='flex_column av-326tq2d-99825c0e708c77e40679e79f757da6b2 av_one_fifth  avia-builder-el-7  el_after_av_one_fourth  el_before_av_three_fifth  first flex_column_div  column-top-margin'     ><\/div>\n<style type=\"text\/css\" data-created_by=\"avia_inline_auto\" id=\"style-css-av-2zzlcvp-5e82b37fbcbe00560d4f2f37e3361daf\">\n.flex_column.av-2zzlcvp-5e82b37fbcbe00560d4f2f37e3361daf{\nborder-radius:0px 0px 0px 0px;\npadding:20px 20px 20px 20px;\n}\n\n@media only screen and (max-width: 479px){ \n.flex_column.av-2zzlcvp-5e82b37fbcbe00560d4f2f37e3361daf{\npadding:20px 20px 20px 20px;\n}\n}\n<\/style>\n<div  class='flex_column av-2zzlcvp-5e82b37fbcbe00560d4f2f37e3361daf av_three_fifth  avia-builder-el-8  el_after_av_one_fifth  el_before_av_one_fifth  flex_column_div  column-top-margin'     ><section  class='av_textblock_section av-2yj0s5x-906967cd729ffa6df76be911849d96e1 '   itemscope=\"itemscope\" itemtype=\"https:\/\/schema.org\/CreativeWork\" ><div class='avia_textblock'  itemprop=\"text\" ><p>Desde su creaci\u00f3n, la escuela de idiomas alpha.b tiene <strong>objetivos de alta calidad.<\/strong> Para hacer esto, alpha.b es miembro o est\u00e1 acreditado por organizaciones internacionales y nacionales.<\/p>\n<p>Alpha.b es la \u00fanica escuela de franc\u00e9s en Niza, que est\u00e1 acreditada por tres de las organizaciones de calidad m\u00e1s importantes de Francia y del extranjero:<\/p>\n<p><strong>Label qualit\u00e9 FLE, IALC y Eaquals.<\/strong><\/p>\n<p>Alpha.b est\u00e1 regularmente sujeta a controles de calidad de todos los servicios ofrecidos, incluido los cursos de franc\u00e9s, los profesores de franc\u00e9s lengua extranjera, secretar\u00eda, el seguimiento de los estudiantes, los alojamientos y los locales.<\/p>\n<p>Estos tres organismos garantizan los cursos de lengua francesa de alta calidad en el seno de una estructura organizada y seria.<\/p>\n<p><strong>Alpha.b es una instituci\u00f3n de educaci\u00f3n superior privada.<\/strong><\/p>\n<\/div><\/section><\/div>\n<style type=\"text\/css\" data-created_by=\"avia_inline_auto\" id=\"style-css-av-2xc42lh-8422cb8cace4ce862ff304d3e94ceb08\">\n.flex_column.av-2xc42lh-8422cb8cace4ce862ff304d3e94ceb08{\nborder-radius:0px 0px 0px 0px;\npadding:0px 0px 0px 50px;\n}\n<\/style>\n<div  class='flex_column av-2xc42lh-8422cb8cace4ce862ff304d3e94ceb08 av_one_fifth  avia-builder-el-10  el_after_av_three_fifth  avia-builder-el-last  flex_column_div  column-top-margin'     ><\/div><\/p>\n<\/div><\/div>\n<\/div><div id='after_grid_row_1'  class='main_color av_default_container_wrap container_wrap sidebar_right'  ><div class='container av-section-cont-open' ><div class='template-page content  av-content-small alpha units'><div class='post-entry post-entry-type-page post-entry-13126'><div class='entry-content-wrapper clearfix'>\n<div  class='flex_column av-6zsxut-62d3afcb300513b00e3229323967f03a av_one_full  avia-builder-el-11  el_after_av_layout_row  el_before_av_one_full  avia-builder-el-first  first flex_column_div  '     ><style type=\"text\/css\" data-created_by=\"avia_inline_auto\" id=\"style-css-av-m3ol0pms-0b892e851dcac66a860c1ba4f6f33dd4\">\n.avia-image-container.av-m3ol0pms-0b892e851dcac66a860c1ba4f6f33dd4 img.avia_image{\nbox-shadow:none;\n}\n.avia-image-container.av-m3ol0pms-0b892e851dcac66a860c1ba4f6f33dd4 .av-image-caption-overlay-center{\ncolor:#ffffff;\n}\n<\/style>\n<div  class='avia-image-container av-m3ol0pms-0b892e851dcac66a860c1ba4f6f33dd4 av-styling- avia-align-center  avia-builder-el-12  avia-builder-el-no-sibling '   itemprop=\"image\" itemscope=\"itemscope\" itemtype=\"https:\/\/schema.org\/ImageObject\" ><div class=\"avia-image-container-inner\"><div class=\"avia-image-overlay-wrap\"><img decoding=\"async\" fetchpriority=\"high\" class='wp-image-19039 avia-img-lazy-loading-not-19039 avia_image ' src=\"https:\/\/www.alpha-b.fr\/wp-content\/uploads\/2019\/04\/logo-partenaires-alphab-2016.png\" alt='' title='logo-partenaires-alphab-2016'  height=\"55\" width=\"580\"  itemprop=\"thumbnailUrl\" srcset=\"https:\/\/www.alpha-b.fr\/wp-content\/uploads\/2019\/04\/logo-partenaires-alphab-2016.png 580w, https:\/\/www.alpha-b.fr\/wp-content\/uploads\/2019\/04\/logo-partenaires-alphab-2016-450x43.png 450w, https:\/\/www.alpha-b.fr\/wp-content\/uploads\/2019\/04\/logo-partenaires-alphab-2016-300x28.png 300w\" sizes=\"(max-width: 580px) 100vw, 580px\" \/><\/div><\/div><\/div><\/div>\n\n<style type=\"text\/css\" data-created_by=\"avia_inline_auto\" id=\"style-css-av-2qrv9r9-0653bd2925a437e6c6e3babaa4955bff\">\n.flex_column.av-2qrv9r9-0653bd2925a437e6c6e3babaa4955bff{\nborder-radius:0px 0px 0px 0px;\npadding:20px 20px 20px 20px;\n}\n\n@media only screen and (max-width: 479px){ \n.flex_column.av-2qrv9r9-0653bd2925a437e6c6e3babaa4955bff{\npadding:20px 20px 20px 20px;\n}\n}\n<\/style>\n<div  class='flex_column av-2qrv9r9-0653bd2925a437e6c6e3babaa4955bff av_one_full  avia-builder-el-13  el_after_av_one_full  el_before_av_section  avia-builder-el-last  first flex_column_div  column-top-margin'     ><p>\n<style type=\"text\/css\" data-created_by=\"avia_inline_auto\" id=\"style-css-av-36qb91-fe1099dad85f737ac3b2f99e07be220b\">\n#top .av-special-heading.av-36qb91-fe1099dad85f737ac3b2f99e07be220b{\npadding-bottom:20px;\ncolor:#ed7366;\nfont-size:30px;\n}\nbody .av-special-heading.av-36qb91-fe1099dad85f737ac3b2f99e07be220b .av-special-heading-tag .heading-char{\nfont-size:25px;\n}\n#top #wrap_all .av-special-heading.av-36qb91-fe1099dad85f737ac3b2f99e07be220b .av-special-heading-tag{\nfont-size:30px;\n}\n.av-special-heading.av-36qb91-fe1099dad85f737ac3b2f99e07be220b .special-heading-inner-border{\nborder-color:#ed7366;\n}\n.av-special-heading.av-36qb91-fe1099dad85f737ac3b2f99e07be220b .av-subheading{\nfont-size:15px;\n}\n\n@media only screen and (min-width: 480px) and (max-width: 767px){ \n#top #wrap_all .av-special-heading.av-36qb91-fe1099dad85f737ac3b2f99e07be220b .av-special-heading-tag{\nfont-size:0.8em;\n}\n}\n\n@media only screen and (max-width: 479px){ \n#top #wrap_all .av-special-heading.av-36qb91-fe1099dad85f737ac3b2f99e07be220b .av-special-heading-tag{\nfont-size:0.8em;\n}\n}\n<\/style>\n<div  class='av-special-heading av-36qb91-fe1099dad85f737ac3b2f99e07be220b av-special-heading-h3 custom-color-heading blockquote modern-quote  avia-builder-el-14  el_before_av_textblock  avia-builder-el-first  av-inherit-size'><h3 class='av-special-heading-tag '  itemprop=\"headline\"  >Etiqueta de calidad FLE<\/h3><div class=\"special-heading-border\"><div class=\"special-heading-inner-border\"><\/div><\/div><\/div><br \/>\n<section  class='av_textblock_section av-2mzxsmt-e9198b68233af3e0facab4b5d05bbe44 '   itemscope=\"itemscope\" itemtype=\"https:\/\/schema.org\/CreativeWork\" ><div class='avia_textblock'  itemprop=\"text\" ><p>Alpha.b es <strong>etiqueta de calidad FLE<\/strong> (franc\u00e9s lengua extranjera). La etiqueta de calidad FLE est\u00e1 otorgado por una comisi\u00f3n interministerial.<\/p>\n<p>La etiqueta de calidad FLE reconoce las escuelas de lengua francesa que ofrecen cursos y servicios de alta calidad. Una inspecci\u00f3n se lleva a cabo en escuelas de lengua francesa certificadas cada cuatro a\u00f1os.<\/p>\n<p>Est\u00e1 basada sobre cinco criterios : profesores, formaci\u00f3n y ense\u00f1anza, recepci\u00f3n y seguimiento, locales \/seguridad\/equipamiento de gesti\u00f3n.<\/p>\n<p>M\u00e1s informaci\u00f3n : <span style=\"color: #0000ff;\">www.qualitefle.fr<\/span><\/p>\n<\/div><\/section><\/p><\/div>\n<\/div><\/div><\/div><!-- close content main div --><\/div><\/div>\n<style type=\"text\/css\" data-created_by=\"avia_inline_auto\" id=\"style-css-av-m3ol1gxs-0038472006d1eb6011ce927c4111f02f\">\n.avia-section.av-m3ol1gxs-0038472006d1eb6011ce927c4111f02f{\nbackground-color:#ffe01b;\nbackground-image:unset;\n}\n<\/style>\n<div id='av_section_1'  class='avia-section av-m3ol1gxs-0038472006d1eb6011ce927c4111f02f main_color avia-section-small avia-no-border-styling  avia-builder-el-16  el_after_av_one_full  el_before_av_one_full  avia-bg-style-scroll container_wrap sidebar_right'  ><div class='container av-section-cont-open' ><div class='template-page content  av-content-small alpha units'><div class='post-entry post-entry-type-page post-entry-13126'><div class='entry-content-wrapper clearfix'>\n\n<style type=\"text\/css\" data-created_by=\"avia_inline_auto\" id=\"style-css-av-5ya7b9-0b6ac4f9420285bd8bda85bc085f2e2e\">\n#top .av-special-heading.av-5ya7b9-0b6ac4f9420285bd8bda85bc085f2e2e{\npadding-bottom:20px;\nfont-size:30px;\n}\nbody .av-special-heading.av-5ya7b9-0b6ac4f9420285bd8bda85bc085f2e2e .av-special-heading-tag .heading-char{\nfont-size:25px;\n}\n#top #wrap_all .av-special-heading.av-5ya7b9-0b6ac4f9420285bd8bda85bc085f2e2e .av-special-heading-tag{\nfont-size:30px;\n}\n.av-special-heading.av-5ya7b9-0b6ac4f9420285bd8bda85bc085f2e2e .av-subheading{\nfont-size:15px;\n}\n\n@media only screen and (min-width: 480px) and (max-width: 767px){ \n#top #wrap_all .av-special-heading.av-5ya7b9-0b6ac4f9420285bd8bda85bc085f2e2e .av-special-heading-tag{\nfont-size:0.8em;\n}\n}\n\n@media only screen and (max-width: 479px){ \n#top #wrap_all .av-special-heading.av-5ya7b9-0b6ac4f9420285bd8bda85bc085f2e2e .av-special-heading-tag{\nfont-size:0.8em;\n}\n}\n<\/style>\n<div  class='av-special-heading av-5ya7b9-0b6ac4f9420285bd8bda85bc085f2e2e av-special-heading-h3 blockquote modern-quote  avia-builder-el-17  el_before_av_textblock  avia-builder-el-first  av-inherit-size'><h3 class='av-special-heading-tag '  itemprop=\"headline\"  >EAQUALS<\/h3><div class=\"special-heading-border\"><div class=\"special-heading-inner-border\"><\/div><\/div><\/div>\n<section  class='av_textblock_section av-3jyzqt-e42e2d5e9733c29788969c46c60ff39d '   itemscope=\"itemscope\" itemtype=\"https:\/\/schema.org\/CreativeWork\" ><div class='avia_textblock av_inherit_color'  itemprop=\"text\" ><p>Eaquals, fundado en 1991, es la <strong>principal asociaci\u00f3n internacional<\/strong>\u00a0 para la ense\u00f1anza de idiomas.<\/p>\n<p>Una escuela de idiomas que quiere convertirse en miembro de Eaquals est\u00e1 obligada a someterse a inspecciones estrictas y regulares.<\/p>\n<p><strong>En Niza, s\u00f3lo dos escuelas<\/strong> de franc\u00e9s cumplen con todos sus criterios y son miembros de Eaquals.<\/p>\n<p>Alpha.b ha pasado su <strong>\u00faltima inspecci\u00f3n Eaquals en Junio 2025, y ha tenido excelentes resultados.<\/strong><\/p>\n<p>M\u00e1s informaci\u00f3n en:\u00a0<span style=\"color: #0000ff;\">www.eaquals.org<\/span><\/p>\n\n<\/div><\/section>\n<\/div><\/div><\/div><!-- close content main div --><\/div><\/div><div id='after_section_1'  class='main_color av_default_container_wrap container_wrap sidebar_right'  ><div class='container av-section-cont-open' ><div class='template-page content  av-content-small alpha units'><div class='post-entry post-entry-type-page post-entry-13126'><div class='entry-content-wrapper clearfix'>\n<style type=\"text\/css\" data-created_by=\"avia_inline_auto\" id=\"style-css-av-237buyt-0e9fc247dcba92568cb6b516f2160147\">\n.flex_column.av-237buyt-0e9fc247dcba92568cb6b516f2160147{\nborder-radius:0px 0px 0px 0px;\npadding:20px 20px 20px 20px;\n}\n\n@media only screen and (max-width: 479px){ \n.flex_column.av-237buyt-0e9fc247dcba92568cb6b516f2160147{\npadding:20px 20px 20px 20px;\n}\n}\n<\/style>\n<div  class='flex_column av-237buyt-0e9fc247dcba92568cb6b516f2160147 av_one_full  avia-builder-el-19  el_after_av_section  el_before_av_section  avia-builder-el-no-sibling  first flex_column_div  '     ><p>\n<style type=\"text\/css\" data-created_by=\"avia_inline_auto\" id=\"style-css-av-7fr55h-ce99d835e7c92aca6e932c0a41fa114e\">\n#top .av-special-heading.av-7fr55h-ce99d835e7c92aca6e932c0a41fa114e{\npadding-bottom:20px;\ncolor:#ed7366;\nfont-size:30px;\n}\nbody .av-special-heading.av-7fr55h-ce99d835e7c92aca6e932c0a41fa114e .av-special-heading-tag .heading-char{\nfont-size:25px;\n}\n#top #wrap_all .av-special-heading.av-7fr55h-ce99d835e7c92aca6e932c0a41fa114e .av-special-heading-tag{\nfont-size:30px;\n}\n.av-special-heading.av-7fr55h-ce99d835e7c92aca6e932c0a41fa114e .special-heading-inner-border{\nborder-color:#ed7366;\n}\n.av-special-heading.av-7fr55h-ce99d835e7c92aca6e932c0a41fa114e .av-subheading{\nfont-size:15px;\n}\n\n@media only screen and (min-width: 480px) and (max-width: 767px){ \n#top #wrap_all .av-special-heading.av-7fr55h-ce99d835e7c92aca6e932c0a41fa114e .av-special-heading-tag{\nfont-size:0.8em;\n}\n}\n\n@media only screen and (max-width: 479px){ \n#top #wrap_all .av-special-heading.av-7fr55h-ce99d835e7c92aca6e932c0a41fa114e .av-special-heading-tag{\nfont-size:0.8em;\n}\n}\n<\/style>\n<div  class='av-special-heading av-7fr55h-ce99d835e7c92aca6e932c0a41fa114e av-special-heading-h3 custom-color-heading blockquote modern-quote  avia-builder-el-20  el_before_av_textblock  avia-builder-el-first  av-inherit-size'><h3 class='av-special-heading-tag '  itemprop=\"headline\"  >IALC<\/h3><div class=\"special-heading-border\"><div class=\"special-heading-inner-border\"><\/div><\/div><\/div><br \/>\n<section  class='av_textblock_section av-202spx1-af7d1035077564a43199d3fa822a8489 '   itemscope=\"itemscope\" itemtype=\"https:\/\/schema.org\/CreativeWork\" ><div class='avia_textblock'  itemprop=\"text\" ><p>IALC es una <strong>asociaci\u00f3n internacional<\/strong>, fundada en 1983, que re\u00fane a las escuelas de idiomas reconocidas por la calidad de sus cursos de idiomas y de los servicios ofertados.<\/p>\n<p>Solo las escuelas individuales e independientes pueden ser miembros de IALC.<\/p>\n<p>La <strong>etiqueta IALC garantiza un alto nivel de profesionalidad y de servicio.\u00a0 \u00a0\u00a0<\/strong><\/p>\n<p>En Francia existen s\u00f3lo 13 escuelas de lengua francesa han cumplido todos los criterios exigidos por la IALC\u00a0 para ser miembro, incluido alpha.b.<\/p>\n<p>Alpha.b est\u00e1 <strong>controlada regularmente<\/strong> por inspectores IALC que garantizan la calidad de cursos de franc\u00e9s as\u00ed como la calidad de los servicios generales ofrecidos.<\/p>\n<p>M\u00e1s informaci\u00f3n :<span style=\"color: #0000ff;\"> www.ialc.org<\/span><\/p>\n<\/div><\/section><\/p><\/div><\/p>\n<\/div><\/div><\/div><!-- close content main div --><\/div><\/div>\n<style type=\"text\/css\" data-created_by=\"avia_inline_auto\" id=\"style-css-av-5cq3hx-ae07c1ad3588113f1d9ab3b2b6b820a1\">\n.avia-section.av-5cq3hx-ae07c1ad3588113f1d9ab3b2b6b820a1{\nbackground-color:#dddddd;\nbackground-image:unset;\n}\n<\/style>\n<div id='av_section_2'  class='avia-section av-5cq3hx-ae07c1ad3588113f1d9ab3b2b6b820a1 main_color avia-section-small avia-no-border-styling  avia-builder-el-22  el_after_av_one_full  el_before_av_one_full  avia-bg-style-scroll container_wrap sidebar_right'  ><div class='container av-section-cont-open' ><div class='template-page content  av-content-small alpha units'><div class='post-entry post-entry-type-page post-entry-13126'><div class='entry-content-wrapper clearfix'>\n\n<style type=\"text\/css\" data-created_by=\"avia_inline_auto\" id=\"style-css-av-1qaoblx-41a785ebd0f0c591d636d9ae04630c61\">\n#top .av-special-heading.av-1qaoblx-41a785ebd0f0c591d636d9ae04630c61{\npadding-bottom:20px;\ncolor:#ed7366;\nfont-size:30px;\n}\nbody .av-special-heading.av-1qaoblx-41a785ebd0f0c591d636d9ae04630c61 .av-special-heading-tag .heading-char{\nfont-size:25px;\n}\n#top #wrap_all .av-special-heading.av-1qaoblx-41a785ebd0f0c591d636d9ae04630c61 .av-special-heading-tag{\nfont-size:30px;\n}\n.av-special-heading.av-1qaoblx-41a785ebd0f0c591d636d9ae04630c61 .special-heading-inner-border{\nborder-color:#ed7366;\n}\n.av-special-heading.av-1qaoblx-41a785ebd0f0c591d636d9ae04630c61 .av-subheading{\nfont-size:15px;\n}\n\n@media only screen and (min-width: 480px) and (max-width: 767px){ \n#top #wrap_all .av-special-heading.av-1qaoblx-41a785ebd0f0c591d636d9ae04630c61 .av-special-heading-tag{\nfont-size:0.8em;\n}\n}\n\n@media only screen and (max-width: 479px){ \n#top #wrap_all .av-special-heading.av-1qaoblx-41a785ebd0f0c591d636d9ae04630c61 .av-special-heading-tag{\nfont-size:0.8em;\n}\n}\n<\/style>\n<div  class='av-special-heading av-1qaoblx-41a785ebd0f0c591d636d9ae04630c61 av-special-heading-h3 custom-color-heading blockquote modern-quote  avia-builder-el-23  el_before_av_textblock  avia-builder-el-first  av-inherit-size'><h3 class='av-special-heading-tag '  itemprop=\"headline\"  >CAMPUS FRANCIA<\/h3><div class=\"special-heading-border\"><div class=\"special-heading-inner-border\"><\/div><\/div><\/div>\n<section  class='av_textblock_section av-1onmz9h-0ceaaff48299a9b1f0ff9533c2012bec '   itemscope=\"itemscope\" itemtype=\"https:\/\/schema.org\/CreativeWork\" ><div class='avia_textblock'  itemprop=\"text\" ><p><strong>Campus Francia<\/strong> valid\u00f3 el ingreso de la escuela de franc\u00e9s Alpha.b en la agencia.<\/p>\n<p>Necesit\u00e1bamos los siguientes 3 criterios :<\/p>\n<p>1. Establecimientos con el estatus de educaci\u00f3n superior p\u00fablica O privada O libre O instituto nacional de investigaci\u00f3n y\/o formaci\u00f3n.<\/p>\n<p>2. Establecimientos con un reconocimiento del Estado.<\/p>\n<p>3. Establecimientos con convenios, asociaciones o acuerdos internacionales con establecimientos de ense\u00f1anza superior (universidades francesas y extranjeras)<\/p>\n<p>Campus Francia es : la <strong>promoci\u00f3n en el extranjero<\/strong> del sistema franc\u00e9s\u00a0 de ense\u00f1anza superior y formaci\u00f3n profesional, incluido las escuelas de lengua francesa en Francia.<\/p>\n<p>Campus Francia es tambi\u00e9n informar, orientar, conocer y recibir estudiantes internacionales a trav\u00e9s de multiples misiones.<\/p>\n<p>M\u00e1s informaci\u00f3n en : <span style=\"color: #0000ff;\">www.campusfrance.org<\/span><\/p>\n<\/div><\/section>\n<\/div><\/div><\/div><!-- close content main div --><\/div><\/div><div id='after_section_2'  class='main_color av_default_container_wrap container_wrap sidebar_right'  ><div class='container av-section-cont-open' ><div class='template-page content  av-content-small alpha units'><div class='post-entry post-entry-type-page post-entry-13126'><div class='entry-content-wrapper clearfix'>\n\n<style type=\"text\/css\" data-created_by=\"avia_inline_auto\" id=\"style-css-av-14a55p1-e0282d694af86b2d0be6535e705ac0c9\">\n.flex_column.av-14a55p1-e0282d694af86b2d0be6535e705ac0c9{\nborder-radius:0px 0px 0px 0px;\npadding:20px 20px 20px 20px;\n}\n\n@media only screen and (max-width: 479px){ \n.flex_column.av-14a55p1-e0282d694af86b2d0be6535e705ac0c9{\npadding:20px 20px 20px 20px;\n}\n}\n<\/style>\n<div  class='flex_column av-14a55p1-e0282d694af86b2d0be6535e705ac0c9 av_one_full  avia-builder-el-25  el_after_av_section  el_before_av_section  avia-builder-el-no-sibling  first flex_column_div  '     ><p>\n<style type=\"text\/css\" data-created_by=\"avia_inline_auto\" id=\"style-css-av-12f6r05-ceff7c0e16f39ac37e1745acd4ea2615\">\n#top .av-special-heading.av-12f6r05-ceff7c0e16f39ac37e1745acd4ea2615{\npadding-bottom:20px;\ncolor:#ed7366;\nfont-size:30px;\n}\nbody .av-special-heading.av-12f6r05-ceff7c0e16f39ac37e1745acd4ea2615 .av-special-heading-tag .heading-char{\nfont-size:25px;\n}\n#top #wrap_all .av-special-heading.av-12f6r05-ceff7c0e16f39ac37e1745acd4ea2615 .av-special-heading-tag{\nfont-size:30px;\n}\n.av-special-heading.av-12f6r05-ceff7c0e16f39ac37e1745acd4ea2615 .special-heading-inner-border{\nborder-color:#ed7366;\n}\n.av-special-heading.av-12f6r05-ceff7c0e16f39ac37e1745acd4ea2615 .av-subheading{\nfont-size:15px;\n}\n\n@media only screen and (min-width: 480px) and (max-width: 767px){ \n#top #wrap_all .av-special-heading.av-12f6r05-ceff7c0e16f39ac37e1745acd4ea2615 .av-special-heading-tag{\nfont-size:0.8em;\n}\n}\n\n@media only screen and (max-width: 479px){ \n#top #wrap_all .av-special-heading.av-12f6r05-ceff7c0e16f39ac37e1745acd4ea2615 .av-special-heading-tag{\nfont-size:0.8em;\n}\n}\n<\/style>\n<div  class='av-special-heading av-12f6r05-ceff7c0e16f39ac37e1745acd4ea2615 av-special-heading-h3 custom-color-heading blockquote modern-quote  avia-builder-el-26  el_before_av_textblock  avia-builder-el-first  av-inherit-size'><h3 class='av-special-heading-tag '  itemprop=\"headline\"  >CSN<\/h3><div class=\"special-heading-border\"><div class=\"special-heading-inner-border\"><\/div><\/div><\/div><br \/>\n<section  class='av_textblock_section av-11e4qb9-66e37247456f99f327d29706c46ba0e3 '   itemscope=\"itemscope\" itemtype=\"https:\/\/schema.org\/CreativeWork\" ><div class='avia_textblock'  itemprop=\"text\" ><p>Los cursos de franc\u00e9s de Alpha.b cuentan con el reconocimiento oficial del gobierno sueco para la formaci\u00f3n continua (CSN).<\/p>\n<p>Esta certificaci\u00f3n permite a los estudiantes suecos acceder a una inmersi\u00f3n ling\u00fc\u00edstica de calidad en Francia, mientras se benefician de las ayudas educativas suecas.<\/p>\n<p>Podr\u00e1n desarrollar sus habilidades ling\u00fc\u00edsticas en un entorno pedag\u00f3gico y cultural \u00fanico en la Costa Azul.<\/p>\n<\/div><\/section><\/p><\/div><\/div><\/div><\/div><!-- close content main div --><\/div><\/div>\n<style type=\"text\/css\" data-created_by=\"avia_inline_auto\" id=\"style-css-av-4f5w4l-7a2220b5f43d4557c1875dc674b4bd8e\">\n.avia-section.av-4f5w4l-7a2220b5f43d4557c1875dc674b4bd8e{\nbackground-color:#ffe01b;\nbackground-image:unset;\n}\n<\/style>\n<div id='av_section_3'  class='avia-section av-4f5w4l-7a2220b5f43d4557c1875dc674b4bd8e main_color avia-section-small avia-no-border-styling  avia-builder-el-28  el_after_av_one_full  el_before_av_one_full  avia-bg-style-scroll container_wrap sidebar_right'  ><div class='container av-section-cont-open' ><div class='template-page content  av-content-small alpha units'><div class='post-entry post-entry-type-page post-entry-13126'><div class='entry-content-wrapper clearfix'>\n\n<style type=\"text\/css\" data-created_by=\"avia_inline_auto\" id=\"style-css-av-f7sl91-5515e5a4822aebf51618b9189d3f3c54\">\n#top .av-special-heading.av-f7sl91-5515e5a4822aebf51618b9189d3f3c54{\npadding-bottom:20px;\nfont-size:30px;\n}\nbody .av-special-heading.av-f7sl91-5515e5a4822aebf51618b9189d3f3c54 .av-special-heading-tag .heading-char{\nfont-size:25px;\n}\n#top #wrap_all .av-special-heading.av-f7sl91-5515e5a4822aebf51618b9189d3f3c54 .av-special-heading-tag{\nfont-size:30px;\n}\n.av-special-heading.av-f7sl91-5515e5a4822aebf51618b9189d3f3c54 .av-subheading{\nfont-size:15px;\n}\n\n@media only screen and (min-width: 480px) and (max-width: 767px){ \n#top #wrap_all .av-special-heading.av-f7sl91-5515e5a4822aebf51618b9189d3f3c54 .av-special-heading-tag{\nfont-size:0.8em;\n}\n}\n\n@media only screen and (max-width: 479px){ \n#top #wrap_all .av-special-heading.av-f7sl91-5515e5a4822aebf51618b9189d3f3c54 .av-special-heading-tag{\nfont-size:0.8em;\n}\n}\n<\/style>\n<div  class='av-special-heading av-f7sl91-5515e5a4822aebf51618b9189d3f3c54 av-special-heading-h3 blockquote modern-quote  avia-builder-el-29  el_before_av_textblock  avia-builder-el-first  av-inherit-size'><h3 class='av-special-heading-tag '  itemprop=\"headline\"  >Grupo FLE<\/h3><div class=\"special-heading-border\"><div class=\"special-heading-inner-border\"><\/div><\/div><\/div>\n<section  class='av_textblock_section av-dkrgmd-8482ace5ab2448a9b1e393c4ab76fcdb '   itemscope=\"itemscope\" itemtype=\"https:\/\/schema.org\/CreativeWork\" ><div class='avia_textblock av_inherit_color'  itemprop=\"text\" ><p>Nuestro instituto ling\u00fc\u00edstico alpha.b forma parte del grupo FLE.<\/p>\n<p>Es un grupo que re\u00fane escuelas de franc\u00e9s ofreciendo una garant\u00eda de servicios de calidad a sus estudiantes.<\/p>\n<p>Como miembro del grupo FLE, nos hemos adherido a un sistema de referencia que garantiza la calidad basada en criterios, compromisos y controles.<\/p>\n<p>M\u00e1s informaci\u00f3n en <span style=\"color: #0000ff;\">el sitio web del Grupo FLE<\/span><\/p>\n<\/div><\/section>\n<\/div><\/div><\/div><!-- close content main div --><\/div><\/div><div id='after_section_3'  class='main_color av_default_container_wrap container_wrap sidebar_right'  ><div class='container av-section-cont-open' ><div class='template-page content  av-content-small alpha units'><div class='post-entry post-entry-type-page post-entry-13126'><div class='entry-content-wrapper clearfix'><\/p>\n\n<style type=\"text\/css\" data-created_by=\"avia_inline_auto\" id=\"style-css-av-t5exk5-12-deb983393b7afbd06f1eb83f89fcf238\">\n.flex_column.av-t5exk5-12-deb983393b7afbd06f1eb83f89fcf238{\nborder-radius:0px 0px 0px 0px;\npadding:20px 20px 20px 20px;\n}\n\n@media only screen and (max-width: 479px){ \n.flex_column.av-t5exk5-12-deb983393b7afbd06f1eb83f89fcf238{\npadding:20px 20px 20px 20px;\n}\n}\n<\/style>\n<div  class='flex_column av-t5exk5-12-deb983393b7afbd06f1eb83f89fcf238 av_one_full  avia-builder-el-31  el_after_av_section  el_before_av_section  avia-builder-el-no-sibling  first flex_column_div  '     ><p>\n<style type=\"text\/css\" data-created_by=\"avia_inline_auto\" id=\"style-css-av-junvi17w-192302b375b904d8e90ea50b3097f26d\">\n#top .av-special-heading.av-junvi17w-192302b375b904d8e90ea50b3097f26d{\npadding-bottom:20px;\ncolor:#ed7366;\nfont-size:30px;\n}\nbody .av-special-heading.av-junvi17w-192302b375b904d8e90ea50b3097f26d .av-special-heading-tag .heading-char{\nfont-size:25px;\n}\n#top #wrap_all .av-special-heading.av-junvi17w-192302b375b904d8e90ea50b3097f26d .av-special-heading-tag{\nfont-size:30px;\n}\n.av-special-heading.av-junvi17w-192302b375b904d8e90ea50b3097f26d .special-heading-inner-border{\nborder-color:#ed7366;\n}\n.av-special-heading.av-junvi17w-192302b375b904d8e90ea50b3097f26d .av-subheading{\nfont-size:15px;\n}\n\n@media only screen and (min-width: 480px) and (max-width: 767px){ \n#top #wrap_all .av-special-heading.av-junvi17w-192302b375b904d8e90ea50b3097f26d .av-special-heading-tag{\nfont-size:0.8em;\n}\n}\n\n@media only screen and (max-width: 479px){ \n#top #wrap_all .av-special-heading.av-junvi17w-192302b375b904d8e90ea50b3097f26d .av-special-heading-tag{\nfont-size:0.8em;\n}\n}\n<\/style>\n<div  class='av-special-heading av-junvi17w-192302b375b904d8e90ea50b3097f26d av-special-heading-h3 custom-color-heading blockquote modern-quote  avia-builder-el-32  el_before_av_textblock  avia-builder-el-first  av-inherit-size'><h3 class='av-special-heading-tag '  itemprop=\"headline\"  >F\u00e9d\u00e9ration internationale des professeurs de fran\u00e7ais &#8211; Federaci\u00f3n Internacional de Profesores de Franc\u00e9s (FIPF)<\/h3><div class=\"special-heading-border\"><div class=\"special-heading-inner-border\"><\/div><\/div><\/div><br \/>\n<section  class='av_textblock_section av-2mrv1x-11-979aea7d340d7803d9676e8879a40af6 '   itemscope=\"itemscope\" itemtype=\"https:\/\/schema.org\/CreativeWork\" ><div class='avia_textblock'  itemprop=\"text\" ><ul>\n<li><strong>\u00bfQui\u00e9nes somos?<\/strong><\/li>\n<\/ul>\n<p>El mundo en franc\u00e9s es la plataforma colaborativa de la red de asociaciones y federaciones afiliadas a la Federaci\u00f3n Internacional de Profesores de Franc\u00e9s (FIPF).<\/p>\n<p>Est\u00e1 dirigida en particular a los profesores de franc\u00e9s, como lengua materna, lengua segunda o lengua extranjera, miembros de la red FIPF, pero tambi\u00e9n a todos los profesores de franc\u00e9s en todo el mundo, as\u00ed como a todos los apasionados de la lengua francesa y las culturas franc\u00f3fonas.<\/p>\n<p>El objetivo de la FIPF es hacer de esta plataforma una \u00e1gora virtual ejemplar en la que se re\u00fanan todos los profesores de franc\u00e9s y los amigos de la francofon\u00eda.<\/p>\n<p>M\u00e1s informaci\u00f3n en: <a href=\"http:\/\/fipf.org\/\" target=\"_new\" rel=\"noopener\">http:\/\/fipf.org\/<\/a><\/p>\n<\/div><\/section><\/p><\/div>\n<\/div><\/div><\/div><!-- close content main div --><\/div><\/div>\n<style type=\"text\/css\" data-created_by=\"avia_inline_auto\" id=\"style-css-av-29qwc5-3e63d05aede400029b50d9d29da0c34f\">\n.avia-section.av-29qwc5-3e63d05aede400029b50d9d29da0c34f{\nbackground-color:#dddddd;\nbackground-image:unset;\n}\n<\/style>\n<div id='av_section_4'  class='avia-section av-29qwc5-3e63d05aede400029b50d9d29da0c34f main_color avia-section-small avia-no-border-styling  avia-builder-el-34  el_after_av_one_full  el_before_av_one_full  avia-bg-style-scroll container_wrap sidebar_right'  ><div class='container av-section-cont-open' ><div class='template-page content  av-content-small alpha units'><div class='post-entry post-entry-type-page post-entry-13126'><div class='entry-content-wrapper clearfix'>\n\n<style type=\"text\/css\" data-created_by=\"avia_inline_auto\" id=\"style-css-av-39s1v9-3471eaed5204f16ea4d946da53ccb0f6\">\n#top .av-special-heading.av-39s1v9-3471eaed5204f16ea4d946da53ccb0f6{\npadding-bottom:20px;\ncolor:#ed7366;\nfont-size:30px;\n}\nbody .av-special-heading.av-39s1v9-3471eaed5204f16ea4d946da53ccb0f6 .av-special-heading-tag .heading-char{\nfont-size:25px;\n}\n#top #wrap_all .av-special-heading.av-39s1v9-3471eaed5204f16ea4d946da53ccb0f6 .av-special-heading-tag{\nfont-size:30px;\n}\n.av-special-heading.av-39s1v9-3471eaed5204f16ea4d946da53ccb0f6 .special-heading-inner-border{\nborder-color:#ed7366;\n}\n.av-special-heading.av-39s1v9-3471eaed5204f16ea4d946da53ccb0f6 .av-subheading{\nfont-size:15px;\n}\n\n@media only screen and (min-width: 480px) and (max-width: 767px){ \n#top #wrap_all .av-special-heading.av-39s1v9-3471eaed5204f16ea4d946da53ccb0f6 .av-special-heading-tag{\nfont-size:0.8em;\n}\n}\n\n@media only screen and (max-width: 479px){ \n#top #wrap_all .av-special-heading.av-39s1v9-3471eaed5204f16ea4d946da53ccb0f6 .av-special-heading-tag{\nfont-size:0.8em;\n}\n}\n<\/style>\n<div  class='av-special-heading av-39s1v9-3471eaed5204f16ea4d946da53ccb0f6 av-special-heading-h3 custom-color-heading blockquote modern-quote  avia-builder-el-35  el_before_av_textblock  avia-builder-el-first  av-inherit-size'><h3 class='av-special-heading-tag '  itemprop=\"headline\"  >Bildungsurlqub<\/h3><div class=\"special-heading-border\"><div class=\"special-heading-inner-border\"><\/div><\/div><\/div>\n<section  class='av_textblock_section av-1cu8c3p-68a993ee1297748a88a0e4dea27be245 '   itemscope=\"itemscope\" itemtype=\"https:\/\/schema.org\/CreativeWork\" ><div class='avia_textblock'  itemprop=\"text\" ><p>En el marco de la iniciativa Bildungsurlaub, nuestra escuela est\u00e1 reconocida por varios L\u00e4nder alemanes, especialmente Baden-W\u00fcrttemberg, Berl\u00edn, Brandeburgo, Bremen, Hamburgo, Hesse, Baja Sajonia, Renania-Palatinado, Sarre y Schleswig-Holstein.<\/p>\n<p>Este reconocimiento permite a los profesionales alemanes participar en cursos intensivos de franc\u00e9s mientras disfrutan de un permiso de formaci\u00f3n.<\/p>\n<p>Los programas est\u00e1n dise\u00f1ados para adaptarse a las necesidades profesionales y fomentar un aprendizaje eficaz e inmersivo.<\/p>\n<\/div><\/section>\n<\/div><\/div><\/div><!-- close content main div --><\/div><\/div><div id='after_section_4'  class='main_color av_default_container_wrap container_wrap sidebar_right'  ><div class='container av-section-cont-open' ><div class='template-page content  av-content-small alpha units'><div class='post-entry post-entry-type-page post-entry-13126'><div class='entry-content-wrapper clearfix'>\n<style type=\"text\/css\" data-created_by=\"avia_inline_auto\" id=\"style-css-av-2cwpk5-4320addfd1dc82d918879b3b64bccd9c\">\n.flex_column.av-2cwpk5-4320addfd1dc82d918879b3b64bccd9c{\nborder-radius:0px 0px 0px 0px;\npadding:20px 20px 20px 20px;\n}\n\n@media only screen and (max-width: 479px){ \n.flex_column.av-2cwpk5-4320addfd1dc82d918879b3b64bccd9c{\npadding:20px 20px 20px 20px;\n}\n}\n<\/style>\n<div  class='flex_column av-2cwpk5-4320addfd1dc82d918879b3b64bccd9c av_one_full  avia-builder-el-37  el_after_av_section  el_before_av_section  avia-builder-el-no-sibling  first flex_column_div  '     ><p>\n<style type=\"text\/css\" data-created_by=\"avia_inline_auto\" id=\"style-css-av-lvp64oyt-850f68535580df84bd63a130747668a4\">\n#top .av-special-heading.av-lvp64oyt-850f68535580df84bd63a130747668a4{\npadding-bottom:20px;\ncolor:#ed7366;\nfont-size:30px;\n}\nbody .av-special-heading.av-lvp64oyt-850f68535580df84bd63a130747668a4 .av-special-heading-tag .heading-char{\nfont-size:25px;\n}\n#top #wrap_all .av-special-heading.av-lvp64oyt-850f68535580df84bd63a130747668a4 .av-special-heading-tag{\nfont-size:30px;\n}\n.av-special-heading.av-lvp64oyt-850f68535580df84bd63a130747668a4 .special-heading-inner-border{\nborder-color:#ed7366;\n}\n.av-special-heading.av-lvp64oyt-850f68535580df84bd63a130747668a4 .av-subheading{\nfont-size:15px;\n}\n\n@media only screen and (min-width: 480px) and (max-width: 767px){ \n#top #wrap_all .av-special-heading.av-lvp64oyt-850f68535580df84bd63a130747668a4 .av-special-heading-tag{\nfont-size:0.8em;\n}\n}\n\n@media only screen and (max-width: 479px){ \n#top #wrap_all .av-special-heading.av-lvp64oyt-850f68535580df84bd63a130747668a4 .av-special-heading-tag{\nfont-size:0.8em;\n}\n}\n<\/style>\n<div  class='av-special-heading av-lvp64oyt-850f68535580df84bd63a130747668a4 av-special-heading-h3 custom-color-heading blockquote modern-quote  avia-builder-el-38  el_before_av_textblock  avia-builder-el-first  av-inherit-size'><h3 class='av-special-heading-tag '  itemprop=\"headline\"  >La Tarjeta Joven Europea<\/h3><div class=\"special-heading-border\"><div class=\"special-heading-inner-border\"><\/div><\/div><\/div><br \/>\n<section  class='av_textblock_section av-lvp5sqpz-a13cbc72c1b9f611242da0b3217be251 '   itemscope=\"itemscope\" itemtype=\"https:\/\/schema.org\/CreativeWork\" ><div class='avia_textblock'  itemprop=\"text\" ><p>La <strong>Tarjeta Joven Europea<\/strong> es la tarjeta de referencia con beneficios en Europa para los j\u00f3venes de entre 12 y 30 a\u00f1os, ofreci\u00e9ndoles tarifas preferenciales en todos los \u00e1mbitos.<\/p>\n<p>Permite acceder a descuentos en estancias, ocio, salidas, alojamiento, deporte, cultura, transporte&#8230; \u00a1y descuentos en las Alianzas Francesas de Francia!<\/p>\n<p>Su ventaja: la reciprocidad entre los 38 pa\u00edses de Europa.<\/p>\n<p>Con mi tarjeta joven, soy reconocido en todos esos pa\u00edses y puedo disfrutar de los 60.000 beneficios y promociones ofrecidos por las estructuras regionales o nacionales.<\/p>\n<p>La tarjeta es v\u00e1lida en los 38 pa\u00edses de Europa siguientes: Albania, Alemania, Andorra, Inglaterra, Austria, Azerbaiy\u00e1n, B\u00e9lgica, Bosnia-Herzegovina, Bulgaria, Chipre, Croacia, Escocia, Espa\u00f1a, Finlandia, Francia, Grecia, Hungr\u00eda, Irlanda, Italia, Lituania, Luxemburgo, Macedonia, Malta, Moldavia, Montenegro, Noruega, Pa\u00edses Bajos, Polonia, Portugal, Rep\u00fablica Checa, Ruman\u00eda, Rusia, Serbia, Eslovaquia, Eslovenia, Suecia, Suiza, Turqu\u00eda y Ucrania.<\/p>\n<p>Encuentra todas las ofertas por pa\u00eds, regi\u00f3n, ciudad y tem\u00e1tica en el motor de b\u00fasqueda <a href=\"http:\/\/eyca.org\" target=\"_new\" rel=\"noopener\">eyca.org<\/a> (sitio en ingl\u00e9s) y en <a href=\"http:\/\/cartejeunes.fr\" target=\"_new\" rel=\"noopener\">cartejeunes.fr<\/a>.<\/p>\n<p>M\u00e1s de 8 millones de j\u00f3venes en Europa son titulares de una Tarjeta Joven Europea.<\/p>\n<p>La <strong>Tarjeta Joven Europea<\/strong> cuesta solo <strong>10\u20ac<\/strong> en su versi\u00f3n digital. Es v\u00e1lida por 1 a\u00f1o.<\/p>\n<p>Puedes pedir la Tarjeta Joven Europea en l\u00ednea en <a href=\"http:\/\/cartejeunes.fr\" target=\"_new\" rel=\"noopener\">cartejeunes.fr<\/a>. Se te solicitar\u00e1n 10 \u20ac, pagaderos con tarjeta bancaria o PayPal, adem\u00e1s de una copia de tu documento de identidad y una foto de identificaci\u00f3n si deseas la tarjeta f\u00edsica.<\/p>\n<p>Para m\u00e1s informaci\u00f3n:<\/p>\n<p>Por correo electr\u00f3nico: <strong><a rel=\"noopener\">info@cartejeunes.fr<\/a><\/strong><\/p>\n<p>En internet: <strong>cartejeunes.fr<\/strong><\/p>\n<\/div><\/section><\/p><\/div><\/p>\n<\/div><\/div><\/div><!-- close content main div --><\/div><\/div>\n<style type=\"text\/css\" data-created_by=\"avia_inline_auto\" id=\"style-css-av-afe3lx-6802677eb73b8171af8ec51229f8a62e\">\n.avia-section.av-afe3lx-6802677eb73b8171af8ec51229f8a62e{\nbackground-color:#ff7337;\nbackground-image:unset;\n}\n.avia-section.av-afe3lx-6802677eb73b8171af8ec51229f8a62e .av-section-color-overlay{\nopacity:0.1;\n}\n<\/style>\n<div id='sign-up'  class='avia-section av-afe3lx-6802677eb73b8171af8ec51229f8a62e main_color avia-section-default avia-no-shadow  avia-builder-el-40  el_after_av_one_full  avia-builder-el-last  avia-bg-style-parallax av-section-color-overlay-active container_wrap sidebar_right'  ><div class=\"av-section-color-overlay-wrap\"><div class=\"av-section-color-overlay\"><\/div><div class='container av-section-cont-open' ><div class='template-page content  av-content-small alpha units'><div class='post-entry post-entry-type-page post-entry-13126'><div class='entry-content-wrapper clearfix'>\n\n<style type=\"text\/css\" data-created_by=\"avia_inline_auto\" id=\"style-css-av-8iu1at-f3e07bbea29da28ad53ed5b0910b319d\">\n#top .av-special-heading.av-8iu1at-f3e07bbea29da28ad53ed5b0910b319d{\npadding-bottom:10px;\ncolor:#ffffff;\nfont-size:30px;\n}\nbody .av-special-heading.av-8iu1at-f3e07bbea29da28ad53ed5b0910b319d .av-special-heading-tag .heading-char{\nfont-size:25px;\n}\n#top #wrap_all .av-special-heading.av-8iu1at-f3e07bbea29da28ad53ed5b0910b319d .av-special-heading-tag{\nfont-size:30px;\n}\n.av-special-heading.av-8iu1at-f3e07bbea29da28ad53ed5b0910b319d .special-heading-inner-border{\nborder-color:#ffffff;\n}\n.av-special-heading.av-8iu1at-f3e07bbea29da28ad53ed5b0910b319d .av-subheading{\nfont-size:15px;\n}\n\n@media only screen and (min-width: 480px) and (max-width: 767px){ \n#top #wrap_all .av-special-heading.av-8iu1at-f3e07bbea29da28ad53ed5b0910b319d .av-special-heading-tag{\nfont-size:0.8em;\n}\n}\n\n@media only screen and (max-width: 479px){ \n#top #wrap_all .av-special-heading.av-8iu1at-f3e07bbea29da28ad53ed5b0910b319d .av-special-heading-tag{\nfont-size:0.8em;\n}\n}\n<\/style>\n<div  class='av-special-heading av-8iu1at-f3e07bbea29da28ad53ed5b0910b319d av-special-heading-h3 custom-color-heading blockquote modern-quote modern-centered  avia-builder-el-41  el_before_av_one_fifth  avia-builder-el-first  av-inherit-size'><h3 class='av-special-heading-tag '  itemprop=\"headline\"  >\u00bfQuiere reservar su estancia ling\u00fc\u00edstica ?<\/h3><div class=\"special-heading-border\"><div class=\"special-heading-inner-border\"><\/div><\/div><\/div>\n<div  class='flex_column av-p2uz9-a32a99b9142d8f6107a52ffcbe86d010 av_one_fifth  avia-builder-el-42  el_after_av_heading  el_before_av_three_fifth  first flex_column_div  '     ><\/div>\n<style type=\"text\/css\" data-created_by=\"avia_inline_auto\" id=\"style-css-av-5r9adh-cfd8c855ba7d13eed991338ee6d3dca5\">\n.flex_column.av-5r9adh-cfd8c855ba7d13eed991338ee6d3dca5{\nborder-radius:0px 0px 0px 0px;\npadding:0px 0px 0px 0px;\n}\n<\/style>\n<div  class='flex_column av-5r9adh-cfd8c855ba7d13eed991338ee6d3dca5 av_three_fifth  avia-builder-el-43  el_after_av_one_fifth  el_before_av_one_fifth  flex_column_div av-zero-column-padding  '     ><div  class='avia-button-wrap av-4kq2x1-2a3e6db394ec405b807a7ce3dc4ebab6-wrap avia-button-center  avia-builder-el-44  avia-builder-el-no-sibling '><a href='https:\/\/www.alpha-b.fr\/es\/inscripcion-para-el-curso-de-frances\/'  class='avia-button av-4kq2x1-2a3e6db394ec405b807a7ce3dc4ebab6 av-link-btn avia-icon_select-no avia-size-x-large avia-position-center avia-color-light'   aria-label=\"Haga clic aqui\"><span class='avia_iconbox_title' >Haga clic aqui<\/span><\/a><\/div><\/div>\n<style type=\"text\/css\" data-created_by=\"avia_inline_auto\" id=\"style-css-av-25b05x-f56bc1b775606f6834c3c1d3ce248866\">\n.flex_column.av-25b05x-f56bc1b775606f6834c3c1d3ce248866{\nborder-radius:0px 0px 0px 0px;\npadding:0px 0px 0px 0px;\n}\n<\/style>\n<div  class='flex_column av-25b05x-f56bc1b775606f6834c3c1d3ce248866 av_one_fifth  avia-builder-el-45  el_after_av_three_fifth  avia-builder-el-last  flex_column_div av-zero-column-padding  '     ><\/div>\n<\/div><\/div><\/div><!-- close content main div --><\/div><\/div><\/div><div id='after_section_5'  class='main_color av_default_container_wrap container_wrap sidebar_right'  ><div class='container av-section-cont-open' ><div class='template-page content  av-content-small alpha units'><div class='post-entry post-entry-type-page post-entry-13126'><div class='entry-content-wrapper clearfix'>\n","protected":false},"excerpt":{"rendered":"","protected":false},"author":2,"featured_media":0,"parent":0,"menu_order":0,"comment_status":"closed","ping_status":"closed","template":"","meta":{"_exactmetrics_skip_tracking":false,"_exactmetrics_sitenote_active":false,"_exactmetrics_sitenote_note":"","_exactmetrics_sitenote_category":0,"footnotes":""},"class_list":["post-13126","page","type-page","status-publish","hentry"],"yoast_head":"<!-- This site is optimized with the Yoast SEO plugin v27.5 - https:\/\/yoast.com\/product\/yoast-seo-wordpress\/ -->\n<title>Acreditaciones y etiquetas de calidad | Alphab French school in France<\/title>\n<meta name=\"description\" content=\"Alpha.b es la \u00fanica escuela de idiomas en Niza que ha obtenido las 3 acreditaciones de calidad mas importantes de Francia : Calidad FLE, IALC, Eaquals\" \/>\n<meta name=\"robots\" content=\"index, follow, max-snippet:-1, max-image-preview:large, max-video-preview:-1\" \/>\n<link rel=\"canonical\" href=\"https:\/\/www.alpha-b.fr\/es\/acreditaciones-y-etiquetas-de-calidad\/\" \/>\n<meta property=\"og:locale\" content=\"es_ES\" \/>\n<meta property=\"og:type\" content=\"article\" \/>\n<meta property=\"og:title\" content=\"Acreditaciones y etiquetas de calidad | Alphab French school in France\" \/>\n<meta property=\"og:description\" content=\"Alpha.b es la \u00fanica escuela de idiomas en Niza que ha obtenido las 3 acreditaciones de calidad mas importantes de Francia : Calidad FLE, IALC, Eaquals\" \/>\n<meta property=\"og:url\" content=\"https:\/\/www.alpha-b.fr\/es\/acreditaciones-y-etiquetas-de-calidad\/\" \/>\n<meta property=\"og:site_name\" content=\"Alphab French school in France\" \/>\n<meta property=\"article:publisher\" content=\"https:\/\/www.facebook.com\/AlphabCoursDeFrancais\/\" \/>\n<meta property=\"article:modified_time\" content=\"2026-03-16T13:43:19+00:00\" \/>\n<meta name=\"twitter:card\" content=\"summary_large_image\" \/>\n<meta name=\"twitter:site\" content=\"@alphab_Live\" \/>\n<meta name=\"twitter:label1\" content=\"Est. reading time\" \/>\n\t<meta name=\"twitter:data1\" content=\"13 minutes\" \/>\n<script type=\"application\/ld+json\" class=\"yoast-schema-graph\">{\"@context\":\"https:\\\/\\\/schema.org\",\"@graph\":[{\"@type\":\"WebPage\",\"@id\":\"https:\\\/\\\/www.alpha-b.fr\\\/es\\\/acreditaciones-y-etiquetas-de-calidad\\\/\",\"url\":\"https:\\\/\\\/www.alpha-b.fr\\\/es\\\/acreditaciones-y-etiquetas-de-calidad\\\/\",\"name\":\"Acreditaciones y etiquetas de calidad | Alphab French school in France\",\"isPartOf\":{\"@id\":\"https:\\\/\\\/www.alpha-b.fr\\\/es\\\/#website\"},\"datePublished\":\"2018-07-02T13:04:29+00:00\",\"dateModified\":\"2026-03-16T13:43:19+00:00\",\"description\":\"Alpha.b es la \u00fanica escuela de idiomas en Niza que ha obtenido las 3 acreditaciones de calidad mas importantes de Francia : Calidad FLE, IALC, Eaquals\",\"breadcrumb\":{\"@id\":\"https:\\\/\\\/www.alpha-b.fr\\\/es\\\/acreditaciones-y-etiquetas-de-calidad\\\/#breadcrumb\"},\"inLanguage\":\"es-ES\",\"potentialAction\":[{\"@type\":\"ReadAction\",\"target\":[\"https:\\\/\\\/www.alpha-b.fr\\\/es\\\/acreditaciones-y-etiquetas-de-calidad\\\/\"]}]},{\"@type\":\"BreadcrumbList\",\"@id\":\"https:\\\/\\\/www.alpha-b.fr\\\/es\\\/acreditaciones-y-etiquetas-de-calidad\\\/#breadcrumb\",\"itemListElement\":[{\"@type\":\"ListItem\",\"position\":1,\"name\":\"Accueil\",\"item\":\"https:\\\/\\\/www.alpha-b.fr\\\/es\\\/ecole-de-francais\\\/\"},{\"@type\":\"ListItem\",\"position\":2,\"name\":\"Acreditaciones y etiquetas de calidad\"}]},{\"@type\":\"WebSite\",\"@id\":\"https:\\\/\\\/www.alpha-b.fr\\\/es\\\/#website\",\"url\":\"https:\\\/\\\/www.alpha-b.fr\\\/es\\\/\",\"name\":\"Alphab French school in France\",\"description\":\"Le fran\u00e7ais autrement \ud83c\uddeb\ud83c\uddf7\",\"publisher\":{\"@id\":\"https:\\\/\\\/www.alpha-b.fr\\\/es\\\/#organization\"},\"potentialAction\":[{\"@type\":\"SearchAction\",\"target\":{\"@type\":\"EntryPoint\",\"urlTemplate\":\"https:\\\/\\\/www.alpha-b.fr\\\/es\\\/?s={search_term_string}\"},\"query-input\":{\"@type\":\"PropertyValueSpecification\",\"valueRequired\":true,\"valueName\":\"search_term_string\"}}],\"inLanguage\":\"es-ES\"},{\"@type\":\"Organization\",\"@id\":\"https:\\\/\\\/www.alpha-b.fr\\\/es\\\/#organization\",\"name\":\"Institut linguistique alpha-b\",\"url\":\"https:\\\/\\\/www.alpha-b.fr\\\/es\\\/\",\"logo\":{\"@type\":\"ImageObject\",\"inLanguage\":\"es-ES\",\"@id\":\"https:\\\/\\\/www.alpha-b.fr\\\/es\\\/#\\\/schema\\\/logo\\\/image\\\/\",\"url\":\"https:\\\/\\\/www.alpha-b.fr\\\/wp-content\\\/uploads\\\/2017\\\/05\\\/logoalphab.png\",\"contentUrl\":\"https:\\\/\\\/www.alpha-b.fr\\\/wp-content\\\/uploads\\\/2017\\\/05\\\/logoalphab.png\",\"width\":157,\"height\":92,\"caption\":\"Institut linguistique alpha-b\"},\"image\":{\"@id\":\"https:\\\/\\\/www.alpha-b.fr\\\/es\\\/#\\\/schema\\\/logo\\\/image\\\/\"},\"sameAs\":[\"https:\\\/\\\/www.facebook.com\\\/AlphabCoursDeFrancais\\\/\",\"https:\\\/\\\/x.com\\\/alphab_Live\",\"https:\\\/\\\/www.instagram.com\\\/alphabfrenchschool\\\/\",\"https:\\\/\\\/www.tiktok.com\\\/@alphabfrenchschool\"]}]}<\/script>\n<!-- \/ Yoast SEO plugin. -->","yoast_head_json":{"title":"Acreditaciones y etiquetas de calidad | Alphab French school in France","description":"Alpha.b es la \u00fanica escuela de idiomas en Niza que ha obtenido las 3 acreditaciones de calidad mas importantes de Francia : Calidad FLE, IALC, Eaquals","robots":{"index":"index","follow":"follow","max-snippet":"max-snippet:-1","max-image-preview":"max-image-preview:large","max-video-preview":"max-video-preview:-1"},"canonical":"https:\/\/www.alpha-b.fr\/es\/acreditaciones-y-etiquetas-de-calidad\/","og_locale":"es_ES","og_type":"article","og_title":"Acreditaciones y etiquetas de calidad | Alphab French school in France","og_description":"Alpha.b es la \u00fanica escuela de idiomas en Niza que ha obtenido las 3 acreditaciones de calidad mas importantes de Francia : Calidad FLE, IALC, Eaquals","og_url":"https:\/\/www.alpha-b.fr\/es\/acreditaciones-y-etiquetas-de-calidad\/","og_site_name":"Alphab French school in France","article_publisher":"https:\/\/www.facebook.com\/AlphabCoursDeFrancais\/","article_modified_time":"2026-03-16T13:43:19+00:00","twitter_card":"summary_large_image","twitter_site":"@alphab_Live","twitter_misc":{"Est. reading time":"13 minutes"},"schema":{"@context":"https:\/\/schema.org","@graph":[{"@type":"WebPage","@id":"https:\/\/www.alpha-b.fr\/es\/acreditaciones-y-etiquetas-de-calidad\/","url":"https:\/\/www.alpha-b.fr\/es\/acreditaciones-y-etiquetas-de-calidad\/","name":"Acreditaciones y etiquetas de calidad | Alphab French school in France","isPartOf":{"@id":"https:\/\/www.alpha-b.fr\/es\/#website"},"datePublished":"2018-07-02T13:04:29+00:00","dateModified":"2026-03-16T13:43:19+00:00","description":"Alpha.b es la \u00fanica escuela de idiomas en Niza que ha obtenido las 3 acreditaciones de calidad mas importantes de Francia : Calidad FLE, IALC, Eaquals","breadcrumb":{"@id":"https:\/\/www.alpha-b.fr\/es\/acreditaciones-y-etiquetas-de-calidad\/#breadcrumb"},"inLanguage":"es-ES","potentialAction":[{"@type":"ReadAction","target":["https:\/\/www.alpha-b.fr\/es\/acreditaciones-y-etiquetas-de-calidad\/"]}]},{"@type":"BreadcrumbList","@id":"https:\/\/www.alpha-b.fr\/es\/acreditaciones-y-etiquetas-de-calidad\/#breadcrumb","itemListElement":[{"@type":"ListItem","position":1,"name":"Accueil","item":"https:\/\/www.alpha-b.fr\/es\/ecole-de-francais\/"},{"@type":"ListItem","position":2,"name":"Acreditaciones y etiquetas de calidad"}]},{"@type":"WebSite","@id":"https:\/\/www.alpha-b.fr\/es\/#website","url":"https:\/\/www.alpha-b.fr\/es\/","name":"Alphab French school in France","description":"Le fran\u00e7ais autrement \ud83c\uddeb\ud83c\uddf7","publisher":{"@id":"https:\/\/www.alpha-b.fr\/es\/#organization"},"potentialAction":[{"@type":"SearchAction","target":{"@type":"EntryPoint","urlTemplate":"https:\/\/www.alpha-b.fr\/es\/?s={search_term_string}"},"query-input":{"@type":"PropertyValueSpecification","valueRequired":true,"valueName":"search_term_string"}}],"inLanguage":"es-ES"},{"@type":"Organization","@id":"https:\/\/www.alpha-b.fr\/es\/#organization","name":"Institut linguistique alpha-b","url":"https:\/\/www.alpha-b.fr\/es\/","logo":{"@type":"ImageObject","inLanguage":"es-ES","@id":"https:\/\/www.alpha-b.fr\/es\/#\/schema\/logo\/image\/","url":"https:\/\/www.alpha-b.fr\/wp-content\/uploads\/2017\/05\/logoalphab.png","contentUrl":"https:\/\/www.alpha-b.fr\/wp-content\/uploads\/2017\/05\/logoalphab.png","width":157,"height":92,"caption":"Institut linguistique alpha-b"},"image":{"@id":"https:\/\/www.alpha-b.fr\/es\/#\/schema\/logo\/image\/"},"sameAs":["https:\/\/www.facebook.com\/AlphabCoursDeFrancais\/","https:\/\/x.com\/alphab_Live","https:\/\/www.instagram.com\/alphabfrenchschool\/","https:\/\/www.tiktok.com\/@alphabfrenchschool"]}]}},"_links":{"self":[{"href":"https:\/\/www.alpha-b.fr\/es\/wp-json\/wp\/v2\/pages\/13126","targetHints":{"allow":["GET"]}}],"collection":[{"href":"https:\/\/www.alpha-b.fr\/es\/wp-json\/wp\/v2\/pages"}],"about":[{"href":"https:\/\/www.alpha-b.fr\/es\/wp-json\/wp\/v2\/types\/page"}],"author":[{"embeddable":true,"href":"https:\/\/www.alpha-b.fr\/es\/wp-json\/wp\/v2\/users\/2"}],"replies":[{"embeddable":true,"href":"https:\/\/www.alpha-b.fr\/es\/wp-json\/wp\/v2\/comments?post=13126"}],"version-history":[{"count":0,"href":"https:\/\/www.alpha-b.fr\/es\/wp-json\/wp\/v2\/pages\/13126\/revisions"}],"wp:attachment":[{"href":"https:\/\/www.alpha-b.fr\/es\/wp-json\/wp\/v2\/media?parent=13126"}],"curies":[{"name":"wp","href":"https:\/\/api.w.org\/{rel}","templated":true}]}}