{"id":32370,"date":"2025-01-21T14:18:22","date_gmt":"2025-01-21T13:18:22","guid":{"rendered":"https:\/\/www.alpha-b.fr\/?page_id=32370"},"modified":"2026-04-03T12:38:42","modified_gmt":"2026-04-03T10:38:42","slug":"franzoesisch-intensivkurs-bildungsurlaub","status":"publish","type":"page","link":"https:\/\/www.alpha-b.fr\/de\/franzoesisch-intensivkurs-bildungsurlaub\/","title":{"rendered":"Franz\u00f6sisch Intensivkurs &#8220;Bildungsurlaub&#8221;"},"content":{"rendered":"<div id='full_slider_1'  class='avia-fullwidth-slider main_color avia-shadow   avia-builder-el-0  el_before_av_layout_row  avia-builder-el-first   container_wrap fullsize'  >\n<style type=\"text\/css\" data-created_by=\"avia_inline_auto\" id=\"style-css-av-riuhs5u-8529d4aaa072face11aba309b58db5b8\">\n#top #wrap_all .avia-slideshow .av-slideshow-caption.av-riuhs5u-8529d4aaa072face11aba309b58db5b8__0 .avia-caption-title{\nfont-size:40px;\n}\n\n@media only screen and (max-width: 479px){ \n#top #wrap_all .avia-slideshow .av-slideshow-caption.av-riuhs5u-8529d4aaa072face11aba309b58db5b8__0 .avia-caption-title{\nfont-size:20px;\n}\n}\n<\/style>\n<div  class='avia-slideshow av-riuhs5u-8529d4aaa072face11aba309b58db5b8 avia-slideshow-featured_large av_slideshow_full avia-slide-slider av-slideshow-ui av-control-default av-slideshow-manual av-loop-once av-loop-manual-endless av-default-height-applied   avia-slideshow-1' data-slideshow-options=\"{&quot;animation&quot;:&quot;slide&quot;,&quot;autoplay&quot;:false,&quot;loop_autoplay&quot;:&quot;once&quot;,&quot;interval&quot;:5,&quot;loop_manual&quot;:&quot;manual-endless&quot;,&quot;autoplay_stopper&quot;:false,&quot;noNavigation&quot;:false,&quot;bg_slider&quot;:false,&quot;keep_padding&quot;:false,&quot;hoverpause&quot;:false,&quot;show_slide_delay&quot;:0}\"  itemprop=\"image\" itemscope=\"itemscope\" itemtype=\"https:\/\/schema.org\/ImageObject\" ><ul class='avia-slideshow-inner ' style='padding-bottom: 42%;'><li  class='avia-slideshow-slide av-riuhs5u-8529d4aaa072face11aba309b58db5b8__0  av-single-slide slide-1 slide-odd'><div data-rel='slideshow-1' class='avia-slide-wrap '   ><div class='av-slideshow-caption av-riuhs5u-8529d4aaa072face11aba309b58db5b8__0 caption_fullwidth caption_left caption_left_framed caption_framed'><div class=\"container caption_container\"><div class=\"slideshow_caption\"><div class=\"slideshow_inner_caption\"><div class=\"slideshow_align_caption\"><h2 class='avia-caption-title '  itemprop=\"name\" >FRANZ\u00d6SISCH Intensivkurs \"Bildungsurlaub\"<\/h2><\/div><\/div><\/div><\/div><\/div><img decoding=\"async\" fetchpriority=\"high\" class=\"wp-image-31283 avia-img-lazy-loading-not-31283\"  src=\"https:\/\/www.alpha-b.fr\/wp-content\/uploads\/2024\/11\/best-french-language-school-1500x630.webp\" width=\"1500\" height=\"630\" title='best-french-language-school' alt='Best French language school in Nice '  itemprop=\"thumbnailUrl\"   \/><\/div><\/li><\/ul><\/div><\/div>\n<div id='intensif'  class='av-layout-grid-container av-qmtm0cy-ce24f443464b1d7267789d3b08b5e7ae entry-content-wrapper main_color av-flex-cells  avia-builder-el-1  el_after_av_slideshow_full  el_before_av_textblock  grid-row-not-first  container_wrap fullsize'  >\n\n<style type=\"text\/css\" data-created_by=\"avia_inline_auto\" id=\"style-css-av-pzd6x2q-ce0c3a4ad4cf2ce9241191190f668917\">\n.flex_cell.av-pzd6x2q-ce0c3a4ad4cf2ce9241191190f668917{\nvertical-align:middle;\nheight:400px;\nmin-height:400px;\nbackground-color:#dddddd;\n}\n.responsive #top #wrap_all .flex_cell.av-pzd6x2q-ce0c3a4ad4cf2ce9241191190f668917{\npadding:30px 30px 30px 30px !important;\n}\n<\/style>\n<div class='flex_cell av-pzd6x2q-ce0c3a4ad4cf2ce9241191190f668917 av-gridrow-cell av_one_full no_margin  avia-builder-el-2  avia-builder-el-no-sibling  content-align-middle avia-full-stretch'  ><div class='flex_cell_inner'><p>\n<style type=\"text\/css\" data-created_by=\"avia_inline_auto\" id=\"style-css-av-m66cm4kc-5fde1649a2fec03bb0abd59f9ebf95b7\">\n#top .av-special-heading.av-m66cm4kc-5fde1649a2fec03bb0abd59f9ebf95b7{\npadding-bottom:20px;\nfont-size:30px;\n}\nbody .av-special-heading.av-m66cm4kc-5fde1649a2fec03bb0abd59f9ebf95b7 .av-special-heading-tag .heading-char{\nfont-size:25px;\n}\n#top #wrap_all .av-special-heading.av-m66cm4kc-5fde1649a2fec03bb0abd59f9ebf95b7 .av-special-heading-tag{\nfont-size:30px;\n}\n.av-special-heading.av-m66cm4kc-5fde1649a2fec03bb0abd59f9ebf95b7 .av-subheading{\nfont-size:15px;\n}\n\n@media only screen and (min-width: 480px) and (max-width: 767px){ \n#top #wrap_all .av-special-heading.av-m66cm4kc-5fde1649a2fec03bb0abd59f9ebf95b7 .av-special-heading-tag{\nfont-size:0.8em;\n}\n}\n\n@media only screen and (max-width: 479px){ \n#top #wrap_all .av-special-heading.av-m66cm4kc-5fde1649a2fec03bb0abd59f9ebf95b7 .av-special-heading-tag{\nfont-size:0.8em;\n}\n}\n<\/style>\n<div  class='av-special-heading av-m66cm4kc-5fde1649a2fec03bb0abd59f9ebf95b7 av-special-heading-h2 blockquote modern-quote modern-centered  avia-builder-el-3  el_before_av_hr  avia-builder-el-first  av-inherit-size'><h2 class='av-special-heading-tag '  itemprop=\"headline\"  >Intensivkurs Bildungsurlaub <\/h2><div class=\"special-heading-border\"><div class=\"special-heading-inner-border\"><\/div><\/div><\/div><br \/>\n\n<style type=\"text\/css\" data-created_by=\"avia_inline_auto\" id=\"style-css-av-pmtyhoy-52d6bd2b183f56bc99a5de023eef7180\">\n#top .hr.hr-invisible.av-pmtyhoy-52d6bd2b183f56bc99a5de023eef7180{\nheight:50px;\n}\n<\/style>\n<div  class='hr av-pmtyhoy-52d6bd2b183f56bc99a5de023eef7180 hr-invisible  avia-builder-el-4  el_after_av_heading  el_before_av_one_fourth '><span class='hr-inner '><span class=\"hr-inner-style\"><\/span><\/span><\/div><br \/>\n<div  class='flex_column av-p6w4wuq-0e49489fe90dd34d4f56bc4153db3fd8 av_one_fourth  avia-builder-el-5  el_after_av_hr  el_before_av_one_fourth  first flex_column_div  '     ><p>\n<style type=\"text\/css\" data-created_by=\"avia_inline_auto\" id=\"style-css-av-og9xvv6-11032ead3bb9df234f74991dd9adbb56\">\n.av_font_icon.av-og9xvv6-11032ead3bb9df234f74991dd9adbb56{\ncolor:#f05a1a;\nborder-color:#f05a1a;\n}\n.avia-svg-icon.av-og9xvv6-11032ead3bb9df234f74991dd9adbb56 svg:first-child{\nstroke:#f05a1a;\nfill:#f05a1a;\n}\n.av_font_icon.av-og9xvv6-11032ead3bb9df234f74991dd9adbb56 .av-icon-char{\nfont-size:60px;\nline-height:60px;\n}\n<\/style>\n<span  class='av_font_icon av-og9xvv6-11032ead3bb9df234f74991dd9adbb56 avia_animate_when_visible av-icon-style- avia-icon-pos-center avia-iconfont avia-font-entypo-fontello avia-icon-animate'><span class='av-icon-char' data-av_icon='\ue84e' data-av_iconfont='entypo-fontello' aria-hidden=\"true\" ><\/span><\/span><br \/>\n\n<style type=\"text\/css\" data-created_by=\"avia_inline_auto\" id=\"style-css-av-m66cmzl5-50db133dc46cf8c2c3688305f7b6de95\">\n#top .av_textblock_section.av-m66cmzl5-50db133dc46cf8c2c3688305f7b6de95 .avia_textblock{\ntext-align:center;\n}\n<\/style>\n<section  class='av_textblock_section av-m66cmzl5-50db133dc46cf8c2c3688305f7b6de95 '   itemscope=\"itemscope\" itemtype=\"https:\/\/schema.org\/CreativeWork\" ><div class='avia_textblock'  itemprop=\"text\" ><p>30 Einheiten pro Woche (22,5 Zeitstunden)<\/p>\n<\/div><\/section><\/p><\/div><div  class='flex_column av-nyk22c2-0ff1656bf50cdc9af3cc7cefe3ca3c40 av_one_fourth  avia-builder-el-8  el_after_av_one_fourth  el_before_av_one_fourth  flex_column_div  '     ><p>\n<style type=\"text\/css\" data-created_by=\"avia_inline_auto\" id=\"style-css-av-nspy6ya-2eef14804febeac6c43a3cae1888a54c\">\n.av_font_icon.av-nspy6ya-2eef14804febeac6c43a3cae1888a54c{\ncolor:#f05a1a;\nborder-color:#f05a1a;\n}\n.avia-svg-icon.av-nspy6ya-2eef14804febeac6c43a3cae1888a54c svg:first-child{\nstroke:#f05a1a;\nfill:#f05a1a;\n}\n.av_font_icon.av-nspy6ya-2eef14804febeac6c43a3cae1888a54c .av-icon-char{\nfont-size:60px;\nline-height:60px;\n}\n<\/style>\n<span  class='av_font_icon av-nspy6ya-2eef14804febeac6c43a3cae1888a54c avia_animate_when_visible av-icon-style- avia-icon-pos-center avia-iconfont avia-font-entypo-fontello avia-icon-animate'><span class='av-icon-char' data-av_icon='\ue80b' data-av_iconfont='entypo-fontello' aria-hidden=\"true\" ><\/span><\/span><br \/>\n\n<style type=\"text\/css\" data-created_by=\"avia_inline_auto\" id=\"style-css-av-nccj22a-b294b8882592cc557d9f5cf4a8693ab5\">\n#top .av_textblock_section.av-nccj22a-b294b8882592cc557d9f5cf4a8693ab5 .avia_textblock{\ntext-align:center;\n}\n<\/style>\n<section  class='av_textblock_section av-nccj22a-b294b8882592cc557d9f5cf4a8693ab5 '   itemscope=\"itemscope\" itemtype=\"https:\/\/schema.org\/CreativeWork\" ><div class='avia_textblock'  itemprop=\"text\" ><p>5 bis 8 Sch\u00fcler pro Klasse &#8211; Maximal 10<\/p>\n<\/div><\/section><\/p><\/div><div  class='flex_column av-muawzwy-a07316603c1ec0fc58baa667121cc50c av_one_fourth  avia-builder-el-11  el_after_av_one_fourth  el_before_av_one_fourth  flex_column_div  '     ><p>\n<style type=\"text\/css\" data-created_by=\"avia_inline_auto\" id=\"style-css-av-m5p6f8y-cf371531c763e3f3aa78b7f7a05aa42f\">\n.av_font_icon.av-m5p6f8y-cf371531c763e3f3aa78b7f7a05aa42f{\ncolor:#f05a1a;\nborder-color:#f05a1a;\n}\n.avia-svg-icon.av-m5p6f8y-cf371531c763e3f3aa78b7f7a05aa42f svg:first-child{\nstroke:#f05a1a;\nfill:#f05a1a;\n}\n.av_font_icon.av-m5p6f8y-cf371531c763e3f3aa78b7f7a05aa42f .av-icon-char{\nfont-size:60px;\nline-height:60px;\n}\n<\/style>\n<span  class='av_font_icon av-m5p6f8y-cf371531c763e3f3aa78b7f7a05aa42f avia_animate_when_visible av-icon-style- avia-icon-pos-center avia-iconfont avia-font-entypo-fontello avia-icon-animate'><span class='av-icon-char' data-av_icon='\ue863' data-av_iconfont='entypo-fontello' aria-hidden=\"true\" ><\/span><\/span><br \/>\n\n<style type=\"text\/css\" data-created_by=\"avia_inline_auto\" id=\"style-css-av-m66cp794-f6c8937ab0b2a65a2746e4f8166506f2\">\n#top .av_textblock_section.av-m66cp794-f6c8937ab0b2a65a2746e4f8166506f2 .avia_textblock{\ntext-align:center;\n}\n<\/style>\n<section  class='av_textblock_section av-m66cp794-f6c8937ab0b2a65a2746e4f8166506f2 '   itemscope=\"itemscope\" itemtype=\"https:\/\/schema.org\/CreativeWork\" ><div class='avia_textblock'  itemprop=\"text\" ><p>Stundenplan: von 8:45 bis 12:00 Uhr (oder von 15:30 bis 18:45 Uhr in der Hochsaison) + 3 Nachmittage von 13:15 bis 15:15 Uhr + 2 Einheiten Atelier\/Workshop von 13:15 bis 14:45<\/p>\n<\/div><\/section><\/p><\/div><div  class='flex_column av-m06qnbm-53b4bd5825ef268ab3aed1c47326dd24 av_one_fourth  avia-builder-el-14  el_after_av_one_fourth  avia-builder-el-last  flex_column_div  '     ><p>\n<style type=\"text\/css\" data-created_by=\"avia_inline_auto\" id=\"style-css-av-lb7d8wi-e012f695a4d82fea112c9fb77ee24596\">\n.av_font_icon.av-lb7d8wi-e012f695a4d82fea112c9fb77ee24596{\ncolor:#f05a1a;\nborder-color:#f05a1a;\n}\n.avia-svg-icon.av-lb7d8wi-e012f695a4d82fea112c9fb77ee24596 svg:first-child{\nstroke:#f05a1a;\nfill:#f05a1a;\n}\n.av_font_icon.av-lb7d8wi-e012f695a4d82fea112c9fb77ee24596 .av-icon-char{\nfont-size:60px;\nline-height:60px;\n}\n<\/style>\n<span  class='av_font_icon av-lb7d8wi-e012f695a4d82fea112c9fb77ee24596 avia_animate_when_visible av-icon-style- avia-icon-pos-center avia-iconfont avia-font-entypo-fontello avia-icon-animate'><span class='av-icon-char' data-av_icon='\ue827' data-av_iconfont='entypo-fontello' aria-hidden=\"true\" ><\/span><\/span><br \/>\n\n<style type=\"text\/css\" data-created_by=\"avia_inline_auto\" id=\"style-css-av-m66cr4k9-f711d5828966daf64884f6fd6a7949a1\">\n#top .av_textblock_section.av-m66cr4k9-f711d5828966daf64884f6fd6a7949a1 .avia_textblock{\ntext-align:center;\n}\n<\/style>\n<section  class='av_textblock_section av-m66cr4k9-f711d5828966daf64884f6fd6a7949a1 '   itemscope=\"itemscope\" itemtype=\"https:\/\/schema.org\/CreativeWork\" ><div class='avia_textblock'  itemprop=\"text\" ><p>445 \u20ac f\u00fcr 1 Woche &#8211; 845 \u20ac f\u00fcr 2 Wochen<\/p>\n<\/div><\/section><\/p><\/div><\/p>\n<\/div><\/div>\n<\/div><div id='after_grid_row_1'  class='main_color av_default_container_wrap container_wrap fullsize'  ><div class='container av-section-cont-open' ><div class='template-page content  av-content-full alpha units'><div class='post-entry post-entry-type-page post-entry-32370'><div class='entry-content-wrapper clearfix'>\n\n<style type=\"text\/css\" data-created_by=\"avia_inline_auto\" id=\"style-css-av-m66cxvkx-beb978df8315c0420c30c27338feaab2\">\n#top .av_textblock_section.av-m66cxvkx-beb978df8315c0420c30c27338feaab2 .avia_textblock{\ntext-align:center;\n}\n<\/style>\n<section  class='av_textblock_section av-m66cxvkx-beb978df8315c0420c30c27338feaab2 '   itemscope=\"itemscope\" itemtype=\"https:\/\/schema.org\/CreativeWork\" ><div class='avia_textblock'  itemprop=\"text\" ><h2 data-start=\"445\" data-end=\"515\"><strong data-start=\"445\" data-end=\"515\">Intensiver Franz\u00f6sischkurs in Nizza \u2013 anerkannt f\u00fcr Bildungsurlaub<\/strong><\/h2>\n<p><strong>Einf\u00fchrung<\/strong><\/p>\n<p><span class=\"\" style=\"color: #000000;\">\u2022<span style=\"color: #333333;\"> 30 Einheiten Franz\u00f6sisch pro Woche\u00a0<\/span><\/span><br \/>\n\u2022 A2 bis C1<br \/>\n\u2022 Gruppen mit 6\u20138 Personen (maximal 10)<br \/>\n\u2022 20 Lektionen fortlaufender Unterricht + 8 Lektionen Intensivunterricht + 2 Einheiten Atelier\/Workshop<\/p>\n<p>\u2022 Grundkurs: t\u00e4glich von 8:45 bis 12:00 Uhr (Pause von 10:15 bis 10:30 Uhr) oder von 15:30 bis 18:45 Uhr (Pause von 17:00 bis 17:15 Uhr)<\/p>\n<p>\u2022 Intensivunterricht: 3 Nachmittage pro Woche, Dienstag bis Donnerstag, von 13:15 bis 15:15 Uhr + ein Nachmittag am Freitag: 2 Lektionen Atelier\/Workshop von 13:15 bis 14:45 Uhr<\/p>\n<p>\u2022 Selbststudium inklusive.<\/p>\n<p>\u2022 Klassengr\u00f6\u00dfe: maximal 10 Teilnehmer<\/p>\n<p>\u2022 Alpha.book inbegriffen<\/p>\n<div class=\"\">Sehr umfangreiches Programm f\u00fcr Teilnehmer, die Anspruch auf Bildungsurlaub haben und diesen f\u00fcr einen Franz\u00f6sisch-Sprachkurs nutzen m\u00f6chten. Der Kurs ist in verschiedenen Bundesl\u00e4ndern anerkannt. Sie finden ihn auf der Website der Ministerien unter dem Veranstalter &#8220;alpha.b Institut Linguistique\u00a0\u00bb und\/oder der Programmbezeichnung &#8220;Franz\u00f6sisch Intensivkurs &#8211; Mittelstufe\u00a0\u00bb.<\/div>\n<div class=\"\">Niveau\u00fcbergreifende Workshops zum Thema Zivilisation\/Phonetik etc, kulturelle Aktivit\u00e4ten sowie ein angeleitetes Selbststudium runden diesen Kurs ab.<\/div>\n<div class=\"\"><\/div>\n<div class=\"flex max-w-full flex-col flex-grow\">\n<div class=\"min-h-8 text-message flex w-full flex-col items-end gap-2 whitespace-normal break-words text-start [.text-message+&amp;]:mt-5\" dir=\"auto\" data-message-author-role=\"assistant\" data-message-id=\"7ade0c07-e470-4f91-a2f0-c7bb821e2528\" data-message-model-slug=\"gpt-4o\">\n<div class=\"flex w-full flex-col gap-1 empty:hidden first:pt-[3px]\">\n<div class=\"markdown prose w-full break-words dark:prose-invert light\">\n<p><strong>Kursziele<\/strong><br \/>\n\u2022 Ihnen helfen, schriftliche oder m\u00fcndliche F\u00e4higkeiten zu entwickeln, die es Ihnen erm\u00f6glichen, mit franz\u00f6sischsprachigen Personen in verschiedenen Alltagssituationen zu kommunizieren<br \/>\n\u2022 Ihnen erm\u00f6glichen, Ihre sprachlichen Kompetenzen zu erwerben oder zu vertiefen<br \/>\n\u2022 Verschiedene Facetten der franz\u00f6sischen und frankophonen Gesellschaft zu entdecken<br \/>\n\u2022 Arbeit an interkulturellen Aktivit\u00e4ten<\/p>\n<hr \/>\n<p><strong>Methodischer Ansatz<\/strong><br \/>\n\u2022 Eine Methode: kommunikativ und handlungsorientiert, wie im GERL definiert<br \/>\n\u2022 Vielf\u00e4ltige und interaktive Aktivit\u00e4ten basierend auf authentischen Materialien, um Sie auf reale Kommunikation au\u00dferhalb des Klassenzimmers vorzubereiten<br \/>\n\u2022 Motivierende Medien: Text, Audio oder Video<br \/>\n\u2022 Unterricht, der neue Technologien integriert<\/p>\n<hr \/>\n<p><strong>P\u00e4dagogische Betreuung<\/strong><br \/>\n\u2022 Diagnostische Bewertung zur Bestimmung Ihres Niveaus<br \/>\n\u2022 W\u00f6chentliche Bewertung, um Ihre Fortschritte zu verfolgen<br \/>\n\u2022 Ihr Lehrer f\u00fcr Lernberatung oder zus\u00e4tzliche \u00dcbungen<br \/>\n\u2022 Der p\u00e4dagogische Leiter, um Ihren Fortschritt zu \u00fcberpr\u00fcfen und Ihnen individuelle Unterst\u00fctzung anzubieten<br \/>\n\u2022 Nachmittagsstudium: ein kostenloser Kurs zur Wiederholung oder Vertiefung bestimmter Sprachpunkte<br \/>\n\u2022 Abschlussbewertung des Kurses, um Ihre Fortschritte zu best\u00e4tigen und Ihr individuelles Niveau zu bestimmen<\/p>\n<hr \/>\n<p><strong>Zertifikate und Bescheinigungen<\/strong><\/p>\n<div class=\"\">Mit Ihrer Anmeldung erhalten Sie von uns eine Anmeldebescheinigung zur Vorlage bei Ihrem Arbeitgeber.<\/div>\n<div class=\"\">Zum Ende der Bildungsurlaubveranstaltung erhalten Sie unser Schulzertifikat sowie zus\u00e4tzlich (erneut f\u00fcr die Vorlage bei Ihrem Arbeitgeber) eine Teinahmebescheinigung mit der durch die Ministerien vergebenen Kennziffer Ihrer Bildungsurlaubveranstaltung.<\/div>\n<\/div>\n<\/div>\n<\/div>\n<\/div>\n<div class=\"mb-2 flex gap-3 empty:hidden -ml-2\">\n<div class=\"items-center justify-start rounded-xl p-1 z-10 -mt-1 bg-token-main-surface-primary screen-arch:mt-1 md:absolute flex\">\n<div class=\"flex items-center\"><\/div>\n<\/div>\n<\/div>\n<\/div><\/section>\n<div  class='flex_column av-jwulbm-da70c04be45cd3ecc782afd3c9303387 av_one_full  avia-builder-el-18  el_after_av_textblock  el_before_av_layout_row  avia-builder-el-last  first flex_column_div  column-top-margin'     ><section  class='av_textblock_section av-mmemgs07-09c8e165b1075035b9e3244857adc888 '   itemscope=\"itemscope\" itemtype=\"https:\/\/schema.org\/CreativeWork\" ><div class='avia_textblock'  itemprop=\"text\" ><h2><strong>Unsere Bildungsakkreditierungen<\/strong><\/h2>\n<p data-start=\"139\" data-end=\"410\">Bei alpha.b, im Herzen der wundersch\u00f6nen Stadt Nizza an der C\u00f4te d\u2019Azur gelegen, sind wir stolz darauf, die Anerkennungen f\u00fcr folgende Bundesl\u00e4nder erhalten zu haben.<br data-start=\"305\" data-end=\"308\" \/>Klicken Sie einfach auf das jeweilige Bundesland, um die entsprechende Akkreditierung herunterzuladen.<\/p>\n<ul data-start=\"412\" data-end=\"568\">\n<li data-section-id=\"vlzv2i\" data-start=\"412\" data-end=\"433\">\n<p data-start=\"414\" data-end=\"433\"><a href=\"https:\/\/www.alpha-b.fr\/wp-content\/uploads\/2026\/03\/Bildungszeit-Baden-Wurttemberg.pdf\">Baden-W\u00fcrttemberg<\/a><\/p>\n<\/li>\n<li data-section-id=\"1gf4jzq\" data-start=\"434\" data-end=\"444\">\n<p data-start=\"436\" data-end=\"444\">Berlin : <a href=\"https:\/\/www.alpha-b.fr\/wp-content\/uploads\/2026\/03\/Berlin-5-Tage-22.09.25-21.09.28.pdf\">5 Tage<\/a> &#8211; <a href=\"https:\/\/www.alpha-b.fr\/wp-content\/uploads\/2026\/03\/Berlin-10-Tage-22.09.25-21.09.28.pdf\">10 Tage<\/a><\/p>\n<\/li>\n<li data-section-id=\"1ls1od6\" data-start=\"445\" data-end=\"460\">\n<p data-start=\"447\" data-end=\"460\">Brandenburg : <a href=\"https:\/\/www.alpha-b.fr\/wp-content\/uploads\/2026\/03\/Brandenburg-5-Tage-13.04.26-12.04.28.pdf\">5 Tage<\/a> &#8211; <a href=\"https:\/\/www.alpha-b.fr\/wp-content\/uploads\/2026\/03\/Brandenburg-10-Tage-13.04.26-12.04.28.pdf\">10 Tage<\/a><\/p>\n<\/li>\n<li data-section-id=\"1kkjsez\" data-start=\"461\" data-end=\"471\">\n<p data-start=\"463\" data-end=\"471\"><a href=\"https:\/\/www.alpha-b.fr\/wp-content\/uploads\/2026\/03\/Bremen-510-Tage-16.02.2027.pdf\">Bremen<\/a><\/p>\n<\/li>\n<li data-section-id=\"1hthlxq\" data-start=\"472\" data-end=\"483\">\n<p data-start=\"474\" data-end=\"483\">Hamburg :<a href=\"https:\/\/www.alpha-b.fr\/wp-content\/uploads\/2026\/03\/BU-Hamburg-27.10.25-26.10.28-5-Tage.pdf\"> 5 Tage<\/a> &#8211; <a href=\"https:\/\/www.alpha-b.fr\/wp-content\/uploads\/2026\/03\/BU-Hamburg-27.10.25-26.10.28-10-Tage.pdf\">10 Tage<\/a><\/p>\n<\/li>\n<li data-section-id=\"73bb0u\" data-start=\"484\" data-end=\"494\">\n<p data-start=\"486\" data-end=\"494\">Hessen : <a href=\"https:\/\/www.alpha-b.fr\/wp-content\/uploads\/2026\/04\/BU-Hessen-5-Tage-01.06.26-31.05.28.pdf\">5 Tage<\/a> &#8211; <a href=\"https:\/\/www.alpha-b.fr\/wp-content\/uploads\/2026\/04\/BU-Hessen-10-Tage-08.06.26-07.06.28.pdf\">10 Tage<\/a><\/p>\n<\/li>\n<li data-section-id=\"19z8b2w\" data-start=\"495\" data-end=\"512\">\n<p data-start=\"497\" data-end=\"512\"><a href=\"https:\/\/www.alpha-b.fr\/wp-content\/uploads\/2026\/03\/BU-Niedersachsen-05.01.26-31.12.28-510-Tage.pdf\">Niedersachsen<\/a><\/p>\n<\/li>\n<li data-section-id=\"vik8yj\" data-start=\"513\" data-end=\"532\">\n<p data-start=\"515\" data-end=\"532\"><a href=\"https:\/\/www.alpha-b.fr\/wp-content\/uploads\/2026\/03\/alpha.b-Rheinland-Pfalz-5-10-Tage-04.05.2027.pdf\">Rheinland-Pfalz<\/a><\/p>\n<\/li>\n<li data-section-id=\"30fjgu\" data-start=\"533\" data-end=\"545\">\n<p data-start=\"535\" data-end=\"545\">Saarland : <a href=\"https:\/\/www.alpha-b.fr\/wp-content\/uploads\/2026\/03\/Anerkennung-BU-Saarland-5-Tage.pdf\">5 Tage<\/a> &#8211; <a href=\"https:\/\/www.alpha-b.fr\/wp-content\/uploads\/2026\/03\/Anerkennung-BU-Saarland-10-Tage.pdf\">10 Tage<\/a><\/p>\n<\/li>\n<li data-section-id=\"1du1efk\" data-start=\"546\" data-end=\"568\">\n<p data-start=\"548\" data-end=\"568\">Schleswig-Holstein : <a href=\"https:\/\/www.alpha-b.fr\/wp-content\/uploads\/2026\/03\/alpha.b-Schleswig-Holstein-MS-5-Tage-31.01.2027-.pdf\">5 Tage<\/a> &#8211; <a href=\"https:\/\/www.alpha-b.fr\/wp-content\/uploads\/2026\/03\/alpha.b-Schleswig-Holstein-MS-10-Tage-30.04.2027.pdf\">10 Tage<\/a><\/p>\n<\/li>\n<\/ul>\n<\/div><\/section><\/div><\/div><\/div><\/div><!-- close content main div --><\/div><\/div><div id='av-layout-grid-2'  class='av-layout-grid-container av-l2xx32q-b2f4146ebd215dbd6d81583da269dd35 entry-content-wrapper main_color av-flex-cells  avia-builder-el-20  el_after_av_one_full  el_before_av_heading  grid-row-not-first  container_wrap fullsize'  >\n\n<style type=\"text\/css\" data-created_by=\"avia_inline_auto\" id=\"style-css-av-kdtwi4y-72b8526c03e9b6a52d313dbae6c90bab\">\n.flex_cell.av-kdtwi4y-72b8526c03e9b6a52d313dbae6c90bab{\nvertical-align:top;\n}\n.responsive #top #wrap_all .flex_cell.av-kdtwi4y-72b8526c03e9b6a52d313dbae6c90bab{\npadding:30px 30px 30px 30px !important;\n}\n<\/style>\n<div class='flex_cell av-kdtwi4y-72b8526c03e9b6a52d313dbae6c90bab av-gridrow-cell av_one_full no_margin  avia-builder-el-21  avia-builder-el-no-sibling  content-align-top'  ><div class='flex_cell_inner'><p><div  class='avia-table av-k276cdu-f8731c041b7a619921c95820c705f5a1 main_color avia-pricing-table-container avia_pricing_default  avia-builder-el-22  el_before_av_button  avia-builder-el-first  avia-table-1'  itemscope=\"itemscope\" itemtype=\"https:\/\/schema.org\/Table\" ><div class=\"pricing-table-wrap\"><ul class='pricing-table avia-center-col'><li class=''><div class='first-table-item'>Montag<\/div><span class='pricing-extra'><\/span><\/li><li class=''>4 Lektionen<br \/>\n8:45-12:00<br \/>\n(3 Stunden Unterricht und 15min Pause)<br \/><\/li><li class=' empty-table-cell'><span class='fallback-table-val'>2.00 Stunden Unterricht<br \/>\n13:15-15:15 Uhr<br \/><\/span><\/li><li class=''>ODER<br \/>\n4 Lektionen<br \/>\n15:30 &#8211; 18:45<br \/>\n(3 Stunden Unterricht und 15min Pause)<br \/><\/li><\/ul><\/div><div class=\"pricing-table-wrap\"><ul class='pricing-table avia-center-col'><li class=''><div class='first-table-item'>Dienstag<\/div><span class='pricing-extra'><\/span><\/li><li class=''>4 Lektionen<br \/>\n8:45-12:00<br \/>\n(3 Stunden Unterricht und 15min Pause)<\/p>\n<p><\/li><li class=''>2.00 Stunden Unterricht<br \/>\n13:15-15:15 Uhr<br \/><\/li><li class=''>ODER<br \/>\n4 Lektionen<br \/>\n15:30 &#8211; 18:45<br \/>\n(3 Stunden Unterricht und 15min Pause)<\/li><\/ul><\/div><div class=\"pricing-table-wrap\"><ul class='pricing-table avia-center-col'><li class=''><div class='first-table-item'>Mittwoch<\/div><span class='pricing-extra'><\/span><\/li><li class=''>4 Lektionen<br \/>\n8:45-12:00<br \/>\n(3 Stunden Unterricht und 15min Pause)<br \/><\/li><li class=''>2.00 Stunden Unterricht<br \/>\n13:15-15:15 Uhr<br \/><\/li><li class=''>ODER<br \/>\n4 Lektionen<br \/>\n15:30 &#8211; 18:45<br \/>\n(3 Stunden Unterricht und 15min Pause)<\/li><\/ul><\/div><div class=\"pricing-table-wrap\"><ul class='pricing-table avia-center-col'><li class=''><div class='first-table-item'>Donnerstag<\/div><span class='pricing-extra'><\/span><\/li><li class=''>4 Lektionen<br \/>\n8:45-12:00<br \/>\n(3 Stunden Unterricht und 15min Pause)<br \/><\/li><li class=''>2.00 Stunden Unterricht<br \/>\n13:15-15:15 Uhr<\/li><li class=''>ODER<br \/>\n4 Lektionen<br \/>\n15:30 &#8211; 18:45<br \/>\n(3 Stunden Unterricht und 15min Pause)<\/li><\/ul><\/div><div class=\"pricing-table-wrap\"><ul class='pricing-table avia-center-col'><li class=''><div class='first-table-item'>Freitag<\/div><span class='pricing-extra'><\/span><\/li><li class=''>4 Lektionen<br \/>\n8:45-12:00<br \/>\n(3 Stunden Unterricht und 15min Pause)<\/p>\n<p><\/li><li class=''>2<br \/>\nEinheiten Atelier\/Workshop 13:15-14:45 Uhr<\/li><li class=''>ODER<br \/>\n4 Lektionen<br \/>\n15:30 &#8211; 18:45<br \/>\n(3 Stunden Unterricht und 15min Pause)<\/li><\/ul><\/div><\/div><br \/>\n<div  class='avia-button-wrap av-m66cyanf-9d02caca1d47b5c481f4ea478d23b9f3-wrap avia-button-right  avia-builder-el-23  el_after_av_table  avia-builder-el-last '><a href='https:\/\/www.alpha-b.fr\/de\/einschreibung-fur-den-franzosischkurs\/'  class='avia-button av-m66cyanf-9d02caca1d47b5c481f4ea478d23b9f3 av-link-btn avia-icon_select-yes-left-icon avia-size-large avia-position-right avia-color-theme-color'  target=\"_blank\"  rel=\"noopener noreferrer\"  aria-label=\"Ab 422,50\u20ac\/Woche\"><span class='avia_button_icon avia_button_icon_left avia-iconfont avia-font-entypo-fontello' data-av_icon='\ue827' data-av_iconfont='entypo-fontello' ><\/span><span class='avia_iconbox_title' >Ab 422,50\u20ac\/Woche<\/span><\/a><\/div><\/p>\n<\/div><\/div>\n<\/div><div id='after_grid_row_2'  class='main_color av_default_container_wrap container_wrap fullsize'  ><div class='container av-section-cont-open' ><div class='template-page content  av-content-full alpha units'><div class='post-entry post-entry-type-page post-entry-32370'><div class='entry-content-wrapper clearfix'><\/p>\n\n<style type=\"text\/css\" data-created_by=\"avia_inline_auto\" id=\"style-css-av-8bijk7m-f3f8c789574469a029dccf16e4a518ec\">\n#top .av-special-heading.av-8bijk7m-f3f8c789574469a029dccf16e4a518ec{\npadding-bottom:10px;\nfont-size:30px;\n}\nbody .av-special-heading.av-8bijk7m-f3f8c789574469a029dccf16e4a518ec .av-special-heading-tag .heading-char{\nfont-size:25px;\n}\n#top #wrap_all .av-special-heading.av-8bijk7m-f3f8c789574469a029dccf16e4a518ec .av-special-heading-tag{\nfont-size:30px;\n}\n.av-special-heading.av-8bijk7m-f3f8c789574469a029dccf16e4a518ec .av-subheading{\nfont-size:15px;\n}\n\n@media only screen and (min-width: 480px) and (max-width: 767px){ \n#top #wrap_all .av-special-heading.av-8bijk7m-f3f8c789574469a029dccf16e4a518ec .av-special-heading-tag{\nfont-size:0.8em;\n}\n}\n\n@media only screen and (max-width: 479px){ \n#top #wrap_all .av-special-heading.av-8bijk7m-f3f8c789574469a029dccf16e4a518ec .av-special-heading-tag{\nfont-size:0.8em;\n}\n}\n<\/style>\n<div  class='av-special-heading av-8bijk7m-f3f8c789574469a029dccf16e4a518ec av-special-heading-h3 blockquote modern-quote modern-centered  avia-builder-el-24  el_after_av_layout_row  el_before_av_one_full  avia-builder-el-first  av-inherit-size'><h3 class='av-special-heading-tag '  itemprop=\"headline\"  >Erfahrungsberichte<\/h3><div class=\"special-heading-border\"><div class=\"special-heading-inner-border\"><\/div><\/div><\/div>\n\n<style type=\"text\/css\" data-created_by=\"avia_inline_auto\" id=\"style-css-av-83acer6-c2467053951cca9460e03a3ef3be0605\">\n.flex_column.av-83acer6-c2467053951cca9460e03a3ef3be0605{\nborder-radius:0px 0px 0px 0px;\npadding:0px 0px 0px 0px;\n}\n<\/style>\n<div  class='flex_column av-83acer6-c2467053951cca9460e03a3ef3be0605 av_one_full  avia-builder-el-25  el_after_av_heading  el_before_av_hr  first flex_column_div av-zero-column-padding  '     ><div  class='avia-testimonial-wrapper av-7nxauxe-2905acfbb18253ea9d3d1ab243c84e06 avia-slider-testimonials avia-slider-2-testimonials avia_animate_when_almost_visible av-large-testimonial-slider av-slideshow-ui av-control-default av-slider-hover-pause av-slideshow-autoplay av-loop-endless av-loop-manual-endless' data-slideshow-options=\"{&quot;animation&quot;:&quot;fade&quot;,&quot;autoplay&quot;:true,&quot;loop_autoplay&quot;:&quot;endless&quot;,&quot;interval&quot;:8,&quot;loop_manual&quot;:&quot;manual-endless&quot;,&quot;autoplay_stopper&quot;:false,&quot;noNavigation&quot;:false,&quot;bg_slider&quot;:false,&quot;keep_padding&quot;:&quot;&quot;,&quot;hoverpause&quot;:true,&quot;show_slide_delay&quot;:0}\">\n<section class=\"avia-testimonial-row\"><div class='avia-testimonial av-pbjc4y-18814e1c73830f8eaee7abccdeec29a6 avia-testimonial-row-1 avia-first-testimonial flex_column no_margin av_one_half'><div class='avia-testimonial_inner'  itemscope=\"itemscope\" itemtype=\"https:\/\/schema.org\/CreativeWork\" ><div class='avia-testimonial-content '><div class='avia-testimonial-markup-entry-content'  itemprop=\"text\" ><p>Ich habe es wirklich genossen, bei alpha.b zu studieren, und die zwei Wochen sind sehr schnell vergangen. Ich bin meiner Lehrerin Sandrine extrem dankbar, sie ist einfach genial und fabelhaft! Eine gro\u00dfartige Erfahrung und eine wirklich lustige Lehrerin! Alpha.b nimmt sich wirklich Zeit, um sicherzustellen, dass jeder Sch\u00fcler gl\u00fccklich ist und die bestm\u00f6gliche Erfahrung in Nizza hat.<\/p>\n<\/div><\/div><div class=\"avia-testimonial-meta\"><div class=\"avia-testimonial-arrow-wrap\"><div class=\"avia-arrow\"><\/div><\/div><div class='avia-testimonial-image'  itemprop=\"image\" ><img loading=\"lazy\" decoding=\"async\" width=\"180\" height=\"180\" src=\"https:\/\/www.alpha-b.fr\/wp-content\/uploads\/2019\/08\/ann-180x180.jpeg\" class=\"attachment-square size-square\" alt=\"\" srcset=\"https:\/\/www.alpha-b.fr\/wp-content\/uploads\/2019\/08\/ann-180x180.jpeg 180w, https:\/\/www.alpha-b.fr\/wp-content\/uploads\/2019\/08\/ann-450x450.jpeg 450w, https:\/\/www.alpha-b.fr\/wp-content\/uploads\/2019\/08\/ann-scaled-100x100.jpeg 100w, https:\/\/www.alpha-b.fr\/wp-content\/uploads\/2019\/08\/ann-80x80.jpeg 80w, https:\/\/www.alpha-b.fr\/wp-content\/uploads\/2019\/08\/ann-36x36.jpeg 36w, https:\/\/www.alpha-b.fr\/wp-content\/uploads\/2019\/08\/ann-120x120.jpeg 120w, https:\/\/www.alpha-b.fr\/wp-content\/uploads\/2019\/08\/ann-300x300.jpeg 300w\" sizes=\"auto, (max-width: 180px) 100vw, 180px\" \/><\/div><div class='avia-testimonial-meta-mini'  itemprop=\"author\" itemscope=\"itemscope\" itemtype=\"https:\/\/schema.org\/Person\" ><strong  class='avia-testimonial-name'  itemprop=\"name\" >Ann, 42 ans<\/strong><span  class='avia-testimonial-subtitle '  itemprop=\"jobTitle\" >Mali<\/span><\/div><\/div><\/div><\/div>\n<div class='avia-testimonial av-6iy9foy-e1f3a2773729552442959ab27dcc175f avia-testimonial-row-1 flex_column no_margin av_one_half'><div class='avia-testimonial_inner'  itemscope=\"itemscope\" itemtype=\"https:\/\/schema.org\/CreativeWork\" ><div class='avia-testimonial-content '><div class='avia-testimonial-markup-entry-content'  itemprop=\"text\" ><p>Je suis venue \u00e0 Nice avec la Sorbonne d&#8217;Abu Dhabi.<\/p>\n<p>C\u2019\u00e9tait une exp\u00e9rience incroyable que je n\u2019oublierai jamais. Tout le monde \u00e9tait tr\u00e8s accueillant. Je ne veux m\u00eame pas rentrer chez moi :'(<\/p>\n<p>Le cours avec Priscilla s\u2019est tr\u00e8s bien pass\u00e9, j\u2019ai beaucoup appris et c\u2019\u00e9tait vraiment amusant.<\/p>\n<\/div><\/div><div class=\"avia-testimonial-meta\"><div class=\"avia-testimonial-arrow-wrap\"><div class=\"avia-arrow\"><\/div><\/div><div class='avia-testimonial-meta-mini'  itemprop=\"author\" itemscope=\"itemscope\" itemtype=\"https:\/\/schema.org\/Person\" ><strong  class='avia-testimonial-name'  itemprop=\"name\" >Gawarir, 21<\/strong><span  class='avia-testimonial-subtitle '  itemprop=\"jobTitle\" >Emirats Arabes Unis<\/span><\/div><\/div><\/div><\/div>\n<div class='avia-testimonial av-6cqcb2q-5f12d398859db270a5a9c9f4fdfecf71 avia-testimonial-row-1 flex_column no_margin av_one_half'><div class='avia-testimonial_inner'  itemscope=\"itemscope\" itemtype=\"https:\/\/schema.org\/CreativeWork\" ><div class='avia-testimonial-content '><div class='avia-testimonial-markup-entry-content'  itemprop=\"text\" ><p>Les cours sont tellement bien structur\u00e9s et on sent que les professeurs font chaque jour des efforts pour que l\u2019on puisse am\u00e9liorer notre fran\u00e7ais.<\/p>\n<p>L\u2019\u00e9tablissement est tr\u00e8s bien organis\u00e9. Cela veut dire que l\u2019on peut t\u00e9l\u00e9charger une application sur laquelle on voit le professeur, la salle et les heures de cours.<\/p>\n<p>Bref, je suis tr\u00e8s content d\u2019avoir pris mes cours \u00e0 l\u2019\u00e9cole alpha.b.<\/p>\n<\/div><\/div><div class=\"avia-testimonial-meta\"><div class=\"avia-testimonial-arrow-wrap\"><div class=\"avia-arrow\"><\/div><\/div><div class='avia-testimonial-image'  itemprop=\"image\" ><img loading=\"lazy\" decoding=\"async\" width=\"180\" height=\"180\" src=\"https:\/\/www.alpha-b.fr\/wp-content\/uploads\/2019\/08\/florian-student-swiss-180x180.jpeg\" class=\"attachment-square size-square\" alt=\"\" srcset=\"https:\/\/www.alpha-b.fr\/wp-content\/uploads\/2019\/08\/florian-student-swiss-180x180.jpeg 180w, https:\/\/www.alpha-b.fr\/wp-content\/uploads\/2019\/08\/florian-student-swiss-450x450.jpeg 450w, https:\/\/www.alpha-b.fr\/wp-content\/uploads\/2019\/08\/florian-student-swiss-100x100.jpeg 100w, https:\/\/www.alpha-b.fr\/wp-content\/uploads\/2019\/08\/florian-student-swiss-80x80.jpeg 80w, https:\/\/www.alpha-b.fr\/wp-content\/uploads\/2019\/08\/florian-student-swiss-300x300.jpeg 300w, https:\/\/www.alpha-b.fr\/wp-content\/uploads\/2019\/08\/florian-student-swiss-36x36.jpeg 36w, https:\/\/www.alpha-b.fr\/wp-content\/uploads\/2019\/08\/florian-student-swiss-120x120.jpeg 120w, https:\/\/www.alpha-b.fr\/wp-content\/uploads\/2019\/08\/florian-student-swiss.jpeg 640w\" sizes=\"auto, (max-width: 180px) 100vw, 180px\" \/><\/div><div class='avia-testimonial-meta-mini'  itemprop=\"author\" itemscope=\"itemscope\" itemtype=\"https:\/\/schema.org\/Person\" ><strong  class='avia-testimonial-name'  itemprop=\"name\" >Florian, 19 ans<\/strong><span  class='avia-testimonial-subtitle '  itemprop=\"jobTitle\" >Suisse<\/span><\/div><\/div><\/div><\/div>\n<\/section><div class='avia-slideshow-arrows avia-slideshow-controls' ><a href='#prev' class='prev-slide  avia-svg-icon avia-font-svg_entypo-fontello' data-av_svg_icon='left-open-big' data-av_iconset='svg_entypo-fontello' tabindex='-1' title=\"Zur\u00fcck\"><svg version=\"1.1\" xmlns=\"http:\/\/www.w3.org\/2000\/svg\" width=\"15\" height=\"32\" viewBox=\"0 0 15 32\" preserveAspectRatio=\"xMidYMid meet\" aria-labelledby='av-svg-title-1' aria-describedby='av-svg-desc-1' role=\"graphics-symbol\" aria-hidden=\"true\">\n<title id='av-svg-title-1'>Zur\u00fcck<\/title>\n<desc id='av-svg-desc-1'>Zur\u00fcck<\/desc>\n<path d=\"M14.464 27.84q0.832 0.832 0 1.536-0.832 0.832-1.536 0l-12.544-12.608q-0.768-0.768 0-1.6l12.544-12.608q0.704-0.832 1.536 0 0.832 0.704 0 1.536l-11.456 11.904z\"><\/path>\n<\/svg><span class='avia_hidden_link_text'>Zur\u00fcck<\/span><\/a><a href='#next' class='next-slide  avia-svg-icon avia-font-svg_entypo-fontello' data-av_svg_icon='right-open-big' data-av_iconset='svg_entypo-fontello' tabindex='-1' title=\"Weiter\"><svg version=\"1.1\" xmlns=\"http:\/\/www.w3.org\/2000\/svg\" width=\"15\" height=\"32\" viewBox=\"0 0 15 32\" preserveAspectRatio=\"xMidYMid meet\" aria-labelledby='av-svg-title-2' aria-describedby='av-svg-desc-2' role=\"graphics-symbol\" aria-hidden=\"true\">\n<title id='av-svg-title-2'>Weiter<\/title>\n<desc id='av-svg-desc-2'>Weiter<\/desc>\n<path d=\"M0.416 27.84l11.456-11.84-11.456-11.904q-0.832-0.832 0-1.536 0.832-0.832 1.536 0l12.544 12.608q0.768 0.832 0 1.6l-12.544 12.608q-0.704 0.832-1.536 0-0.832-0.704 0-1.536z\"><\/path>\n<\/svg><span class='avia_hidden_link_text'>Weiter<\/span><\/a><\/div><\/div><\/div>\n\n<style type=\"text\/css\" data-created_by=\"avia_inline_auto\" id=\"style-css-av-5yxqnea-b9e6b769a8effc713458ea4ec56d5313\">\n#top .hr.av-5yxqnea-b9e6b769a8effc713458ea4ec56d5313{\nmargin-top:30px;\nmargin-bottom:30px;\n}\n.hr.av-5yxqnea-b9e6b769a8effc713458ea4ec56d5313 .hr-inner{\nwidth:50px;\nmax-width:45%;\n}\n<\/style>\n<div  class='hr av-5yxqnea-b9e6b769a8effc713458ea4ec56d5313 hr-custom  avia-builder-el-27  el_after_av_one_full  el_before_av_heading  hr-center hr-icon-yes'><span class='hr-inner inner-border-av-border-thin'><span class=\"hr-inner-style\"><\/span><\/span><span class='av-seperator-icon avia-iconfont avia-font-entypo-fontello' data-av_icon='\ue808' data-av_iconfont='entypo-fontello' ><\/span><span class='hr-inner inner-border-av-border-thin'><span class=\"hr-inner-style\"><\/span><\/span><\/div>\n\n<style type=\"text\/css\" data-created_by=\"avia_inline_auto\" id=\"style-css-av-5d0zl6a-919a4c69c79ab9b1cbaddbcb2a7bac79\">\n#top .av-special-heading.av-5d0zl6a-919a4c69c79ab9b1cbaddbcb2a7bac79{\npadding-bottom:10px;\nfont-size:30px;\n}\nbody .av-special-heading.av-5d0zl6a-919a4c69c79ab9b1cbaddbcb2a7bac79 .av-special-heading-tag .heading-char{\nfont-size:25px;\n}\n#top #wrap_all .av-special-heading.av-5d0zl6a-919a4c69c79ab9b1cbaddbcb2a7bac79 .av-special-heading-tag{\nfont-size:30px;\n}\n.av-special-heading.av-5d0zl6a-919a4c69c79ab9b1cbaddbcb2a7bac79 .av-subheading{\nfont-size:15px;\n}\n\n@media only screen and (min-width: 480px) and (max-width: 767px){ \n#top #wrap_all .av-special-heading.av-5d0zl6a-919a4c69c79ab9b1cbaddbcb2a7bac79 .av-special-heading-tag{\nfont-size:0.8em;\n}\n}\n\n@media only screen and (max-width: 479px){ \n#top #wrap_all .av-special-heading.av-5d0zl6a-919a4c69c79ab9b1cbaddbcb2a7bac79 .av-special-heading-tag{\nfont-size:0.8em;\n}\n}\n<\/style>\n<div  class='av-special-heading av-5d0zl6a-919a4c69c79ab9b1cbaddbcb2a7bac79 av-special-heading-h3 blockquote modern-quote modern-centered  avia-builder-el-28  el_after_av_hr  el_before_av_two_fifth  av-inherit-size'><h3 class='av-special-heading-tag '  itemprop=\"headline\"  >FAQ<\/h3><div class=\"special-heading-border\"><div class=\"special-heading-inner-border\"><\/div><\/div><\/div>\n<div  class='flex_column av-4nkrmc2-11de719c6c2dc3f4fde108c7e5e6e3bc av_two_fifth  avia-builder-el-29  el_after_av_heading  el_before_av_three_fifth  first flex_column_div  '     ><section  class='av_textblock_section av-48si3iq-c261ab36d89b24d0bb1d37c28f2f98a3 '   itemscope=\"itemscope\" itemtype=\"https:\/\/schema.org\/CreativeWork\" ><div class='avia_textblock'  itemprop=\"text\" ><p>Haben Sie noch Fragen zum Unterricht ? Gerne geben wir Ihnen per E-Mail oder Telefon weitere Auskunft. Sie haben auch die M\u00f6glichkeit in unserem FAQ nachzuschauen.<\/p>\n<\/div><\/section><\/div>\n\n<style type=\"text\/css\" data-created_by=\"avia_inline_auto\" id=\"style-css-av-3vxd01e-244368d8b11d3bcebaabbed6fe7ed816\">\n.flex_column.av-3vxd01e-244368d8b11d3bcebaabbed6fe7ed816{\nborder-radius:0px 0px 0px 0px;\npadding:0px 0px 0px 0px;\n}\n<\/style>\n<div  class='flex_column av-3vxd01e-244368d8b11d3bcebaabbed6fe7ed816 av_three_fifth  avia-builder-el-31  el_after_av_two_fifth  el_before_av_section  avia-builder-el-last  flex_column_div av-zero-column-padding  '     ><div  class='avia-button-wrap av-3jnexoy-c9fa0e29e1f9ff9f57ea6051776df3b3-wrap avia-button-center  avia-builder-el-32  avia-builder-el-no-sibling '><a href='https:\/\/www.alpha-b.fr\/de\/faq\/'  class='avia-button av-3jnexoy-c9fa0e29e1f9ff9f57ea6051776df3b3 av-link-btn avia-icon_select-no avia-size-x-large avia-position-center avia-color-theme-color'   aria-label=\"FAQ Lesen\"><span class='avia_iconbox_title' >FAQ Lesen<\/span><\/a><\/div><\/div>\n<\/div><\/div><\/div><!-- close content main div --><\/div><\/div>\n<style type=\"text\/css\" data-created_by=\"avia_inline_auto\" id=\"style-css-av-366jimq-bbd8f13f3c879c8ebeb27aea1aa29bf7\">\n.avia-section.av-366jimq-bbd8f13f3c879c8ebeb27aea1aa29bf7{\nbackground-color:#ff7337;\nbackground-image:unset;\n}\n.avia-section.av-366jimq-bbd8f13f3c879c8ebeb27aea1aa29bf7 .av-section-color-overlay{\nopacity:0.7;\n}\n<\/style>\n<div id='sign-up'  class='avia-section av-366jimq-bbd8f13f3c879c8ebeb27aea1aa29bf7 main_color avia-section-default avia-no-shadow  avia-builder-el-33  el_after_av_three_fifth  avia-builder-el-last  avia-bg-style-parallax av-section-color-overlay-active container_wrap fullsize'  ><div class=\"av-section-color-overlay-wrap\"><div class=\"av-section-color-overlay\"><\/div><div class='container av-section-cont-open' ><div class='template-page content  av-content-full alpha units'><div class='post-entry post-entry-type-page post-entry-32370'><div class='entry-content-wrapper clearfix'>\n\n<style type=\"text\/css\" data-created_by=\"avia_inline_auto\" id=\"style-css-av-2kid3iq-ce55ae54070e9536a0932b3e81ef3d45\">\n#top .av-special-heading.av-2kid3iq-ce55ae54070e9536a0932b3e81ef3d45{\npadding-bottom:10px;\ncolor:#ffffff;\nfont-size:30px;\n}\nbody .av-special-heading.av-2kid3iq-ce55ae54070e9536a0932b3e81ef3d45 .av-special-heading-tag .heading-char{\nfont-size:25px;\n}\n#top #wrap_all .av-special-heading.av-2kid3iq-ce55ae54070e9536a0932b3e81ef3d45 .av-special-heading-tag{\nfont-size:30px;\n}\n.av-special-heading.av-2kid3iq-ce55ae54070e9536a0932b3e81ef3d45 .special-heading-inner-border{\nborder-color:#ffffff;\n}\n.av-special-heading.av-2kid3iq-ce55ae54070e9536a0932b3e81ef3d45 .av-subheading{\nfont-size:15px;\n}\n\n@media only screen and (min-width: 480px) and (max-width: 767px){ \n#top #wrap_all .av-special-heading.av-2kid3iq-ce55ae54070e9536a0932b3e81ef3d45 .av-special-heading-tag{\nfont-size:0.8em;\n}\n}\n\n@media only screen and (max-width: 479px){ \n#top #wrap_all .av-special-heading.av-2kid3iq-ce55ae54070e9536a0932b3e81ef3d45 .av-special-heading-tag{\nfont-size:0.8em;\n}\n}\n<\/style>\n<div  class='av-special-heading av-2kid3iq-ce55ae54070e9536a0932b3e81ef3d45 av-special-heading-h3 custom-color-heading blockquote modern-quote modern-centered  avia-builder-el-34  el_before_av_one_fifth  avia-builder-el-first  av-inherit-size'><h3 class='av-special-heading-tag '  itemprop=\"headline\"  >Wollen Sie Ihren Aufenthalt buchen?<\/h3><div class=\"special-heading-border\"><div class=\"special-heading-inner-border\"><\/div><\/div><\/div>\n<div  class='flex_column av-29g23te-58c2ebff8d4e3471f7d6be0e1190f34b av_one_fifth  avia-builder-el-35  el_after_av_heading  el_before_av_three_fifth  first flex_column_div  '     ><\/div>\n<style type=\"text\/css\" data-created_by=\"avia_inline_auto\" id=\"style-css-av-1oj5c7m-66b27fd91d1d7cdffcb7d727d7759a37\">\n.flex_column.av-1oj5c7m-66b27fd91d1d7cdffcb7d727d7759a37{\nborder-radius:0px 0px 0px 0px;\npadding:0px 0px 0px 0px;\n}\n<\/style>\n<div  class='flex_column av-1oj5c7m-66b27fd91d1d7cdffcb7d727d7759a37 av_three_fifth  avia-builder-el-36  el_after_av_one_fifth  el_before_av_one_fifth  flex_column_div av-zero-column-padding  '     ><div  class='avia-button-wrap av-112uj8y-c3062a116d6c17cb65a4ed4e89afd784-wrap avia-button-center  avia-builder-el-37  avia-builder-el-no-sibling '><a href='https:\/\/www.alpha-b.fr\/de\/einschreibung-fur-den-franzosischkurs\/'  class='avia-button av-112uj8y-c3062a116d6c17cb65a4ed4e89afd784 av-link-btn avia-icon_select-no avia-size-x-large avia-position-center avia-color-light'   aria-label=\"Hier klicken\"><span class='avia_iconbox_title' >Hier klicken<\/span><\/a><\/div><\/div>\n<style type=\"text\/css\" data-created_by=\"avia_inline_auto\" id=\"style-css-av-w1dm2a-f9657463978bae5975e4c47f4c389274\">\n.flex_column.av-w1dm2a-f9657463978bae5975e4c47f4c389274{\nborder-radius:0px 0px 0px 0px;\npadding:0px 0px 0px 0px;\n}\n<\/style>\n<div  class='flex_column av-w1dm2a-f9657463978bae5975e4c47f4c389274 av_one_fifth  avia-builder-el-38  el_after_av_three_fifth  avia-builder-el-last  flex_column_div av-zero-column-padding  '     ><\/div>\n\n","protected":false},"excerpt":{"rendered":"","protected":false},"author":2,"featured_media":0,"parent":0,"menu_order":0,"comment_status":"closed","ping_status":"closed","template":"","meta":{"_exactmetrics_skip_tracking":false,"_exactmetrics_sitenote_active":false,"_exactmetrics_sitenote_note":"","_exactmetrics_sitenote_category":0,"footnotes":""},"class_list":["post-32370","page","type-page","status-publish","hentry"],"yoast_head":"<!-- This site is optimized with the Yoast SEO plugin v27.5 - https:\/\/yoast.com\/product\/yoast-seo-wordpress\/ -->\n<title>Franz\u00f6sisch Intensivkurs &quot;Bildungsurlaub&quot; | Alphab French school in France<\/title>\n<meta name=\"description\" content=\"Entdecken Sie die Vorteile des Bildungsurlaubs in Deutschland. Profitieren Sie von beruflichen Weiterbildungen und kulturellen Ferien in einem einzigen Aufenthalt.\" \/>\n<meta name=\"robots\" content=\"index, follow, max-snippet:-1, max-image-preview:large, max-video-preview:-1\" \/>\n<link rel=\"canonical\" href=\"https:\/\/www.alpha-b.fr\/de\/franzoesisch-intensivkurs-bildungsurlaub\/\" \/>\n<meta property=\"og:locale\" content=\"de_DE\" \/>\n<meta property=\"og:type\" content=\"article\" \/>\n<meta property=\"og:title\" content=\"Franz\u00f6sisch Intensivkurs &quot;Bildungsurlaub&quot; | Alphab French school in France\" \/>\n<meta property=\"og:description\" content=\"Entdecken Sie die Vorteile des Bildungsurlaubs in Deutschland. Profitieren Sie von beruflichen Weiterbildungen und kulturellen Ferien in einem einzigen Aufenthalt.\" \/>\n<meta property=\"og:url\" content=\"https:\/\/www.alpha-b.fr\/de\/franzoesisch-intensivkurs-bildungsurlaub\/\" \/>\n<meta property=\"og:site_name\" content=\"Alphab French school in France\" \/>\n<meta property=\"article:publisher\" content=\"https:\/\/www.facebook.com\/AlphabCoursDeFrancais\/\" \/>\n<meta property=\"article:modified_time\" content=\"2026-04-03T10:38:42+00:00\" \/>\n<meta name=\"twitter:card\" content=\"summary_large_image\" \/>\n<meta name=\"twitter:site\" content=\"@alphab_Live\" \/>\n<meta name=\"twitter:label1\" content=\"Est. reading time\" \/>\n\t<meta name=\"twitter:data1\" content=\"5 minutes\" \/>\n<script type=\"application\/ld+json\" class=\"yoast-schema-graph\">{\"@context\":\"https:\\\/\\\/schema.org\",\"@graph\":[{\"@type\":\"WebPage\",\"@id\":\"https:\\\/\\\/www.alpha-b.fr\\\/de\\\/franzoesisch-intensivkurs-bildungsurlaub\\\/\",\"url\":\"https:\\\/\\\/www.alpha-b.fr\\\/de\\\/franzoesisch-intensivkurs-bildungsurlaub\\\/\",\"name\":\"Franz\u00f6sisch Intensivkurs \\\"Bildungsurlaub\\\" | Alphab French school in France\",\"isPartOf\":{\"@id\":\"https:\\\/\\\/www.alpha-b.fr\\\/de\\\/#website\"},\"datePublished\":\"2025-01-21T13:18:22+00:00\",\"dateModified\":\"2026-04-03T10:38:42+00:00\",\"description\":\"Entdecken Sie die Vorteile des Bildungsurlaubs in Deutschland. Profitieren Sie von beruflichen Weiterbildungen und kulturellen Ferien in einem einzigen Aufenthalt.\",\"breadcrumb\":{\"@id\":\"https:\\\/\\\/www.alpha-b.fr\\\/de\\\/franzoesisch-intensivkurs-bildungsurlaub\\\/#breadcrumb\"},\"inLanguage\":\"de-DE\",\"potentialAction\":[{\"@type\":\"ReadAction\",\"target\":[\"https:\\\/\\\/www.alpha-b.fr\\\/de\\\/franzoesisch-intensivkurs-bildungsurlaub\\\/\"]}]},{\"@type\":\"BreadcrumbList\",\"@id\":\"https:\\\/\\\/www.alpha-b.fr\\\/de\\\/franzoesisch-intensivkurs-bildungsurlaub\\\/#breadcrumb\",\"itemListElement\":[{\"@type\":\"ListItem\",\"position\":1,\"name\":\"Accueil\",\"item\":\"https:\\\/\\\/www.alpha-b.fr\\\/de\\\/ecole-de-francais\\\/\"},{\"@type\":\"ListItem\",\"position\":2,\"name\":\"Franz\u00f6sisch Intensivkurs \u00ab\u00a0Bildungsurlaub\u00a0\u00bb\"}]},{\"@type\":\"WebSite\",\"@id\":\"https:\\\/\\\/www.alpha-b.fr\\\/de\\\/#website\",\"url\":\"https:\\\/\\\/www.alpha-b.fr\\\/de\\\/\",\"name\":\"Alphab French school in France\",\"description\":\"Le fran\u00e7ais autrement \ud83c\uddeb\ud83c\uddf7\",\"publisher\":{\"@id\":\"https:\\\/\\\/www.alpha-b.fr\\\/de\\\/#organization\"},\"potentialAction\":[{\"@type\":\"SearchAction\",\"target\":{\"@type\":\"EntryPoint\",\"urlTemplate\":\"https:\\\/\\\/www.alpha-b.fr\\\/de\\\/?s={search_term_string}\"},\"query-input\":{\"@type\":\"PropertyValueSpecification\",\"valueRequired\":true,\"valueName\":\"search_term_string\"}}],\"inLanguage\":\"de-DE\"},{\"@type\":\"Organization\",\"@id\":\"https:\\\/\\\/www.alpha-b.fr\\\/de\\\/#organization\",\"name\":\"Institut linguistique alpha-b\",\"url\":\"https:\\\/\\\/www.alpha-b.fr\\\/de\\\/\",\"logo\":{\"@type\":\"ImageObject\",\"inLanguage\":\"de-DE\",\"@id\":\"https:\\\/\\\/www.alpha-b.fr\\\/de\\\/#\\\/schema\\\/logo\\\/image\\\/\",\"url\":\"https:\\\/\\\/www.alpha-b.fr\\\/wp-content\\\/uploads\\\/2017\\\/05\\\/logoalphab.png\",\"contentUrl\":\"https:\\\/\\\/www.alpha-b.fr\\\/wp-content\\\/uploads\\\/2017\\\/05\\\/logoalphab.png\",\"width\":157,\"height\":92,\"caption\":\"Institut linguistique alpha-b\"},\"image\":{\"@id\":\"https:\\\/\\\/www.alpha-b.fr\\\/de\\\/#\\\/schema\\\/logo\\\/image\\\/\"},\"sameAs\":[\"https:\\\/\\\/www.facebook.com\\\/AlphabCoursDeFrancais\\\/\",\"https:\\\/\\\/x.com\\\/alphab_Live\",\"https:\\\/\\\/www.instagram.com\\\/alphabfrenchschool\\\/\",\"https:\\\/\\\/www.tiktok.com\\\/@alphabfrenchschool\"]}]}<\/script>\n<!-- \/ Yoast SEO plugin. -->","yoast_head_json":{"title":"Franz\u00f6sisch Intensivkurs \"Bildungsurlaub\" | Alphab French school in France","description":"Entdecken Sie die Vorteile des Bildungsurlaubs in Deutschland. Profitieren Sie von beruflichen Weiterbildungen und kulturellen Ferien in einem einzigen Aufenthalt.","robots":{"index":"index","follow":"follow","max-snippet":"max-snippet:-1","max-image-preview":"max-image-preview:large","max-video-preview":"max-video-preview:-1"},"canonical":"https:\/\/www.alpha-b.fr\/de\/franzoesisch-intensivkurs-bildungsurlaub\/","og_locale":"de_DE","og_type":"article","og_title":"Franz\u00f6sisch Intensivkurs \"Bildungsurlaub\" | Alphab French school in France","og_description":"Entdecken Sie die Vorteile des Bildungsurlaubs in Deutschland. Profitieren Sie von beruflichen Weiterbildungen und kulturellen Ferien in einem einzigen Aufenthalt.","og_url":"https:\/\/www.alpha-b.fr\/de\/franzoesisch-intensivkurs-bildungsurlaub\/","og_site_name":"Alphab French school in France","article_publisher":"https:\/\/www.facebook.com\/AlphabCoursDeFrancais\/","article_modified_time":"2026-04-03T10:38:42+00:00","twitter_card":"summary_large_image","twitter_site":"@alphab_Live","twitter_misc":{"Est. reading time":"5 minutes"},"schema":{"@context":"https:\/\/schema.org","@graph":[{"@type":"WebPage","@id":"https:\/\/www.alpha-b.fr\/de\/franzoesisch-intensivkurs-bildungsurlaub\/","url":"https:\/\/www.alpha-b.fr\/de\/franzoesisch-intensivkurs-bildungsurlaub\/","name":"Franz\u00f6sisch Intensivkurs \"Bildungsurlaub\" | Alphab French school in France","isPartOf":{"@id":"https:\/\/www.alpha-b.fr\/de\/#website"},"datePublished":"2025-01-21T13:18:22+00:00","dateModified":"2026-04-03T10:38:42+00:00","description":"Entdecken Sie die Vorteile des Bildungsurlaubs in Deutschland. Profitieren Sie von beruflichen Weiterbildungen und kulturellen Ferien in einem einzigen Aufenthalt.","breadcrumb":{"@id":"https:\/\/www.alpha-b.fr\/de\/franzoesisch-intensivkurs-bildungsurlaub\/#breadcrumb"},"inLanguage":"de-DE","potentialAction":[{"@type":"ReadAction","target":["https:\/\/www.alpha-b.fr\/de\/franzoesisch-intensivkurs-bildungsurlaub\/"]}]},{"@type":"BreadcrumbList","@id":"https:\/\/www.alpha-b.fr\/de\/franzoesisch-intensivkurs-bildungsurlaub\/#breadcrumb","itemListElement":[{"@type":"ListItem","position":1,"name":"Accueil","item":"https:\/\/www.alpha-b.fr\/de\/ecole-de-francais\/"},{"@type":"ListItem","position":2,"name":"Franz\u00f6sisch Intensivkurs \u00ab\u00a0Bildungsurlaub\u00a0\u00bb"}]},{"@type":"WebSite","@id":"https:\/\/www.alpha-b.fr\/de\/#website","url":"https:\/\/www.alpha-b.fr\/de\/","name":"Alphab French school in France","description":"Le fran\u00e7ais autrement \ud83c\uddeb\ud83c\uddf7","publisher":{"@id":"https:\/\/www.alpha-b.fr\/de\/#organization"},"potentialAction":[{"@type":"SearchAction","target":{"@type":"EntryPoint","urlTemplate":"https:\/\/www.alpha-b.fr\/de\/?s={search_term_string}"},"query-input":{"@type":"PropertyValueSpecification","valueRequired":true,"valueName":"search_term_string"}}],"inLanguage":"de-DE"},{"@type":"Organization","@id":"https:\/\/www.alpha-b.fr\/de\/#organization","name":"Institut linguistique alpha-b","url":"https:\/\/www.alpha-b.fr\/de\/","logo":{"@type":"ImageObject","inLanguage":"de-DE","@id":"https:\/\/www.alpha-b.fr\/de\/#\/schema\/logo\/image\/","url":"https:\/\/www.alpha-b.fr\/wp-content\/uploads\/2017\/05\/logoalphab.png","contentUrl":"https:\/\/www.alpha-b.fr\/wp-content\/uploads\/2017\/05\/logoalphab.png","width":157,"height":92,"caption":"Institut linguistique alpha-b"},"image":{"@id":"https:\/\/www.alpha-b.fr\/de\/#\/schema\/logo\/image\/"},"sameAs":["https:\/\/www.facebook.com\/AlphabCoursDeFrancais\/","https:\/\/x.com\/alphab_Live","https:\/\/www.instagram.com\/alphabfrenchschool\/","https:\/\/www.tiktok.com\/@alphabfrenchschool"]}]}},"_links":{"self":[{"href":"https:\/\/www.alpha-b.fr\/de\/wp-json\/wp\/v2\/pages\/32370","targetHints":{"allow":["GET"]}}],"collection":[{"href":"https:\/\/www.alpha-b.fr\/de\/wp-json\/wp\/v2\/pages"}],"about":[{"href":"https:\/\/www.alpha-b.fr\/de\/wp-json\/wp\/v2\/types\/page"}],"author":[{"embeddable":true,"href":"https:\/\/www.alpha-b.fr\/de\/wp-json\/wp\/v2\/users\/2"}],"replies":[{"embeddable":true,"href":"https:\/\/www.alpha-b.fr\/de\/wp-json\/wp\/v2\/comments?post=32370"}],"version-history":[{"count":0,"href":"https:\/\/www.alpha-b.fr\/de\/wp-json\/wp\/v2\/pages\/32370\/revisions"}],"wp:attachment":[{"href":"https:\/\/www.alpha-b.fr\/de\/wp-json\/wp\/v2\/media?parent=32370"}],"curies":[{"name":"wp","href":"https:\/\/api.w.org\/{rel}","templated":true}]}}